{"id":2,"date":"2021-11-10T13:37:44","date_gmt":"2021-11-10T12:37:44","guid":{"rendered":"https:\/\/guenther-gruppe.de\/maseratizwei\/?page_id=2"},"modified":"2024-03-08T01:52:43","modified_gmt":"2024-03-08T00:52:43","slug":"events-und-news","status":"publish","type":"page","link":"https:\/\/guenther-gruppe.de\/maserati\/events-und-news\/","title":{"rendered":"Events &#038; News"},"content":{"rendered":"\t\t<div data-elementor-type=\"wp-page\" data-elementor-id=\"2\" class=\"elementor elementor-2\" data-elementor-post-type=\"page\">\n\t\t\t\t\t\t<section class=\"elementor-section elementor-top-section elementor-element elementor-element-ff0666a elementor-section-content-middle elementor-section-full_width elementor-section-stretched elementor-section-height-default elementor-section-height-default\" data-id=\"ff0666a\" data-element_type=\"section\" data-settings=\"{&quot;background_background&quot;:&quot;classic&quot;,&quot;stretch_section&quot;:&quot;section-stretched&quot;}\">\n\t\t\t\t\t\t\t<div class=\"elementor-background-overlay\"><\/div>\n\t\t\t\t\t\t\t<div class=\"elementor-container elementor-column-gap-default\">\n\t\t\t\t\t<div class=\"elementor-column elementor-col-100 elementor-top-column elementor-element elementor-element-ba0e1e0\" data-id=\"ba0e1e0\" data-element_type=\"column\">\n\t\t\t<div class=\"elementor-widget-wrap\">\n\t\t\t\t\t\t\t<\/div>\n\t\t<\/div>\n\t\t\t\t\t<\/div>\n\t\t<\/section>\n\t\t\t\t<section class=\"elementor-section elementor-top-section elementor-element elementor-element-d242d7f elementor-section-full_width elementor-section-stretched elementor-section-height-default elementor-section-height-default\" data-id=\"d242d7f\" data-element_type=\"section\" data-settings=\"{&quot;background_background&quot;:&quot;classic&quot;,&quot;stretch_section&quot;:&quot;section-stretched&quot;}\">\n\t\t\t\t\t\t<div class=\"elementor-container elementor-column-gap-default\">\n\t\t\t\t\t<div class=\"elementor-column elementor-col-100 elementor-top-column elementor-element elementor-element-e204182\" data-id=\"e204182\" data-element_type=\"column\">\n\t\t\t<div class=\"elementor-widget-wrap elementor-element-populated\">\n\t\t\t\t\t\t<div class=\"elementor-element elementor-element-4810b39 elementor-widget elementor-widget-heading\" data-id=\"4810b39\" data-element_type=\"widget\" data-widget_type=\"heading.default\">\n\t\t\t\t<div class=\"elementor-widget-container\">\n\t\t\t\t\t<h2 class=\"elementor-heading-title elementor-size-default\">Events &amp; News<\/h2>\t\t\t\t<\/div>\n\t\t\t\t<\/div>\n\t\t\t\t\t<\/div>\n\t\t<\/div>\n\t\t\t\t\t<\/div>\n\t\t<\/section>\n\t\t\t\t<section class=\"elementor-section elementor-top-section elementor-element elementor-element-093b178 elementor-section-full_width elementor-section-stretched elementor-section-height-default elementor-section-height-default\" data-id=\"093b178\" data-element_type=\"section\" data-settings=\"{&quot;stretch_section&quot;:&quot;section-stretched&quot;,&quot;background_background&quot;:&quot;classic&quot;}\">\n\t\t\t\t\t\t<div class=\"elementor-container elementor-column-gap-default\">\n\t\t\t\t\t<div class=\"elementor-column elementor-col-100 elementor-top-column elementor-element elementor-element-1516911\" data-id=\"1516911\" data-element_type=\"column\">\n\t\t\t<div class=\"elementor-widget-wrap elementor-element-populated\">\n\t\t\t\t\t\t<div class=\"elementor-element elementor-element-5b19c97 elementor-grid-eael-col-3 elementor-grid-tablet-eael-col-2 elementor-grid-mobile-eael-col-1 elementor-widget elementor-widget-eael-post-grid\" data-id=\"5b19c97\" data-element_type=\"widget\" data-settings=\"{&quot;eael_post_grid_columns&quot;:&quot;eael-col-3&quot;,&quot;eael_post_grid_columns_tablet&quot;:&quot;eael-col-2&quot;,&quot;eael_post_grid_columns_mobile&quot;:&quot;eael-col-1&quot;}\" data-widget_type=\"eael-post-grid.default\">\n\t\t\t\t<div class=\"elementor-widget-container\">\n\t\t\t\t\t<div id=\"eael-post-grid-5b19c97\" class=\"eael-post-grid-container\">\n            <div class=\"eael-post-grid eael-post-appender eael-post-appender-5b19c97 eael-post-grid-style-one\" data-layout-mode=\"grid\"><article class=\"eael-grid-post  eael-post-grid-column eael-pg-post-33802 category-aktuell-berlin tags-autohaus-guenther-gmbh-berlin-event-folgore-formula-e-rennen-maserati\" data-id=\"33802\">\n        <div class=\"eael-grid-post-holder\">\n            <div class=\"eael-grid-post-holder-inner\"><div class=\"eael-entry-media\"><div class=\"eael-entry-overlay fade-in\"><i class=\"fas fa-long-arrow-alt-right\" aria-hidden=\"true\"><\/i><a href=\"https:\/\/guenther-gruppe.de\/maserati\/maserati-berlin-watch-party-zum-formula-e-rennen\/\"><\/a><\/div><div class=\"eael-entry-thumbnail \">\n                <img fetchpriority=\"high\" decoding=\"async\" width=\"800\" height=\"600\" src=\"https:\/\/guenther-gruppe.de\/maserati\/wp-content\/uploads\/sites\/10\/2024\/08\/24815-maserati-watch-party.jpg\" class=\"attachment-full size-full wp-image-33826\" alt=\"Silbernes Auto Seitenansicht mit stilvollem Design\" srcset=\"https:\/\/guenther-gruppe.de\/maserati\/wp-content\/uploads\/sites\/10\/2024\/08\/24815-maserati-watch-party.jpg 800w, https:\/\/guenther-gruppe.de\/maserati\/wp-content\/uploads\/sites\/10\/2024\/08\/24815-maserati-watch-party-300x225.jpg 300w, https:\/\/guenther-gruppe.de\/maserati\/wp-content\/uploads\/sites\/10\/2024\/08\/24815-maserati-watch-party-768x576.jpg 768w\" sizes=\"(max-width: 800px) 100vw, 800px\" \/>\n            <\/div>\n        <\/div><div class=\"eael-entry-wrapper\"><header class=\"eael-entry-header\"><h2 class=\"eael-entry-title\"><a class=\"eael-grid-post-link\" href=\"https:\/\/guenther-gruppe.de\/maserati\/maserati-berlin-watch-party-zum-formula-e-rennen\/\" title=\"Maserati Berlin Party Formula E Rennen\">Maserati Berlin Party Formula E Rennen<\/a><\/h2><\/header><div class=\"eael-entry-header-after\"><div class=\"eael-entry-meta\"><\/div><\/div><div class=\"eael-entry-content\">\n                        <div class=\"eael-grid-post-excerpt\"><p>Exklusiver Motorsport und Luxus bei der Maserati Berlin Watch Party: Autohaus G\u00fcnther pr\u00e4sentierte die neuesten Maserati-Modelle, bot Probefahrten und begeisterte...<\/p><a href=\"https:\/\/guenther-gruppe.de\/maserati\/maserati-berlin-watch-party-zum-formula-e-rennen\/\" class=\"eael-post-elements-readmore-btn\">Mehr erfahren<\/a><\/div>\n                    <\/div><\/div><\/div>\n        <\/div>\n    <\/article><article class=\"eael-grid-post  eael-post-grid-column eael-pg-post-32945 category-aktuell-berlin tags-autohaus-guenther-gmbh-berlin-folgore-granturismo-maserati\" data-id=\"32945\">\n        <div class=\"eael-grid-post-holder\">\n            <div class=\"eael-grid-post-holder-inner\"><div class=\"eael-entry-media\"><div class=\"eael-entry-overlay fade-in\"><i class=\"fas fa-long-arrow-alt-right\" aria-hidden=\"true\"><\/i><a href=\"https:\/\/guenther-gruppe.de\/maserati\/maserati-berlin-x-breitling-tuesday\/\"><\/a><\/div><div class=\"eael-entry-thumbnail \">\n                <img decoding=\"async\" width=\"800\" height=\"600\" src=\"https:\/\/guenther-gruppe.de\/maserati\/wp-content\/uploads\/sites\/10\/2023\/10\/maserati1.jpg\" class=\"attachment-full size-full wp-image-33387\" alt=\"Graues Sportauto vor historischem Geb\u00e4ude auf der Stra\u00dfe\" srcset=\"https:\/\/guenther-gruppe.de\/maserati\/wp-content\/uploads\/sites\/10\/2023\/10\/maserati1.jpg 800w, https:\/\/guenther-gruppe.de\/maserati\/wp-content\/uploads\/sites\/10\/2023\/10\/maserati1-300x225.jpg 300w, https:\/\/guenther-gruppe.de\/maserati\/wp-content\/uploads\/sites\/10\/2023\/10\/maserati1-768x576.jpg 768w\" sizes=\"(max-width: 800px) 100vw, 800px\" \/>\n            <\/div>\n        <\/div><div class=\"eael-entry-wrapper\"><header class=\"eael-entry-header\"><h2 class=\"eael-entry-title\"><a class=\"eael-grid-post-link\" href=\"https:\/\/guenther-gruppe.de\/maserati\/maserati-berlin-x-breitling-tuesday\/\" title=\"Maserati Berlin x Breitling Tuesday\">Maserati Berlin x Breitling Tuesday<\/a><\/h2><\/header><div class=\"eael-entry-header-after\"><div class=\"eael-entry-meta\"><\/div><\/div><div class=\"eael-entry-content\">\n                        <div class=\"eael-grid-post-excerpt\"><p>Maserati Berlin & Breitling Tuesday: Der neue Maserati GranTurismo Folgore wurde im Telegraphenamt Berlin enth\u00fcllt.<\/p><a href=\"https:\/\/guenther-gruppe.de\/maserati\/maserati-berlin-x-breitling-tuesday\/\" class=\"eael-post-elements-readmore-btn\">Mehr erfahren<\/a><\/div>\n                    <\/div><\/div><\/div>\n        <\/div>\n    <\/article><article class=\"eael-grid-post  eael-post-grid-column eael-pg-post-32971 category-aktuell-frankfurt tags-9-maserati-day-2023-autohaus-guenther-gmbh-gf-domenico-la-marte-klassikstadt-maserati-maserati-day-maserati-deutschland-oldtimer\" data-id=\"32971\">\n        <div class=\"eael-grid-post-holder\">\n            <div class=\"eael-grid-post-holder-inner\"><div class=\"eael-entry-media\"><div class=\"eael-entry-overlay fade-in\"><i class=\"fas fa-long-arrow-alt-right\" aria-hidden=\"true\"><\/i><a href=\"https:\/\/guenther-gruppe.de\/maserati\/9-maserati-day-2023\/\"><\/a><\/div><div class=\"eael-entry-thumbnail \">\n                <img decoding=\"async\" width=\"800\" height=\"600\" src=\"https:\/\/guenther-gruppe.de\/maserati\/wp-content\/uploads\/sites\/10\/2023\/07\/maserati-day.jpg\" class=\"attachment-full size-full wp-image-33389\" alt=\"Gruppe von f\u00fcnf Personen posiert mit Sportwagen bei Event\" srcset=\"https:\/\/guenther-gruppe.de\/maserati\/wp-content\/uploads\/sites\/10\/2023\/07\/maserati-day.jpg 800w, https:\/\/guenther-gruppe.de\/maserati\/wp-content\/uploads\/sites\/10\/2023\/07\/maserati-day-300x225.jpg 300w, https:\/\/guenther-gruppe.de\/maserati\/wp-content\/uploads\/sites\/10\/2023\/07\/maserati-day-768x576.jpg 768w\" sizes=\"(max-width: 800px) 100vw, 800px\" \/>\n            <\/div>\n        <\/div><div class=\"eael-entry-wrapper\"><header class=\"eael-entry-header\"><h2 class=\"eael-entry-title\"><a class=\"eael-grid-post-link\" href=\"https:\/\/guenther-gruppe.de\/maserati\/9-maserati-day-2023\/\" title=\"9. Maserati Day 2023\">9. Maserati Day 2023<\/a><\/h2><\/header><div class=\"eael-entry-header-after\"><div class=\"eael-entry-meta\"><\/div><\/div><div class=\"eael-entry-content\">\n                        <div class=\"eael-grid-post-excerpt\"><p>Ausfahrt zum Maserati Day 2023. Am 9. Maserati Day sind wir mit 30 Personen mit verschiedenen Maseratis und Oldtimern ausgefahren.<\/p><a href=\"https:\/\/guenther-gruppe.de\/maserati\/9-maserati-day-2023\/\" class=\"eael-post-elements-readmore-btn\">Mehr erfahren<\/a><\/div>\n                    <\/div><\/div><\/div>\n        <\/div>\n    <\/article><article class=\"eael-grid-post  eael-post-grid-column eael-pg-post-10028 category-aktuell-frankfurt tags-autohaus-guenther-frankfurt-summer-garden-2022\" data-id=\"10028\">\n        <div class=\"eael-grid-post-holder\">\n            <div class=\"eael-grid-post-holder-inner\"><div class=\"eael-entry-media\"><div class=\"eael-entry-overlay fade-in\"><i class=\"fas fa-long-arrow-alt-right\" aria-hidden=\"true\"><\/i><a href=\"https:\/\/guenther-gruppe.de\/maserati\/the-frankfurter-summer-garden-2022\/\"><\/a><\/div><div class=\"eael-entry-thumbnail \">\n                <img loading=\"lazy\" decoding=\"async\" width=\"800\" height=\"600\" src=\"https:\/\/guenther-gruppe.de\/maserati\/wp-content\/uploads\/sites\/10\/2022\/10\/IMG_6993-1.jpg\" class=\"attachment-full size-full wp-image-10214\" alt=\"Luxuri\u00f6ser schwarzer Sportwagen Maserati MC20 im Freien\" srcset=\"https:\/\/guenther-gruppe.de\/maserati\/wp-content\/uploads\/sites\/10\/2022\/10\/IMG_6993-1.jpg 800w, https:\/\/guenther-gruppe.de\/maserati\/wp-content\/uploads\/sites\/10\/2022\/10\/IMG_6993-1-300x225.jpg 300w, https:\/\/guenther-gruppe.de\/maserati\/wp-content\/uploads\/sites\/10\/2022\/10\/IMG_6993-1-768x576.jpg 768w\" sizes=\"(max-width: 800px) 100vw, 800px\" \/>\n            <\/div>\n        <\/div><div class=\"eael-entry-wrapper\"><header class=\"eael-entry-header\"><h2 class=\"eael-entry-title\"><a class=\"eael-grid-post-link\" href=\"https:\/\/guenther-gruppe.de\/maserati\/the-frankfurter-summer-garden-2022\/\" title=\"THE FRANKFURTER Summer Garden 2022\">THE FRANKFURTER Summer Garden 2022<\/a><\/h2><\/header><div class=\"eael-entry-header-after\"><div class=\"eael-entry-meta\"><\/div><\/div><div class=\"eael-entry-content\">\n                        <div class=\"eael-grid-post-excerpt\"><p>THE FRANKFURTER Summer Garden 2022: Ein ganz besonderes Sommerfest mit interssanten Menschen und tollen Maseratis von Autohaus G\u00fcnther.<\/p><a href=\"https:\/\/guenther-gruppe.de\/maserati\/the-frankfurter-summer-garden-2022\/\" class=\"eael-post-elements-readmore-btn\">Mehr erfahren<\/a><\/div>\n                    <\/div><\/div><\/div>\n        <\/div>\n    <\/article><article class=\"eael-grid-post  eael-post-grid-column eael-pg-post-10381 category-aktuell-frankfurt tags-8-maserati-day-2022-autohaus-guenther-gmbh-gf-domenico-la-marte-klassikstadt-maserati-maserati-day-maserati-deutschland-oldtimer\" data-id=\"10381\">\n        <div class=\"eael-grid-post-holder\">\n            <div class=\"eael-grid-post-holder-inner\"><div class=\"eael-entry-media\"><div class=\"eael-entry-overlay fade-in\"><i class=\"fas fa-long-arrow-alt-right\" aria-hidden=\"true\"><\/i><a href=\"https:\/\/guenther-gruppe.de\/maserati\/8-maserati-day-2022\/\"><\/a><\/div><div class=\"eael-entry-thumbnail \">\n                <img loading=\"lazy\" decoding=\"async\" width=\"800\" height=\"600\" src=\"https:\/\/guenther-gruppe.de\/maserati\/wp-content\/uploads\/sites\/10\/2022\/07\/DSC06846.jpg\" class=\"attachment-full size-full wp-image-10405\" alt=\"8. Maserati Day 2022\" srcset=\"https:\/\/guenther-gruppe.de\/maserati\/wp-content\/uploads\/sites\/10\/2022\/07\/DSC06846.jpg 800w, https:\/\/guenther-gruppe.de\/maserati\/wp-content\/uploads\/sites\/10\/2022\/07\/DSC06846-300x225.jpg 300w, https:\/\/guenther-gruppe.de\/maserati\/wp-content\/uploads\/sites\/10\/2022\/07\/DSC06846-768x576.jpg 768w\" sizes=\"(max-width: 800px) 100vw, 800px\" \/>\n            <\/div>\n        <\/div><div class=\"eael-entry-wrapper\"><header class=\"eael-entry-header\"><h2 class=\"eael-entry-title\"><a class=\"eael-grid-post-link\" href=\"https:\/\/guenther-gruppe.de\/maserati\/8-maserati-day-2022\/\" title=\"8. Maserati Day 2022\">8. Maserati Day 2022<\/a><\/h2><\/header><div class=\"eael-entry-header-after\"><div class=\"eael-entry-meta\"><\/div><\/div><div class=\"eael-entry-content\">\n                        <div class=\"eael-grid-post-excerpt\"><p>Ausfahrt zum Maserati Day 2022. Am 30. Juli 2022 sind wir mit 30 Personen mit verschiedenen Maseratis und Oldtimern ausgefahren.<\/p><a href=\"https:\/\/guenther-gruppe.de\/maserati\/8-maserati-day-2022\/\" class=\"eael-post-elements-readmore-btn\">Mehr erfahren<\/a><\/div>\n                    <\/div><\/div><\/div>\n        <\/div>\n    <\/article><article class=\"eael-grid-post  eael-post-grid-column eael-pg-post-10408 category-aktuell-hamburg tags-autohaus-guenther-autohaus-guenther-gmbh-delingsdorf-erdbeerhof-glantz-glantz-hoffest-hoffest-2022-maserati-ponyreiten-popcorn-maschine-sommerfest-springreitturnier-vip\" data-id=\"10408\">\n        <div class=\"eael-grid-post-holder\">\n            <div class=\"eael-grid-post-holder-inner\"><div class=\"eael-entry-media\"><div class=\"eael-entry-overlay fade-in\"><i class=\"fas fa-long-arrow-alt-right\" aria-hidden=\"true\"><\/i><a href=\"https:\/\/guenther-gruppe.de\/maserati\/erdbeerhof-glantz-hoffest-2022\/\"><\/a><\/div><div class=\"eael-entry-thumbnail \">\n                <img loading=\"lazy\" decoding=\"async\" width=\"800\" height=\"600\" src=\"https:\/\/guenther-gruppe.de\/maserati\/wp-content\/uploads\/sites\/10\/2022\/07\/DSC00585-header-blogbeitrag.jpg\" class=\"attachment-full size-full wp-image-10530\" alt=\"Turnierreiten Erdbeerhof Glantz\" srcset=\"https:\/\/guenther-gruppe.de\/maserati\/wp-content\/uploads\/sites\/10\/2022\/07\/DSC00585-header-blogbeitrag.jpg 800w, https:\/\/guenther-gruppe.de\/maserati\/wp-content\/uploads\/sites\/10\/2022\/07\/DSC00585-header-blogbeitrag-300x225.jpg 300w, https:\/\/guenther-gruppe.de\/maserati\/wp-content\/uploads\/sites\/10\/2022\/07\/DSC00585-header-blogbeitrag-768x576.jpg 768w\" sizes=\"(max-width: 800px) 100vw, 800px\" \/>\n            <\/div>\n        <\/div><div class=\"eael-entry-wrapper\"><header class=\"eael-entry-header\"><h2 class=\"eael-entry-title\"><a class=\"eael-grid-post-link\" href=\"https:\/\/guenther-gruppe.de\/maserati\/erdbeerhof-glantz-hoffest-2022\/\" title=\"Glantz Hoffest &#038; Springreitturnier\">Glantz Hoffest &#038; Springreitturnier<\/a><\/h2><\/header><div class=\"eael-entry-header-after\"><div class=\"eael-entry-meta\"><\/div><\/div><div class=\"eael-entry-content\">\n                        <div class=\"eael-grid-post-excerpt\"><p>Am 30. und 31. Juli 2022 fand das Glantz Hoffest & Springreitturnier in Dehlingsdorf statt. Autohaus G\u00fcnther k\u00fcmmerte sich um...<\/p><a href=\"https:\/\/guenther-gruppe.de\/maserati\/erdbeerhof-glantz-hoffest-2022\/\" class=\"eael-post-elements-readmore-btn\">Mehr erfahren<\/a><\/div>\n                    <\/div><\/div><\/div>\n        <\/div>\n    <\/article><article class=\"eael-grid-post  eael-post-grid-column eael-pg-post-10253 category-aktuell-frankfurt tags-8-maserati-day-2022-ausfahrt-autohaus-guenther-gmbh-gf-domenico-la-marte-klassikstadt-maserati-maserati-day-maserati-deutschland-oldtimer-tradiotionelle-ausfahrt\" data-id=\"10253\">\n        <div class=\"eael-grid-post-holder\">\n            <div class=\"eael-grid-post-holder-inner\"><div class=\"eael-entry-media\"><div class=\"eael-entry-overlay fade-in\"><i class=\"fas fa-long-arrow-alt-right\" aria-hidden=\"true\"><\/i><a href=\"https:\/\/guenther-gruppe.de\/maserati\/traditionelle-ausfahrt-zum-8-maserati-day-2022\/\"><\/a><\/div><div class=\"eael-entry-thumbnail \">\n                <img loading=\"lazy\" decoding=\"async\" width=\"800\" height=\"600\" src=\"https:\/\/guenther-gruppe.de\/maserati\/wp-content\/uploads\/sites\/10\/2022\/10\/IMG_8889-t-blog.jpg\" class=\"attachment-full size-full wp-image-10275\" alt=\"Traditionelle Ausfahrt zum Maserati Day 2022\" srcset=\"https:\/\/guenther-gruppe.de\/maserati\/wp-content\/uploads\/sites\/10\/2022\/10\/IMG_8889-t-blog.jpg 800w, https:\/\/guenther-gruppe.de\/maserati\/wp-content\/uploads\/sites\/10\/2022\/10\/IMG_8889-t-blog-300x225.jpg 300w, https:\/\/guenther-gruppe.de\/maserati\/wp-content\/uploads\/sites\/10\/2022\/10\/IMG_8889-t-blog-768x576.jpg 768w\" sizes=\"(max-width: 800px) 100vw, 800px\" \/>\n            <\/div>\n        <\/div><div class=\"eael-entry-wrapper\"><header class=\"eael-entry-header\"><h2 class=\"eael-entry-title\"><a class=\"eael-grid-post-link\" href=\"https:\/\/guenther-gruppe.de\/maserati\/traditionelle-ausfahrt-zum-8-maserati-day-2022\/\" title=\"Traditionelle Ausfahrt zum 8. Maserati Day 2022\">Traditionelle Ausfahrt zum 8. Maserati Day 2022<\/a><\/h2><\/header><div class=\"eael-entry-header-after\"><div class=\"eael-entry-meta\"><\/div><\/div><div class=\"eael-entry-content\">\n                        <div class=\"eael-grid-post-excerpt\"><p>Ausfahrt zum Maserati Day 2022. Am 30. Juli 2022 sind wir mit 30 Personen mit verschiedenen Maseratis und Oldtimern ausgefahren.<\/p><a href=\"https:\/\/guenther-gruppe.de\/maserati\/traditionelle-ausfahrt-zum-8-maserati-day-2022\/\" class=\"eael-post-elements-readmore-btn\">Mehr erfahren<\/a><\/div>\n                    <\/div><\/div><\/div>\n        <\/div>\n    <\/article><article class=\"eael-grid-post  eael-post-grid-column eael-pg-post-6353 category-aktuell-hamburg tags-autohaus-guenther-gmbh-derby-meeting-2022-fecht-em-horner-rennbahn\" data-id=\"6353\">\n        <div class=\"eael-grid-post-holder\">\n            <div class=\"eael-grid-post-holder-inner\"><div class=\"eael-entry-media\"><div class=\"eael-entry-overlay fade-in\"><i class=\"fas fa-long-arrow-alt-right\" aria-hidden=\"true\"><\/i><a href=\"https:\/\/guenther-gruppe.de\/maserati\/derby-meeting-2022\/\"><\/a><\/div><div class=\"eael-entry-thumbnail \">\n                <img loading=\"lazy\" decoding=\"async\" width=\"800\" height=\"600\" src=\"https:\/\/guenther-gruppe.de\/maserati\/wp-content\/uploads\/sites\/10\/2022\/07\/36b6c394-4e69-490e-bd93-681dffa1d0b3.jpg\" class=\"attachment-full size-full wp-image-9777\" alt=\"Maserati beim Derby-Meeting 2022\" srcset=\"https:\/\/guenther-gruppe.de\/maserati\/wp-content\/uploads\/sites\/10\/2022\/07\/36b6c394-4e69-490e-bd93-681dffa1d0b3.jpg 800w, https:\/\/guenther-gruppe.de\/maserati\/wp-content\/uploads\/sites\/10\/2022\/07\/36b6c394-4e69-490e-bd93-681dffa1d0b3-300x225.jpg 300w, https:\/\/guenther-gruppe.de\/maserati\/wp-content\/uploads\/sites\/10\/2022\/07\/36b6c394-4e69-490e-bd93-681dffa1d0b3-768x576.jpg 768w\" sizes=\"(max-width: 800px) 100vw, 800px\" \/>\n            <\/div>\n        <\/div><div class=\"eael-entry-wrapper\"><header class=\"eael-entry-header\"><h2 class=\"eael-entry-title\"><a class=\"eael-grid-post-link\" href=\"https:\/\/guenther-gruppe.de\/maserati\/derby-meeting-2022\/\" title=\"Derby-Meeting 2022\">Derby-Meeting 2022<\/a><\/h2><\/header><div class=\"eael-entry-header-after\"><div class=\"eael-entry-meta\"><\/div><\/div><div class=\"eael-entry-content\">\n                        <div class=\"eael-grid-post-excerpt\"><p>Derby-Meeting 2022 Anfang Juli in Hamburg auf der Horner Rennbahn. Autohaus G\u00fcnther gl\u00e4nzte mit dem Maserati Ghibli und dem Maserati...<\/p><a href=\"https:\/\/guenther-gruppe.de\/maserati\/derby-meeting-2022\/\" class=\"eael-post-elements-readmore-btn\">Mehr erfahren<\/a><\/div>\n                    <\/div><\/div><\/div>\n        <\/div>\n    <\/article><article class=\"eael-grid-post  eael-post-grid-column eael-pg-post-6342 category-aktuell-hamburg tags-autohaus-guenther-gmbh-eissporthalle-europameisterschaften-fecht-em-fechtarena-fechten-maserati-maserati-ghibli-maserati-levante\" data-id=\"6342\">\n        <div class=\"eael-grid-post-holder\">\n            <div class=\"eael-grid-post-holder-inner\"><div class=\"eael-entry-media\"><div class=\"eael-entry-overlay fade-in\"><i class=\"fas fa-long-arrow-alt-right\" aria-hidden=\"true\"><\/i><a href=\"https:\/\/guenther-gruppe.de\/maserati\/fecht-em-in-hamburg\/\"><\/a><\/div><div class=\"eael-entry-thumbnail \">\n                <img loading=\"lazy\" decoding=\"async\" width=\"800\" height=\"600\" src=\"https:\/\/guenther-gruppe.de\/maserati\/wp-content\/uploads\/sites\/10\/2022\/05\/IMG_4412-beitragsild.jpg\" class=\"attachment-full size-full wp-image-9763\" alt=\"Maserati der Fecht-EM in Hamburg 2022\" srcset=\"https:\/\/guenther-gruppe.de\/maserati\/wp-content\/uploads\/sites\/10\/2022\/05\/IMG_4412-beitragsild.jpg 800w, https:\/\/guenther-gruppe.de\/maserati\/wp-content\/uploads\/sites\/10\/2022\/05\/IMG_4412-beitragsild-300x225.jpg 300w, https:\/\/guenther-gruppe.de\/maserati\/wp-content\/uploads\/sites\/10\/2022\/05\/IMG_4412-beitragsild-768x576.jpg 768w\" sizes=\"(max-width: 800px) 100vw, 800px\" \/>\n            <\/div>\n        <\/div><div class=\"eael-entry-wrapper\"><header class=\"eael-entry-header\"><h2 class=\"eael-entry-title\"><a class=\"eael-grid-post-link\" href=\"https:\/\/guenther-gruppe.de\/maserati\/fecht-em-in-hamburg\/\" title=\"Fecht-EM in Hamburg 2022\">Fecht-EM in Hamburg 2022<\/a><\/h2><\/header><div class=\"eael-entry-header-after\"><div class=\"eael-entry-meta\"><\/div><\/div><div class=\"eael-entry-content\">\n                        <div class=\"eael-grid-post-excerpt\"><p>Am 29. Mai 2022 fanden die Europameisterschaften im Fechten statt und Autohaus G\u00fcnther durfte live dabei sein. Die Eissporthalle wurde...<\/p><a href=\"https:\/\/guenther-gruppe.de\/maserati\/fecht-em-in-hamburg\/\" class=\"eael-post-elements-readmore-btn\">Mehr erfahren<\/a><\/div>\n                    <\/div><\/div><\/div>\n        <\/div>\n    <\/article><article class=\"eael-grid-post  eael-post-grid-column eael-pg-post-9662 category-aktuell-frankfurt tags-angebot-ausstellung-autohaus-guenther-gmbh-frankfurt-frankfurter-automobilausstellung-maserati-maserati-ghibli-maserati-grecale-maserati-levante-maserati-levante-hybrid\" data-id=\"9662\">\n        <div class=\"eael-grid-post-holder\">\n            <div class=\"eael-grid-post-holder-inner\"><div class=\"eael-entry-media\"><div class=\"eael-entry-overlay fade-in\"><i class=\"fas fa-long-arrow-alt-right\" aria-hidden=\"true\"><\/i><a href=\"https:\/\/guenther-gruppe.de\/maserati\/frankfurter-automobilausstellung-2022\/\"><\/a><\/div><div class=\"eael-entry-thumbnail \">\n                <img loading=\"lazy\" decoding=\"async\" width=\"800\" height=\"600\" src=\"https:\/\/guenther-gruppe.de\/maserati\/wp-content\/uploads\/sites\/10\/2022\/10\/IMG_4378.jpg\" class=\"attachment-full size-full wp-image-9751\" alt=\"Frankfurter Automobilausstellung 2022\" srcset=\"https:\/\/guenther-gruppe.de\/maserati\/wp-content\/uploads\/sites\/10\/2022\/10\/IMG_4378.jpg 800w, https:\/\/guenther-gruppe.de\/maserati\/wp-content\/uploads\/sites\/10\/2022\/10\/IMG_4378-300x225.jpg 300w, https:\/\/guenther-gruppe.de\/maserati\/wp-content\/uploads\/sites\/10\/2022\/10\/IMG_4378-768x576.jpg 768w\" sizes=\"(max-width: 800px) 100vw, 800px\" \/>\n            <\/div>\n        <\/div><div class=\"eael-entry-wrapper\"><header class=\"eael-entry-header\"><h2 class=\"eael-entry-title\"><a class=\"eael-grid-post-link\" href=\"https:\/\/guenther-gruppe.de\/maserati\/frankfurter-automobilausstellung-2022\/\" title=\"Frankfurter Automobilausstellung 2022\">Frankfurter Automobilausstellung 2022<\/a><\/h2><\/header><div class=\"eael-entry-header-after\"><div class=\"eael-entry-meta\"><\/div><\/div><div class=\"eael-entry-content\">\n                        <div class=\"eael-grid-post-excerpt\"><p>Am 22. Mai 2022 fand die Frankfurter Automobilausstellung bei strahlendem Sonnenschein statt. Autohaus G\u00fcnther war mit gleich drei beliebten Maserati...<\/p><a href=\"https:\/\/guenther-gruppe.de\/maserati\/frankfurter-automobilausstellung-2022\/\" class=\"eael-post-elements-readmore-btn\">Mehr erfahren<\/a><\/div>\n                    <\/div><\/div><\/div>\n        <\/div>\n    <\/article><article class=\"eael-grid-post  eael-post-grid-column eael-pg-post-9468 category-aktuell-frankfurt tags-autohaus-guenther-gmbh-charity-gala-hotel-kempinski-gravenbruch-leberecht-stiftung-maserati-mc20-supersportwagen\" data-id=\"9468\">\n        <div class=\"eael-grid-post-holder\">\n            <div class=\"eael-grid-post-holder-inner\"><div class=\"eael-entry-media\"><div class=\"eael-entry-overlay fade-in\"><i class=\"fas fa-long-arrow-alt-right\" aria-hidden=\"true\"><\/i><a href=\"https:\/\/guenther-gruppe.de\/maserati\/kleider-machen-leute-charity-gala\/\"><\/a><\/div><div class=\"eael-entry-thumbnail \">\n                <img loading=\"lazy\" decoding=\"async\" width=\"800\" height=\"600\" src=\"https:\/\/guenther-gruppe.de\/maserati\/wp-content\/uploads\/sites\/10\/2022\/04\/22106_Maserati-gala-beitragsbild.jpg\" class=\"attachment-full size-full wp-image-9606\" alt=\"Maserati Event &quot;Kleider machen Leute - Charity Gala&quot;\" srcset=\"https:\/\/guenther-gruppe.de\/maserati\/wp-content\/uploads\/sites\/10\/2022\/04\/22106_Maserati-gala-beitragsbild.jpg 800w, https:\/\/guenther-gruppe.de\/maserati\/wp-content\/uploads\/sites\/10\/2022\/04\/22106_Maserati-gala-beitragsbild-300x225.jpg 300w, https:\/\/guenther-gruppe.de\/maserati\/wp-content\/uploads\/sites\/10\/2022\/04\/22106_Maserati-gala-beitragsbild-768x576.jpg 768w\" sizes=\"(max-width: 800px) 100vw, 800px\" \/>\n            <\/div>\n        <\/div><div class=\"eael-entry-wrapper\"><header class=\"eael-entry-header\"><h2 class=\"eael-entry-title\"><a class=\"eael-grid-post-link\" href=\"https:\/\/guenther-gruppe.de\/maserati\/kleider-machen-leute-charity-gala\/\" title=\"Kleider machen Leute &#8211; Charity Gala\">Kleider machen Leute &#8211; Charity Gala<\/a><\/h2><\/header><div class=\"eael-entry-header-after\"><div class=\"eael-entry-meta\"><\/div><\/div><div class=\"eael-entry-content\">\n                        <div class=\"eael-grid-post-excerpt\"><p>Am 2. April fand die Charity-Gala im hotel Kempinski Gravenbruch in Frankfurt statt. Autohaus G\u00fcnther war dabei.<\/p><a href=\"https:\/\/guenther-gruppe.de\/maserati\/kleider-machen-leute-charity-gala\/\" class=\"eael-post-elements-readmore-btn\">Mehr erfahren<\/a><\/div>\n                    <\/div><\/div><\/div>\n        <\/div>\n    <\/article><article class=\"eael-grid-post  eael-post-grid-column eael-pg-post-2978 category-aktuell-berlin tags-autohaus-guenther-gmbh-berlin-italien-summer-night-maserati-maserati-mc20-mc20-volume-2\" data-id=\"2978\">\n        <div class=\"eael-grid-post-holder\">\n            <div class=\"eael-grid-post-holder-inner\"><div class=\"eael-entry-media\"><div class=\"eael-entry-overlay fade-in\"><i class=\"fas fa-long-arrow-alt-right\" aria-hidden=\"true\"><\/i><a href=\"https:\/\/guenther-gruppe.de\/maserati\/italien-summer-night-vol-2-in-berlin\/\"><\/a><\/div><div class=\"eael-entry-thumbnail \">\n                <img loading=\"lazy\" decoding=\"async\" width=\"800\" height=\"600\" src=\"https:\/\/guenther-gruppe.de\/maserati\/wp-content\/uploads\/sites\/10\/2022\/06\/italien-summer-beitragsbild1.jpg\" class=\"attachment-full size-full wp-image-3006\" alt=\"Maserati in Berlin - Event &quot;Italien Summer Night Vol. 2 in Berlin&quot;\" srcset=\"https:\/\/guenther-gruppe.de\/maserati\/wp-content\/uploads\/sites\/10\/2022\/06\/italien-summer-beitragsbild1.jpg 800w, https:\/\/guenther-gruppe.de\/maserati\/wp-content\/uploads\/sites\/10\/2022\/06\/italien-summer-beitragsbild1-300x225.jpg 300w, https:\/\/guenther-gruppe.de\/maserati\/wp-content\/uploads\/sites\/10\/2022\/06\/italien-summer-beitragsbild1-768x576.jpg 768w\" sizes=\"(max-width: 800px) 100vw, 800px\" \/>\n            <\/div>\n        <\/div><div class=\"eael-entry-wrapper\"><header class=\"eael-entry-header\"><h2 class=\"eael-entry-title\"><a class=\"eael-grid-post-link\" href=\"https:\/\/guenther-gruppe.de\/maserati\/italien-summer-night-vol-2-in-berlin\/\" title=\"Italien Summer Night Vol 2.\">Italien Summer Night Vol 2.<\/a><\/h2><\/header><div class=\"eael-entry-header-after\"><div class=\"eael-entry-meta\"><\/div><\/div><div class=\"eael-entry-content\">\n                        <div class=\"eael-grid-post-excerpt\"><p>Die Italian Summer Night Vol. 2 in Berlin wurde wieder ein unvergessliches Erlebnis mit Vorstellung des neuen Maserati MC20.<\/p><a href=\"https:\/\/guenther-gruppe.de\/maserati\/italien-summer-night-vol-2-in-berlin\/\" class=\"eael-post-elements-readmore-btn\">Mehr erfahren<\/a><\/div>\n                    <\/div><\/div><\/div>\n        <\/div>\n    <\/article><\/div>\n            <div class=\"clearfix\"><\/div>\n        <\/div>            <div class=\"eael-load-more-button-wrap\">\n                <button class=\"eael-load-more-button\" id=\"eael-load-more-btn-5b19c97\" data-widget-id=\"5b19c97\" data-widget=\"5b19c97\" data-page-id=\"2\" data-template=\"{&quot;dir&quot;:&quot;lite&quot;,&quot;file_name&quot;:&quot;one.php&quot;,&quot;name&quot;:&quot;Post-Grid&quot;}\" data-class=\"Essential_Addons_Elementor\\Elements\\Post_Grid\" data-layout=\"grid\" data-page=\"1\" data-args=\"orderby=date&amp;order=desc&amp;ignore_sticky_posts=1&amp;post_status=publish&amp;posts_per_page=12&amp;offset=0&amp;post_type=post&amp;tax_query%5B0%5D%5Btaxonomy%5D=category&amp;tax_query%5B0%5D%5Bfield%5D=term_id&amp;tax_query%5B0%5D%5Bterms%5D%5B0%5D=28&amp;tax_query%5Brelation%5D=AND\" data-max-page=\"2\">\n                    <span class=\"eael-btn-loader button__loader\"><\/span>\n                    <span class=\"eael_load_more_text\">Mehr Blogbeitr\u00e4ge anzeigen<\/span>\n                <\/button>\n            <\/div>\n            \t\t\t\t<\/div>\n\t\t\t\t<\/div>\n\t\t\t\t\t<\/div>\n\t\t<\/div>\n\t\t\t\t\t<\/div>\n\t\t<\/section>\n\t\t\t\t<\/div>\n\t\t","protected":false},"excerpt":{"rendered":"<p>Events &amp; News Maserati Berlin x Breitling Tuesday Maserati Berlin &#038; Breitling Tuesday: Der neue Maserati GranTurismo Folgore wurde im Telegraphenamt Berlin enth\u00fcllt. Mehr erfahren 9. Maserati Day 2023 Ausfahrt zum Maserati Day 2023. Am 9. Maserati Day sind wir mit 30 Personen mit verschiedenen Maseratis und Oldtimern ausgefahren. Mehr erfahren THE FRANKFURTER Summer Garden [&hellip;]<\/p>\n","protected":false},"author":9,"featured_media":0,"parent":0,"menu_order":0,"comment_status":"closed","ping_status":"open","template":"","meta":{"_acf_changed":false,"site-sidebar-layout":"default","site-content-layout":"default","ast-site-content-layout":"default","site-content-style":"default","site-sidebar-style":"default","ast-global-header-display":"","ast-banner-title-visibility":"","ast-main-header-display":"","ast-hfb-above-header-display":"","ast-hfb-below-header-display":"","ast-hfb-mobile-header-display":"","site-post-title":"disabled","ast-breadcrumbs-content":"","ast-featured-img":"","footer-sml-layout":"","theme-transparent-header-meta":"default","adv-header-id-meta":"","stick-header-meta":"","header-above-stick-meta":"","header-main-stick-meta":"","header-below-stick-meta":"","astra-migrate-meta-layouts":"default","ast-page-background-enabled":"default","ast-page-background-meta":{"desktop":{"background-color":"","background-image":"","background-repeat":"repeat","background-position":"center center","background-size":"auto","background-attachment":"scroll","background-type":"","background-media":"","overlay-type":"","overlay-color":"","overlay-opacity":"","overlay-gradient":""},"tablet":{"background-color":"","background-image":"","background-repeat":"repeat","background-position":"center center","background-size":"auto","background-attachment":"scroll","background-type":"","background-media":"","overlay-type":"","overlay-color":"","overlay-opacity":"","overlay-gradient":""},"mobile":{"background-color":"","background-image":"","background-repeat":"repeat","background-position":"center center","background-size":"auto","background-attachment":"scroll","background-type":"","background-media":"","overlay-type":"","overlay-color":"","overlay-opacity":"","overlay-gradient":""}},"ast-content-background-meta":{"desktop":{"background-color":"var(--ast-global-color-5)","background-image":"","background-repeat":"repeat","background-position":"center center","background-size":"auto","background-attachment":"scroll","background-type":"","background-media":"","overlay-type":"","overlay-color":"","overlay-opacity":"","overlay-gradient":""},"tablet":{"background-color":"var(--ast-global-color-5)","background-image":"","background-repeat":"repeat","background-position":"center center","background-size":"auto","background-attachment":"scroll","background-type":"","background-media":"","overlay-type":"","overlay-color":"","overlay-opacity":"","overlay-gradient":""},"mobile":{"background-color":"var(--ast-global-color-5)","background-image":"","background-repeat":"repeat","background-position":"center center","background-size":"auto","background-attachment":"scroll","background-type":"","background-media":"","overlay-type":"","overlay-color":"","overlay-opacity":"","overlay-gradient":""}},"footnotes":""},"class_list":["post-2","page","type-page","status-publish","hentry"],"acf":[],"yoast_head":"<!-- This site is optimized with the Yoast SEO plugin v26.5 - https:\/\/yoast.com\/wordpress\/plugins\/seo\/ -->\n<title>Events &amp; News - Autohaus G\u00fcnther GmbH - Maserati Vertragsh\u00e4ndler<\/title>\n<meta name=\"robots\" content=\"index, follow, max-snippet:-1, max-image-preview:large, max-video-preview:-1\" \/>\n<link rel=\"canonical\" href=\"https:\/\/guenther-gruppe.de\/maserati\/events-und-news\/\" \/>\n<meta property=\"og:locale\" content=\"de_DE\" \/>\n<meta property=\"og:type\" content=\"article\" \/>\n<meta property=\"og:title\" content=\"Events &amp; News - Autohaus G\u00fcnther GmbH - Maserati Vertragsh\u00e4ndler\" \/>\n<meta property=\"og:description\" content=\"Events &amp; News Maserati Berlin x Breitling Tuesday Maserati Berlin &#038; Breitling Tuesday: Der neue Maserati GranTurismo Folgore wurde im Telegraphenamt Berlin enth\u00fcllt. Mehr erfahren 9. Maserati Day 2023 Ausfahrt zum Maserati Day 2023. Am 9. Maserati Day sind wir mit 30 Personen mit verschiedenen Maseratis und Oldtimern ausgefahren. Mehr erfahren THE FRANKFURTER Summer Garden [&hellip;]\" \/>\n<meta property=\"og:url\" content=\"https:\/\/guenther-gruppe.de\/maserati\/events-und-news\/\" \/>\n<meta property=\"og:site_name\" content=\"Autohaus G\u00fcnther GmbH - Maserati Vertragsh\u00e4ndler\" \/>\n<meta property=\"article:modified_time\" content=\"2024-03-08T00:52:43+00:00\" \/>\n<meta property=\"og:image\" content=\"https:\/\/guenther-gruppe.de\/maserati\/wp-content\/uploads\/sites\/10\/2023\/10\/maserati1.jpg\" \/>\n<meta name=\"twitter:card\" content=\"summary_large_image\" \/>\n<meta name=\"twitter:label1\" content=\"Gesch\u00e4tzte Lesezeit\" \/>\n\t<meta name=\"twitter:data1\" content=\"5\u00a0Minuten\" \/>\n<script type=\"application\/ld+json\" class=\"yoast-schema-graph\">{\"@context\":\"https:\/\/schema.org\",\"@graph\":[{\"@type\":\"WebPage\",\"@id\":\"https:\/\/guenther-gruppe.de\/maserati\/events-und-news\/\",\"url\":\"https:\/\/guenther-gruppe.de\/maserati\/events-und-news\/\",\"name\":\"Events & News - Autohaus G\u00fcnther GmbH - Maserati Vertragsh\u00e4ndler\",\"isPartOf\":{\"@id\":\"https:\/\/guenther-gruppe.de\/maserati\/#website\"},\"primaryImageOfPage\":{\"@id\":\"https:\/\/guenther-gruppe.de\/maserati\/events-und-news\/#primaryimage\"},\"image\":{\"@id\":\"https:\/\/guenther-gruppe.de\/maserati\/events-und-news\/#primaryimage\"},\"thumbnailUrl\":\"https:\/\/guenther-gruppe.de\/maserati\/wp-content\/uploads\/sites\/10\/2023\/10\/maserati1.jpg\",\"datePublished\":\"2021-11-10T12:37:44+00:00\",\"dateModified\":\"2024-03-08T00:52:43+00:00\",\"breadcrumb\":{\"@id\":\"https:\/\/guenther-gruppe.de\/maserati\/events-und-news\/#breadcrumb\"},\"inLanguage\":\"de\",\"potentialAction\":[{\"@type\":\"ReadAction\",\"target\":[\"https:\/\/guenther-gruppe.de\/maserati\/events-und-news\/\"]}]},{\"@type\":\"ImageObject\",\"inLanguage\":\"de\",\"@id\":\"https:\/\/guenther-gruppe.de\/maserati\/events-und-news\/#primaryimage\",\"url\":\"https:\/\/guenther-gruppe.de\/maserati\/wp-content\/uploads\/sites\/10\/2023\/10\/maserati1.jpg\",\"contentUrl\":\"https:\/\/guenther-gruppe.de\/maserati\/wp-content\/uploads\/sites\/10\/2023\/10\/maserati1.jpg\",\"width\":800,\"height\":600,\"caption\":\"Graues Sportauto vor historischem Geb\u00e4ude auf der Stra\u00dfe\"},{\"@type\":\"BreadcrumbList\",\"@id\":\"https:\/\/guenther-gruppe.de\/maserati\/events-und-news\/#breadcrumb\",\"itemListElement\":[{\"@type\":\"ListItem\",\"position\":1,\"name\":\"Startseite\",\"item\":\"https:\/\/guenther-gruppe.de\/maserati\/\"},{\"@type\":\"ListItem\",\"position\":2,\"name\":\"Events &#038; News\"}]},{\"@type\":\"WebSite\",\"@id\":\"https:\/\/guenther-gruppe.de\/maserati\/#website\",\"url\":\"https:\/\/guenther-gruppe.de\/maserati\/\",\"name\":\"Autohaus G\u00fcnther GmbH - Maserati Vertragsh\u00e4ndler\",\"description\":\"offizieller Maserati Vertragsh\u00e4ndler in Hamburg Berlin und Frankfurt\",\"potentialAction\":[{\"@type\":\"SearchAction\",\"target\":{\"@type\":\"EntryPoint\",\"urlTemplate\":\"https:\/\/guenther-gruppe.de\/maserati\/?s={search_term_string}\"},\"query-input\":{\"@type\":\"PropertyValueSpecification\",\"valueRequired\":true,\"valueName\":\"search_term_string\"}}],\"inLanguage\":\"de\"}]}<\/script>\n<!-- \/ Yoast SEO plugin. -->","yoast_head_json":{"title":"Events & News - Autohaus G\u00fcnther GmbH - Maserati Vertragsh\u00e4ndler","robots":{"index":"index","follow":"follow","max-snippet":"max-snippet:-1","max-image-preview":"max-image-preview:large","max-video-preview":"max-video-preview:-1"},"canonical":"https:\/\/guenther-gruppe.de\/maserati\/events-und-news\/","og_locale":"de_DE","og_type":"article","og_title":"Events & News - Autohaus G\u00fcnther GmbH - Maserati Vertragsh\u00e4ndler","og_description":"Events &amp; News Maserati Berlin x Breitling Tuesday Maserati Berlin &#038; Breitling Tuesday: Der neue Maserati GranTurismo Folgore wurde im Telegraphenamt Berlin enth\u00fcllt. Mehr erfahren 9. Maserati Day 2023 Ausfahrt zum Maserati Day 2023. Am 9. Maserati Day sind wir mit 30 Personen mit verschiedenen Maseratis und Oldtimern ausgefahren. Mehr erfahren THE FRANKFURTER Summer Garden [&hellip;]","og_url":"https:\/\/guenther-gruppe.de\/maserati\/events-und-news\/","og_site_name":"Autohaus G\u00fcnther GmbH - Maserati Vertragsh\u00e4ndler","article_modified_time":"2024-03-08T00:52:43+00:00","og_image":[{"url":"https:\/\/guenther-gruppe.de\/maserati\/wp-content\/uploads\/sites\/10\/2023\/10\/maserati1.jpg","type":"","width":"","height":""}],"twitter_card":"summary_large_image","twitter_misc":{"Gesch\u00e4tzte Lesezeit":"5\u00a0Minuten"},"schema":{"@context":"https:\/\/schema.org","@graph":[{"@type":"WebPage","@id":"https:\/\/guenther-gruppe.de\/maserati\/events-und-news\/","url":"https:\/\/guenther-gruppe.de\/maserati\/events-und-news\/","name":"Events & News - Autohaus G\u00fcnther GmbH - Maserati Vertragsh\u00e4ndler","isPartOf":{"@id":"https:\/\/guenther-gruppe.de\/maserati\/#website"},"primaryImageOfPage":{"@id":"https:\/\/guenther-gruppe.de\/maserati\/events-und-news\/#primaryimage"},"image":{"@id":"https:\/\/guenther-gruppe.de\/maserati\/events-und-news\/#primaryimage"},"thumbnailUrl":"https:\/\/guenther-gruppe.de\/maserati\/wp-content\/uploads\/sites\/10\/2023\/10\/maserati1.jpg","datePublished":"2021-11-10T12:37:44+00:00","dateModified":"2024-03-08T00:52:43+00:00","breadcrumb":{"@id":"https:\/\/guenther-gruppe.de\/maserati\/events-und-news\/#breadcrumb"},"inLanguage":"de","potentialAction":[{"@type":"ReadAction","target":["https:\/\/guenther-gruppe.de\/maserati\/events-und-news\/"]}]},{"@type":"ImageObject","inLanguage":"de","@id":"https:\/\/guenther-gruppe.de\/maserati\/events-und-news\/#primaryimage","url":"https:\/\/guenther-gruppe.de\/maserati\/wp-content\/uploads\/sites\/10\/2023\/10\/maserati1.jpg","contentUrl":"https:\/\/guenther-gruppe.de\/maserati\/wp-content\/uploads\/sites\/10\/2023\/10\/maserati1.jpg","width":800,"height":600,"caption":"Graues Sportauto vor historischem Geb\u00e4ude auf der Stra\u00dfe"},{"@type":"BreadcrumbList","@id":"https:\/\/guenther-gruppe.de\/maserati\/events-und-news\/#breadcrumb","itemListElement":[{"@type":"ListItem","position":1,"name":"Startseite","item":"https:\/\/guenther-gruppe.de\/maserati\/"},{"@type":"ListItem","position":2,"name":"Events &#038; News"}]},{"@type":"WebSite","@id":"https:\/\/guenther-gruppe.de\/maserati\/#website","url":"https:\/\/guenther-gruppe.de\/maserati\/","name":"Autohaus G\u00fcnther GmbH - Maserati Vertragsh\u00e4ndler","description":"offizieller Maserati Vertragsh\u00e4ndler in Hamburg Berlin und Frankfurt","potentialAction":[{"@type":"SearchAction","target":{"@type":"EntryPoint","urlTemplate":"https:\/\/guenther-gruppe.de\/maserati\/?s={search_term_string}"},"query-input":{"@type":"PropertyValueSpecification","valueRequired":true,"valueName":"search_term_string"}}],"inLanguage":"de"}]}},"_links":{"self":[{"href":"https:\/\/guenther-gruppe.de\/maserati\/wp-json\/wp\/v2\/pages\/2","targetHints":{"allow":["GET"]}}],"collection":[{"href":"https:\/\/guenther-gruppe.de\/maserati\/wp-json\/wp\/v2\/pages"}],"about":[{"href":"https:\/\/guenther-gruppe.de\/maserati\/wp-json\/wp\/v2\/types\/page"}],"author":[{"embeddable":true,"href":"https:\/\/guenther-gruppe.de\/maserati\/wp-json\/wp\/v2\/users\/9"}],"replies":[{"embeddable":true,"href":"https:\/\/guenther-gruppe.de\/maserati\/wp-json\/wp\/v2\/comments?post=2"}],"version-history":[{"count":5,"href":"https:\/\/guenther-gruppe.de\/maserati\/wp-json\/wp\/v2\/pages\/2\/revisions"}],"predecessor-version":[{"id":33832,"href":"https:\/\/guenther-gruppe.de\/maserati\/wp-json\/wp\/v2\/pages\/2\/revisions\/33832"}],"wp:attachment":[{"href":"https:\/\/guenther-gruppe.de\/maserati\/wp-json\/wp\/v2\/media?parent=2"}],"curies":[{"name":"wp","href":"https:\/\/api.w.org\/{rel}","templated":true}]}}