{"id":10978,"date":"2021-06-01T13:29:52","date_gmt":"2021-06-01T11:29:52","guid":{"rendered":"https:\/\/guenther-gruppe.de\/kia\/?page_id=10978"},"modified":"2025-02-13T14:20:22","modified_gmt":"2025-02-13T13:20:22","slug":"kia-sommer-check","status":"publish","type":"page","link":"https:\/\/guenther-gruppe.de\/kia\/kia-sommer-check\/","title":{"rendered":"kia-sommer-check"},"content":{"rendered":"\t\t<div data-elementor-type=\"wp-page\" data-elementor-id=\"10978\" class=\"elementor elementor-10978\" data-elementor-post-type=\"page\">\n\t\t\t\t\t\t<section class=\"elementor-section elementor-top-section elementor-element elementor-element-4fb4fd81 elementor-section-full_width elementor-section-content-top elementor-hidden-phone elementor-section-height-default elementor-section-height-default\" data-id=\"4fb4fd81\" data-element_type=\"section\" data-settings=\"{&quot;background_background&quot;:&quot;classic&quot;}\">\n\t\t\t\t\t\t\t<div class=\"elementor-background-overlay\"><\/div>\n\t\t\t\t\t\t\t<div class=\"elementor-container elementor-column-gap-no\">\n\t\t\t\t\t<div class=\"elementor-column elementor-col-100 elementor-top-column elementor-element elementor-element-ed6c274\" data-id=\"ed6c274\" data-element_type=\"column\">\n\t\t\t<div class=\"elementor-widget-wrap\">\n\t\t\t\t\t\t\t<\/div>\n\t\t<\/div>\n\t\t\t\t\t<\/div>\n\t\t<\/section>\n\t\t\t\t<section class=\"elementor-section elementor-top-section elementor-element elementor-element-1a6d5c0 elementor-section-full_width elementor-section-height-default elementor-section-height-default\" data-id=\"1a6d5c0\" data-element_type=\"section\" data-settings=\"{&quot;background_background&quot;:&quot;classic&quot;}\">\n\t\t\t\t\t\t<div class=\"elementor-container elementor-column-gap-default\">\n\t\t\t\t\t<div class=\"elementor-column elementor-col-100 elementor-top-column elementor-element elementor-element-9fe5ea5\" data-id=\"9fe5ea5\" data-element_type=\"column\">\n\t\t\t<div class=\"elementor-widget-wrap elementor-element-populated\">\n\t\t\t\t\t\t<div class=\"elementor-element elementor-element-7fa34b1 elementor-widget elementor-widget-text-editor\" data-id=\"7fa34b1\" data-element_type=\"widget\" data-widget_type=\"text-editor.default\">\n\t\t\t\t<div class=\"elementor-widget-container\">\n\t\t\t\t\t\t\t\t\t<p><span class=\"disclaimer-bubble disclaimer-bubble-full-width disclaimer-bubble__dark disclaimer-bubble__bottom-left\">Kia Niro Hybrid 1.6 GDI (Benzin\/Doppelkupplungsgetriebe); 104 kW (141 PS): Kraftstoffverbrauch kombiniert 4,2 l\/100 km; CO\u2082-Emission kombiniert 99 g\/km.*<\/span><\/p>\t\t\t\t\t\t\t\t<\/div>\n\t\t\t\t<\/div>\n\t\t\t\t\t<\/div>\n\t\t<\/div>\n\t\t\t\t\t<\/div>\n\t\t<\/section>\n\t\t\t\t<section class=\"elementor-section elementor-top-section elementor-element elementor-element-e57f4b9 elementor-section-boxed elementor-section-height-default elementor-section-height-default\" data-id=\"e57f4b9\" data-element_type=\"section\" data-settings=\"{&quot;background_background&quot;:&quot;gradient&quot;}\">\n\t\t\t\t\t\t<div class=\"elementor-container elementor-column-gap-no\">\n\t\t\t\t\t<div class=\"elementor-column elementor-col-100 elementor-top-column elementor-element elementor-element-94f674b\" data-id=\"94f674b\" data-element_type=\"column\">\n\t\t\t<div class=\"elementor-widget-wrap elementor-element-populated\">\n\t\t\t\t\t\t<div class=\"elementor-element elementor-element-f7711e7 elementor-widget elementor-widget-heading\" data-id=\"f7711e7\" data-element_type=\"widget\" data-widget_type=\"heading.default\">\n\t\t\t\t<div class=\"elementor-widget-container\">\n\t\t\t\t\t<h1 class=\"elementor-heading-title elementor-size-default\">Der Kia Sommer-Check. <\/h1>\t\t\t\t<\/div>\n\t\t\t\t<\/div>\n\t\t\t\t<div class=\"elementor-element elementor-element-8ab3ee6 elementor-widget elementor-widget-text-editor\" data-id=\"8ab3ee6\" data-element_type=\"widget\" data-widget_type=\"text-editor.default\">\n\t\t\t\t<div class=\"elementor-widget-container\">\n\t\t\t\t\t\t\t\t\t<p>Beim Kia Sommer-Check \u00fcberpr\u00fcft dein Kia Partner sicherheitsrelevante Komponenten deines Fahrzeugs. So k\u00f6nnen du und dein Fahrzeug mit dem Winter abschlie\u00dfen und im Sommer wieder voll durchstarten!<\/p>\t\t\t\t\t\t\t\t<\/div>\n\t\t\t\t<\/div>\n\t\t\t\t<div class=\"elementor-element elementor-element-d206764 elementor-widget elementor-widget-heading\" data-id=\"d206764\" data-element_type=\"widget\" data-widget_type=\"heading.default\">\n\t\t\t\t<div class=\"elementor-widget-container\">\n\t\t\t\t\t<h2 class=\"elementor-heading-title elementor-size-default\">Der Kia Sommer-Check umfasst: <\/h2>\t\t\t\t<\/div>\n\t\t\t\t<\/div>\n\t\t\t\t<div class=\"elementor-element elementor-element-3fed2ca elementor-widget-divider--view-line elementor-widget elementor-widget-divider\" data-id=\"3fed2ca\" data-element_type=\"widget\" data-widget_type=\"divider.default\">\n\t\t\t\t<div class=\"elementor-widget-container\">\n\t\t\t\t\t\t\t<div class=\"elementor-divider\">\n\t\t\t<span class=\"elementor-divider-separator\">\n\t\t\t\t\t\t<\/span>\n\t\t<\/div>\n\t\t\t\t\t\t<\/div>\n\t\t\t\t<\/div>\n\t\t\t\t<section class=\"elementor-section elementor-inner-section elementor-element elementor-element-d34b98b elementor-section-boxed elementor-section-height-default elementor-section-height-default\" data-id=\"d34b98b\" data-element_type=\"section\">\n\t\t\t\t\t\t<div class=\"elementor-container elementor-column-gap-default\">\n\t\t\t\t\t<div class=\"elementor-column elementor-col-50 elementor-inner-column elementor-element elementor-element-b68383c\" data-id=\"b68383c\" data-element_type=\"column\">\n\t\t\t<div class=\"elementor-widget-wrap elementor-element-populated\">\n\t\t\t\t\t\t<div class=\"elementor-element elementor-element-04f3567 elementor-view-default elementor-position-top elementor-mobile-position-top elementor-widget elementor-widget-icon-box\" data-id=\"04f3567\" data-element_type=\"widget\" data-widget_type=\"icon-box.default\">\n\t\t\t\t<div class=\"elementor-widget-container\">\n\t\t\t\t\t\t\t<div class=\"elementor-icon-box-wrapper\">\n\n\t\t\t\t\t\t<div class=\"elementor-icon-box-icon\">\n\t\t\t\t<span  class=\"elementor-icon\">\n\t\t\t\t<i aria-hidden=\"true\" class=\"fas fa-check\"><\/i>\t\t\t\t<\/span>\n\t\t\t<\/div>\n\t\t\t\n\t\t\t\t\t\t<div class=\"elementor-icon-box-content\">\n\n\t\t\t\t\t\t\t\t\t<h3 class=\"elementor-icon-box-title\">\n\t\t\t\t\t\t<span  >\n\t\t\t\t\t\t\tScheinwerfer- und Batterie-Check\t\t\t\t\t\t<\/span>\n\t\t\t\t\t<\/h3>\n\t\t\t\t\n\t\t\t\t\t\t\t\t\t<p class=\"elementor-icon-box-description\">\n\t\t\t\t\t\tEin Scheinwerfer- und Batterie-Check bringt wieder Licht ins Dunkel.\t\t\t\t\t<\/p>\n\t\t\t\t\n\t\t\t<\/div>\n\t\t\t\n\t\t<\/div>\n\t\t\t\t\t\t<\/div>\n\t\t\t\t<\/div>\n\t\t\t\t\t<\/div>\n\t\t<\/div>\n\t\t\t\t<div class=\"elementor-column elementor-col-50 elementor-inner-column elementor-element elementor-element-f7ee395\" data-id=\"f7ee395\" data-element_type=\"column\">\n\t\t\t<div class=\"elementor-widget-wrap elementor-element-populated\">\n\t\t\t\t\t\t<div class=\"elementor-element elementor-element-ffc51ed elementor-view-default elementor-position-top elementor-mobile-position-top elementor-widget elementor-widget-icon-box\" data-id=\"ffc51ed\" data-element_type=\"widget\" data-widget_type=\"icon-box.default\">\n\t\t\t\t<div class=\"elementor-widget-container\">\n\t\t\t\t\t\t\t<div class=\"elementor-icon-box-wrapper\">\n\n\t\t\t\t\t\t<div class=\"elementor-icon-box-icon\">\n\t\t\t\t<span  class=\"elementor-icon\">\n\t\t\t\t<i aria-hidden=\"true\" class=\"fas fa-check\"><\/i>\t\t\t\t<\/span>\n\t\t\t<\/div>\n\t\t\t\n\t\t\t\t\t\t<div class=\"elementor-icon-box-content\">\n\n\t\t\t\t\t\t\t\t\t<h3 class=\"elementor-icon-box-title\">\n\t\t\t\t\t\t<span  >\n\t\t\t\t\t\t\tFl\u00fcssigkeiten- und Wischer-Check\t\t\t\t\t\t<\/span>\n\t\t\t\t\t<\/h3>\n\t\t\t\t\n\t\t\t\t\t\t\t\t\t<p class=\"elementor-icon-box-description\">\n\t\t\t\t\t\tDamit dein Fahrzeug optimal funktioniert, \u00fcberpr\u00fcfen wir Motor\u00f6l, Wischerbl\u00e4tter und Scheibenwischwasser. \t\t\t\t\t<\/p>\n\t\t\t\t\n\t\t\t<\/div>\n\t\t\t\n\t\t<\/div>\n\t\t\t\t\t\t<\/div>\n\t\t\t\t<\/div>\n\t\t\t\t\t<\/div>\n\t\t<\/div>\n\t\t\t\t\t<\/div>\n\t\t<\/section>\n\t\t\t\t<section class=\"elementor-section elementor-inner-section elementor-element elementor-element-26c376b elementor-section-boxed elementor-section-height-default elementor-section-height-default\" data-id=\"26c376b\" data-element_type=\"section\">\n\t\t\t\t\t\t<div class=\"elementor-container elementor-column-gap-default\">\n\t\t\t\t\t<div class=\"elementor-column elementor-col-50 elementor-inner-column elementor-element elementor-element-5bc6447\" data-id=\"5bc6447\" data-element_type=\"column\">\n\t\t\t<div class=\"elementor-widget-wrap elementor-element-populated\">\n\t\t\t\t\t\t<div class=\"elementor-element elementor-element-b5d246a elementor-view-default elementor-position-top elementor-mobile-position-top elementor-widget elementor-widget-icon-box\" data-id=\"b5d246a\" data-element_type=\"widget\" data-widget_type=\"icon-box.default\">\n\t\t\t\t<div class=\"elementor-widget-container\">\n\t\t\t\t\t\t\t<div class=\"elementor-icon-box-wrapper\">\n\n\t\t\t\t\t\t<div class=\"elementor-icon-box-icon\">\n\t\t\t\t<span  class=\"elementor-icon\">\n\t\t\t\t<i aria-hidden=\"true\" class=\"fas fa-check\"><\/i>\t\t\t\t<\/span>\n\t\t\t<\/div>\n\t\t\t\n\t\t\t\t\t\t<div class=\"elementor-icon-box-content\">\n\n\t\t\t\t\t\t\t\t\t<h3 class=\"elementor-icon-box-title\">\n\t\t\t\t\t\t<span  >\n\t\t\t\t\t\t\tKlimaanlagen-Check\t\t\t\t\t\t<\/span>\n\t\t\t\t\t<\/h3>\n\t\t\t\t\n\t\t\t\t\t\t\t\t\t<p class=\"elementor-icon-box-description\">\n\t\t\t\t\t\tWas w\u00e4re ein hei\u00dfer Sommer ohne k\u00fchle, saubere Luft im Auto? \t\t\t\t\t<\/p>\n\t\t\t\t\n\t\t\t<\/div>\n\t\t\t\n\t\t<\/div>\n\t\t\t\t\t\t<\/div>\n\t\t\t\t<\/div>\n\t\t\t\t\t<\/div>\n\t\t<\/div>\n\t\t\t\t<div class=\"elementor-column elementor-col-50 elementor-inner-column elementor-element elementor-element-7bacfd4\" data-id=\"7bacfd4\" data-element_type=\"column\">\n\t\t\t<div class=\"elementor-widget-wrap elementor-element-populated\">\n\t\t\t\t\t\t<div class=\"elementor-element elementor-element-829826a elementor-view-default elementor-position-top elementor-mobile-position-top elementor-widget elementor-widget-icon-box\" data-id=\"829826a\" data-element_type=\"widget\" data-widget_type=\"icon-box.default\">\n\t\t\t\t<div class=\"elementor-widget-container\">\n\t\t\t\t\t\t\t<div class=\"elementor-icon-box-wrapper\">\n\n\t\t\t\t\t\t<div class=\"elementor-icon-box-icon\">\n\t\t\t\t<span  class=\"elementor-icon\">\n\t\t\t\t<i aria-hidden=\"true\" class=\"fas fa-check\"><\/i>\t\t\t\t<\/span>\n\t\t\t<\/div>\n\t\t\t\n\t\t\t\t\t\t<div class=\"elementor-icon-box-content\">\n\n\t\t\t\t\t\t\t\t\t<h3 class=\"elementor-icon-box-title\">\n\t\t\t\t\t\t<span  >\n\t\t\t\t\t\t\tBremsen- und Reifen-Check\t\t\t\t\t\t<\/span>\n\t\t\t\t\t<\/h3>\n\t\t\t\t\n\t\t\t\t\t\t\t\t\t<p class=\"elementor-icon-box-description\">\n\t\t\t\t\t\tSicherheit steht immer an erster Stelle - auch im Sommer. Deshalb \u00fcberpr\u00fcfen wir Bremsen und Reifen auf Verschlei\u00df. \t\t\t\t\t<\/p>\n\t\t\t\t\n\t\t\t<\/div>\n\t\t\t\n\t\t<\/div>\n\t\t\t\t\t\t<\/div>\n\t\t\t\t<\/div>\n\t\t\t\t\t<\/div>\n\t\t<\/div>\n\t\t\t\t\t<\/div>\n\t\t<\/section>\n\t\t\t\t\t<\/div>\n\t\t<\/div>\n\t\t\t\t\t<\/div>\n\t\t<\/section>\n\t\t\t\t<section class=\"elementor-section elementor-top-section elementor-element elementor-element-c89d21e elementor-section-boxed elementor-section-height-default elementor-section-height-default\" data-id=\"c89d21e\" data-element_type=\"section\" data-settings=\"{&quot;background_background&quot;:&quot;classic&quot;}\">\n\t\t\t\t\t\t<div class=\"elementor-container elementor-column-gap-default\">\n\t\t\t\t\t<div class=\"elementor-column elementor-col-100 elementor-top-column elementor-element elementor-element-a21c1e6\" data-id=\"a21c1e6\" data-element_type=\"column\">\n\t\t\t<div class=\"elementor-widget-wrap elementor-element-populated\">\n\t\t\t\t\t\t<div class=\"elementor-element elementor-element-7d05186 elementor-widget-tablet__width-initial elementor-widget-mobile__width-inherit elementor-widget elementor-widget-image\" data-id=\"7d05186\" data-element_type=\"widget\" data-widget_type=\"image.default\">\n\t\t\t\t<div class=\"elementor-widget-container\">\n\t\t\t\t\t\t\t\t\t\t\t\t\t\t\t<img fetchpriority=\"high\" decoding=\"async\" width=\"394\" height=\"199\" src=\"https:\/\/guenther-gruppe.de\/kia\/wp-content\/uploads\/sites\/9\/layerslider\/Unser-Hygienekonzept-Mobil\/werkstatt_und_service.png\" class=\"attachment-full size-full wp-image-10876\" alt=\"Mechaniker im Blaumann inspiziert Motor mit Notizblock\" srcset=\"https:\/\/guenther-gruppe.de\/kia\/wp-content\/uploads\/sites\/9\/layerslider\/Unser-Hygienekonzept-Mobil\/werkstatt_und_service.png 394w, https:\/\/guenther-gruppe.de\/kia\/wp-content\/uploads\/sites\/9\/layerslider\/Unser-Hygienekonzept-Mobil\/werkstatt_und_service-300x152.png 300w\" sizes=\"(max-width: 394px) 100vw, 394px\" \/>\t\t\t\t\t\t\t\t\t\t\t\t\t\t\t<\/div>\n\t\t\t\t<\/div>\n\t\t\t\t<div class=\"elementor-element elementor-element-e604b04 elementor-widget elementor-widget-heading\" data-id=\"e604b04\" data-element_type=\"widget\" data-widget_type=\"heading.default\">\n\t\t\t\t<div class=\"elementor-widget-container\">\n\t\t\t\t\t<h2 class=\"elementor-heading-title elementor-size-default\">Ein erfrischendes Angebot.<\/h2>\t\t\t\t<\/div>\n\t\t\t\t<\/div>\n\t\t\t\t<div class=\"elementor-element elementor-element-5eb1389 elementor-widget elementor-widget-text-editor\" data-id=\"5eb1389\" data-element_type=\"widget\" data-widget_type=\"text-editor.default\">\n\t\t\t\t<div class=\"elementor-widget-container\">\n\t\t\t\t\t\t\t\t\t<p>Bei Kia Sommer-Chek pr\u00fcfen wir deine Klimaanlage. Insbesondere nach langer Standzeit ist die Klimaanlage bei steigenden Temperaturen gr\u00f6\u00dferen Belastungen ausgesetzt. Mit einer professionellen Reinigung und Desinfektion deiner Klimaanlage beugst du der Ansiedlung von Krankheitserregern sowie unangenehmen Ger\u00fcchen vor. Wir bieten\u00a0 dir beim Kia Sommer-Check attraktive Angebote f\u00fcr eine zuverl\u00e4ssige Reinigung und Desinfektion deiner Klimaanlage.<\/p>\t\t\t\t\t\t\t\t<\/div>\n\t\t\t\t<\/div>\n\t\t\t\t<div class=\"elementor-element elementor-element-abd0b7c elementor-align-center elementor-widget elementor-widget-button\" data-id=\"abd0b7c\" data-element_type=\"widget\" data-widget_type=\"button.default\">\n\t\t\t\t<div class=\"elementor-widget-container\">\n\t\t\t\t\t\t\t\t\t<div class=\"elementor-button-wrapper\">\n\t\t\t\t\t<a class=\"elementor-button elementor-button-link elementor-size-sm\" href=\"\/kia\/kontakt\/\">\n\t\t\t\t\t\t<span class=\"elementor-button-content-wrapper\">\n\t\t\t\t\t\t\t\t\t<span class=\"elementor-button-text\">Jetzt Termin vereinbaren<\/span>\n\t\t\t\t\t<\/span>\n\t\t\t\t\t<\/a>\n\t\t\t\t<\/div>\n\t\t\t\t\t\t\t\t<\/div>\n\t\t\t\t<\/div>\n\t\t\t\t<div class=\"elementor-element elementor-element-2f915f0 elementor-widget-divider--view-line elementor-widget elementor-widget-divider\" data-id=\"2f915f0\" data-element_type=\"widget\" data-widget_type=\"divider.default\">\n\t\t\t\t<div class=\"elementor-widget-container\">\n\t\t\t\t\t\t\t<div class=\"elementor-divider\">\n\t\t\t<span class=\"elementor-divider-separator\">\n\t\t\t\t\t\t<\/span>\n\t\t<\/div>\n\t\t\t\t\t\t<\/div>\n\t\t\t\t<\/div>\n\t\t\t\t\t<\/div>\n\t\t<\/div>\n\t\t\t\t\t<\/div>\n\t\t<\/section>\n\t\t\t\t<section class=\"elementor-section elementor-top-section elementor-element elementor-element-12f6bcb elementor-section-boxed elementor-section-height-default elementor-section-height-default\" data-id=\"12f6bcb\" data-element_type=\"section\" data-settings=\"{&quot;background_background&quot;:&quot;gradient&quot;}\">\n\t\t\t\t\t\t<div class=\"elementor-container elementor-column-gap-no\">\n\t\t\t\t\t<div class=\"elementor-column elementor-col-100 elementor-top-column elementor-element elementor-element-3074520\" data-id=\"3074520\" data-element_type=\"column\">\n\t\t\t<div class=\"elementor-widget-wrap elementor-element-populated\">\n\t\t\t\t\t\t<div class=\"elementor-element elementor-element-272dcb6 elementor-widget elementor-widget-heading\" data-id=\"272dcb6\" data-element_type=\"widget\" data-widget_type=\"heading.default\">\n\t\t\t\t<div class=\"elementor-widget-container\">\n\t\t\t\t\t<h2 class=\"elementor-heading-title elementor-size-default\">F\u00fcr einen Ausflug gut vorbereitet. <\/h2>\t\t\t\t<\/div>\n\t\t\t\t<\/div>\n\t\t\t\t<div class=\"elementor-element elementor-element-f8df36b elementor-widget-divider--view-line elementor-widget elementor-widget-divider\" data-id=\"f8df36b\" data-element_type=\"widget\" data-widget_type=\"divider.default\">\n\t\t\t\t<div class=\"elementor-widget-container\">\n\t\t\t\t\t\t\t<div class=\"elementor-divider\">\n\t\t\t<span class=\"elementor-divider-separator\">\n\t\t\t\t\t\t<\/span>\n\t\t<\/div>\n\t\t\t\t\t\t<\/div>\n\t\t\t\t<\/div>\n\t\t\t\t<div class=\"elementor-element elementor-element-fb28a5f elementor-widget elementor-widget-text-editor\" data-id=\"fb28a5f\" data-element_type=\"widget\" data-widget_type=\"text-editor.default\">\n\t\t\t\t<div class=\"elementor-widget-container\">\n\t\t\t\t\t\t\t\t\t<p>Mit unseren cleveren Transportl\u00f6sungen bleibt nichts zur\u00fcck! Nimm ganz bequem Gep\u00e4ck, Fahrr\u00e4der und sogar deinen Hund mit auf deine Ausfl\u00fcge.<\/p>\t\t\t\t\t\t\t\t<\/div>\n\t\t\t\t<\/div>\n\t\t\t\t\t<\/div>\n\t\t<\/div>\n\t\t\t\t\t<\/div>\n\t\t<\/section>\n\t\t\t\t<section class=\"elementor-section elementor-top-section elementor-element elementor-element-4e50526 elementor-hidden-mobile elementor-section-boxed elementor-section-height-default elementor-section-height-default\" data-id=\"4e50526\" data-element_type=\"section\">\n\t\t\t\t\t\t<div class=\"elementor-container elementor-column-gap-default\">\n\t\t\t\t\t<div class=\"elementor-column elementor-col-25 elementor-top-column elementor-element elementor-element-3ce42c9\" data-id=\"3ce42c9\" data-element_type=\"column\">\n\t\t\t<div class=\"elementor-widget-wrap elementor-element-populated\">\n\t\t\t\t\t\t<div class=\"elementor-element elementor-element-8b22d04 elementor-widget elementor-widget-heading\" data-id=\"8b22d04\" data-element_type=\"widget\" data-widget_type=\"heading.default\">\n\t\t\t\t<div class=\"elementor-widget-container\">\n\t\t\t\t\t<h3 class=\"elementor-heading-title elementor-size-default\">Kia Original \u00d6l<\/h3>\t\t\t\t<\/div>\n\t\t\t\t<\/div>\n\t\t\t\t<div class=\"elementor-element elementor-element-ef5617f elementor-widget elementor-widget-text-editor\" data-id=\"ef5617f\" data-element_type=\"widget\" data-widget_type=\"text-editor.default\">\n\t\t\t\t<div class=\"elementor-widget-container\">\n\t\t\t\t\t\t\t\t\t<p>Wir haben ein \u00d6l entwickelt, das genau auf deinen Kia und seinen Motor abgestimmt ist: Kia Original \u00d6l. Es sch\u00fctzt den Motor und sorgt f\u00fcr eine gleichbleibende Laufqualit\u00e4t. Weil unterschiedliche Motorentypen je nach Beanspruchung unterschiedliche Anforderungen an ein \u00d6l stellen, werden Motor\u00f6le mit verschiedenen Spezifikationen angeboten.<\/p>\t\t\t\t\t\t\t\t<\/div>\n\t\t\t\t<\/div>\n\t\t\t\t\t<\/div>\n\t\t<\/div>\n\t\t\t\t<div class=\"elementor-column elementor-col-25 elementor-top-column elementor-element elementor-element-42e267c\" data-id=\"42e267c\" data-element_type=\"column\">\n\t\t\t<div class=\"elementor-widget-wrap elementor-element-populated\">\n\t\t\t\t\t\t<div class=\"elementor-element elementor-element-9967acf elementor-widget elementor-widget-heading\" data-id=\"9967acf\" data-element_type=\"widget\" data-widget_type=\"heading.default\">\n\t\t\t\t<div class=\"elementor-widget-container\">\n\t\t\t\t\t<h3 class=\"elementor-heading-title elementor-size-default\">Notfall-Kit<\/h3>\t\t\t\t<\/div>\n\t\t\t\t<\/div>\n\t\t\t\t<div class=\"elementor-element elementor-element-bc9d37b elementor-widget elementor-widget-text-editor\" data-id=\"bc9d37b\" data-element_type=\"widget\" data-widget_type=\"text-editor.default\">\n\t\t\t\t<div class=\"elementor-widget-container\">\n\t\t\t\t\t\t\t\t\t<p>Sicherheit geht vor! Wir bieten dir ein Set bestehend aus den gesetzlich vorgeschriebenen Artikeln: Erste-Hilfe-Tasche mit den wichtigsten Notfallutensilien, 2 Warnwesten und ein Warndreieck. Erf\u00fcllt den Standard DIN 13164.<\/p>\t\t\t\t\t\t\t\t<\/div>\n\t\t\t\t<\/div>\n\t\t\t\t\t<\/div>\n\t\t<\/div>\n\t\t\t\t<div class=\"elementor-column elementor-col-25 elementor-top-column elementor-element elementor-element-fafd06a\" data-id=\"fafd06a\" data-element_type=\"column\">\n\t\t\t<div class=\"elementor-widget-wrap elementor-element-populated\">\n\t\t\t\t\t\t<div class=\"elementor-element elementor-element-bf2966f elementor-widget elementor-widget-heading\" data-id=\"bf2966f\" data-element_type=\"widget\" data-widget_type=\"heading.default\">\n\t\t\t\t<div class=\"elementor-widget-container\">\n\t\t\t\t\t<h3 class=\"elementor-heading-title elementor-size-default\">Faltbarer Laderaum Organize<\/h3>\t\t\t\t<\/div>\n\t\t\t\t<\/div>\n\t\t\t\t<div class=\"elementor-element elementor-element-aa60a12 elementor-widget elementor-widget-text-editor\" data-id=\"aa60a12\" data-element_type=\"widget\" data-widget_type=\"text-editor.default\">\n\t\t\t\t<div class=\"elementor-widget-container\">\n\t\t\t\t\t\t\t\t\t<p>Der Laderaum Organizer eignet sich perfekt f\u00fcr den einfachen und sicheren Transport von Gegenst\u00e4nden aller Art. Die praktischen Tragegriffe machen den Organizer auch zum perfekten Begleiter im Alltag au\u00dferhalb des Fahrzeugs.<\/p>\t\t\t\t\t\t\t\t<\/div>\n\t\t\t\t<\/div>\n\t\t\t\t\t<\/div>\n\t\t<\/div>\n\t\t\t\t<div class=\"elementor-column elementor-col-25 elementor-top-column elementor-element elementor-element-ec297cd\" data-id=\"ec297cd\" data-element_type=\"column\">\n\t\t\t<div class=\"elementor-widget-wrap elementor-element-populated\">\n\t\t\t\t\t\t<div class=\"elementor-element elementor-element-69c11fa elementor-widget elementor-widget-heading\" data-id=\"69c11fa\" data-element_type=\"widget\" data-widget_type=\"heading.default\">\n\t\t\t\t<div class=\"elementor-widget-container\">\n\t\t\t\t\t<h3 class=\"elementor-heading-title elementor-size-default\">iPad Halterung<\/h3>\t\t\t\t<\/div>\n\t\t\t\t<\/div>\n\t\t\t\t<div class=\"elementor-element elementor-element-a29ebf3 elementor-widget elementor-widget-text-editor\" data-id=\"a29ebf3\" data-element_type=\"widget\" data-widget_type=\"text-editor.default\">\n\t\t\t\t<div class=\"elementor-widget-container\">\n\t\t\t\t\t\t\t\t\t<p>Hochwertige und robuste iPad\u00ae Halterung zur sicheren Befestigung an den Kopfst\u00fctzenb\u00fcgeln. Dreh- und Kippmechanismus erm\u00f6glichen optimale Sicht auf das iPad\u00ae. Passend f\u00fcr iPad\u00ae 1, 2, 3 &amp; 4 und iPad\u00ae Air 1 &amp; 2.<\/p>\t\t\t\t\t\t\t\t<\/div>\n\t\t\t\t<\/div>\n\t\t\t\t\t<\/div>\n\t\t<\/div>\n\t\t\t\t\t<\/div>\n\t\t<\/section>\n\t\t\t\t<section class=\"elementor-section elementor-top-section elementor-element elementor-element-26e7817 elementor-hidden-desktop elementor-hidden-tablet elementor-section-boxed elementor-section-height-default elementor-section-height-default\" data-id=\"26e7817\" data-element_type=\"section\">\n\t\t\t\t\t\t<div class=\"elementor-container elementor-column-gap-default\">\n\t\t\t\t\t<div class=\"elementor-column elementor-col-25 elementor-top-column elementor-element elementor-element-7e2407e\" data-id=\"7e2407e\" data-element_type=\"column\">\n\t\t\t<div class=\"elementor-widget-wrap elementor-element-populated\">\n\t\t\t\t\t\t<div class=\"elementor-element elementor-element-a0f29e2 elementor-widget elementor-widget-heading\" data-id=\"a0f29e2\" data-element_type=\"widget\" data-widget_type=\"heading.default\">\n\t\t\t\t<div class=\"elementor-widget-container\">\n\t\t\t\t\t<h3 class=\"elementor-heading-title elementor-size-default\">Kia Original \u00d6l<\/h3>\t\t\t\t<\/div>\n\t\t\t\t<\/div>\n\t\t\t\t<div class=\"elementor-element elementor-element-2c91a4a elementor-widget elementor-widget-text-editor\" data-id=\"2c91a4a\" data-element_type=\"widget\" data-widget_type=\"text-editor.default\">\n\t\t\t\t<div class=\"elementor-widget-container\">\n\t\t\t\t\t\t\t\t\t<p>Wir haben ein \u00d6l entwickelt, das genau auf deinen Kia und seinen Motor abgestimmt ist: Kia Original \u00d6l. Es sch\u00fctzt den Motor und sorgt f\u00fcr eine gleichbleibende Laufqualit\u00e4t. Weil unterschiedliche Motorentypen je nach Beanspruchung unterschiedliche Anforderungen an ein \u00d6l stellen, werden Motor\u00f6le mit verschiedenen Spezifikationen angeboten.<\/p>\t\t\t\t\t\t\t\t<\/div>\n\t\t\t\t<\/div>\n\t\t\t\t\t<\/div>\n\t\t<\/div>\n\t\t\t\t<div class=\"elementor-column elementor-col-25 elementor-top-column elementor-element elementor-element-b4ccd25\" data-id=\"b4ccd25\" data-element_type=\"column\">\n\t\t\t<div class=\"elementor-widget-wrap elementor-element-populated\">\n\t\t\t\t\t\t<div class=\"elementor-element elementor-element-d9815e1 elementor-widget elementor-widget-heading\" data-id=\"d9815e1\" data-element_type=\"widget\" data-widget_type=\"heading.default\">\n\t\t\t\t<div class=\"elementor-widget-container\">\n\t\t\t\t\t<h3 class=\"elementor-heading-title elementor-size-default\">Notfall-Kit<\/h3>\t\t\t\t<\/div>\n\t\t\t\t<\/div>\n\t\t\t\t<div class=\"elementor-element elementor-element-0c065b9 elementor-widget elementor-widget-text-editor\" data-id=\"0c065b9\" data-element_type=\"widget\" data-widget_type=\"text-editor.default\">\n\t\t\t\t<div class=\"elementor-widget-container\">\n\t\t\t\t\t\t\t\t\t<p>Sicherheit geht vor! Wir bieten dir ein Set bestehend aus den gesetzlich vorgeschriebenen Artikeln: Erste-Hilfe-Tasche mit den wichtigsten Notfallutensilien, 2 Warnwesten und ein Warndreieck. Erf\u00fcllt den Standard DIN 13164.<\/p>\t\t\t\t\t\t\t\t<\/div>\n\t\t\t\t<\/div>\n\t\t\t\t\t<\/div>\n\t\t<\/div>\n\t\t\t\t<div class=\"elementor-column elementor-col-25 elementor-top-column elementor-element elementor-element-3ab625f\" data-id=\"3ab625f\" data-element_type=\"column\">\n\t\t\t<div class=\"elementor-widget-wrap elementor-element-populated\">\n\t\t\t\t\t\t<div class=\"elementor-element elementor-element-f8f9f5f elementor-widget elementor-widget-heading\" data-id=\"f8f9f5f\" data-element_type=\"widget\" data-widget_type=\"heading.default\">\n\t\t\t\t<div class=\"elementor-widget-container\">\n\t\t\t\t\t<h3 class=\"elementor-heading-title elementor-size-default\">Faltbarer Laderaum Organize<\/h3>\t\t\t\t<\/div>\n\t\t\t\t<\/div>\n\t\t\t\t<div class=\"elementor-element elementor-element-beb64db elementor-widget elementor-widget-text-editor\" data-id=\"beb64db\" data-element_type=\"widget\" data-widget_type=\"text-editor.default\">\n\t\t\t\t<div class=\"elementor-widget-container\">\n\t\t\t\t\t\t\t\t\t<p>Der Laderaum Organizer eignet sich perfekt f\u00fcr den einfachen und sicheren Transport von Gegenst\u00e4nden aller Art. Die praktischen Tragegriffe machen den Organizer auch zum perfekten Begleiter im Alltag au\u00dferhalb des Fahrzeugs.<\/p>\t\t\t\t\t\t\t\t<\/div>\n\t\t\t\t<\/div>\n\t\t\t\t\t<\/div>\n\t\t<\/div>\n\t\t\t\t<div class=\"elementor-column elementor-col-25 elementor-top-column elementor-element elementor-element-c8dc32a\" data-id=\"c8dc32a\" data-element_type=\"column\">\n\t\t\t<div class=\"elementor-widget-wrap elementor-element-populated\">\n\t\t\t\t\t\t<div class=\"elementor-element elementor-element-a990a81 elementor-widget elementor-widget-heading\" data-id=\"a990a81\" data-element_type=\"widget\" data-widget_type=\"heading.default\">\n\t\t\t\t<div class=\"elementor-widget-container\">\n\t\t\t\t\t<h3 class=\"elementor-heading-title elementor-size-default\">iPad Halterung<\/h3>\t\t\t\t<\/div>\n\t\t\t\t<\/div>\n\t\t\t\t<div class=\"elementor-element elementor-element-2e4c147 elementor-widget elementor-widget-text-editor\" data-id=\"2e4c147\" data-element_type=\"widget\" data-widget_type=\"text-editor.default\">\n\t\t\t\t<div class=\"elementor-widget-container\">\n\t\t\t\t\t\t\t\t\t<p>Hochwertige und robuste iPad\u00ae Halterung zur sicheren Befestigung an den Kopfst\u00fctzenb\u00fcgeln. Dreh- und Kippmechanismus erm\u00f6glichen optimale Sicht auf das iPad\u00ae. Passend f\u00fcr iPad\u00ae 1, 2, 3 &amp; 4 und iPad\u00ae Air 1 &amp; 2.<\/p>\t\t\t\t\t\t\t\t<\/div>\n\t\t\t\t<\/div>\n\t\t\t\t\t<\/div>\n\t\t<\/div>\n\t\t\t\t\t<\/div>\n\t\t<\/section>\n\t\t\t\t<section class=\"elementor-section elementor-top-section elementor-element elementor-element-929f679 elementor-section-boxed elementor-section-height-default elementor-section-height-default\" data-id=\"929f679\" data-element_type=\"section\" data-settings=\"{&quot;background_background&quot;:&quot;gradient&quot;}\">\n\t\t\t\t\t\t<div class=\"elementor-container elementor-column-gap-no\">\n\t\t\t\t\t<div class=\"elementor-column elementor-col-100 elementor-top-column elementor-element elementor-element-50d9037\" data-id=\"50d9037\" data-element_type=\"column\">\n\t\t\t<div class=\"elementor-widget-wrap elementor-element-populated\">\n\t\t\t\t\t\t<div class=\"elementor-element elementor-element-4c62f63 elementor-widget elementor-widget-heading\" data-id=\"4c62f63\" data-element_type=\"widget\" data-widget_type=\"heading.default\">\n\t\t\t\t<div class=\"elementor-widget-container\">\n\t\t\t\t\t<h2 class=\"elementor-heading-title elementor-size-default\">Passendes Kia Zubeh\u00f6r <\/h2>\t\t\t\t<\/div>\n\t\t\t\t<\/div>\n\t\t\t\t<div class=\"elementor-element elementor-element-b9e89fd elementor-widget-divider--view-line elementor-widget elementor-widget-divider\" data-id=\"b9e89fd\" data-element_type=\"widget\" data-widget_type=\"divider.default\">\n\t\t\t\t<div class=\"elementor-widget-container\">\n\t\t\t\t\t\t\t<div class=\"elementor-divider\">\n\t\t\t<span class=\"elementor-divider-separator\">\n\t\t\t\t\t\t<\/span>\n\t\t<\/div>\n\t\t\t\t\t\t<\/div>\n\t\t\t\t<\/div>\n\t\t\t\t<div class=\"elementor-element elementor-element-d379e50 elementor--h-position-center elementor--v-position-middle elementor-arrows-position-inside elementor-pagination-position-inside elementor-widget elementor-widget-slides\" data-id=\"d379e50\" data-element_type=\"widget\" data-settings=\"{&quot;navigation&quot;:&quot;both&quot;,&quot;autoplay&quot;:&quot;yes&quot;,&quot;pause_on_hover&quot;:&quot;yes&quot;,&quot;pause_on_interaction&quot;:&quot;yes&quot;,&quot;autoplay_speed&quot;:5000,&quot;infinite&quot;:&quot;yes&quot;,&quot;transition&quot;:&quot;slide&quot;,&quot;transition_speed&quot;:500}\" data-widget_type=\"slides.default\">\n\t\t\t\t<div class=\"elementor-widget-container\">\n\t\t\t\t\t\t\t\t\t<div class=\"elementor-swiper\">\n\t\t\t\t\t<div class=\"elementor-slides-wrapper elementor-main-swiper swiper\" role=\"region\" aria-roledescription=\"carousel\" aria-label=\"Slider\" dir=\"ltr\" data-animation=\"fadeInUp\">\n\t\t\t\t<div class=\"swiper-wrapper elementor-slides\">\n\t\t\t\t\t\t\t\t\t\t<div class=\"elementor-repeater-item-e410f64 swiper-slide\" role=\"group\" aria-roledescription=\"slide\"><div class=\"swiper-slide-bg\" role=\"img\" aria-label=\"Dachbox - das Bild zeigt einen Kia mit Dachbox\"><\/div><div class=\"elementor-background-overlay\"><\/div><div class=\"swiper-slide-inner\" ><div class=\"swiper-slide-contents\"><div class=\"elementor-slide-heading\">Dachbox<\/div><div class=\"elementor-slide-description\">Gep\u00e4ck auf dem Fahrzeugboden oder auf dem Scho\u00df - kommt Ihnen das brekannt vor? Damit ist jetzt Schluss, die passende Dachbox f\u00fcr Ihr Auto sorgt f\u00fcr extra Stauraum und unterstreicht elegant die Fahrzeug-Silhouette<\/div><\/div><\/div><\/div><div class=\"elementor-repeater-item-b351f2f swiper-slide\" role=\"group\" aria-roledescription=\"slide\"><div class=\"swiper-slide-bg\" role=\"img\" aria-label=\"Anh\u00e4ngerkupplung - das Bild zeigt einen Kia mit Anh\u00e4ngerkupplung\"><\/div><div class=\"elementor-background-overlay\"><\/div><div class=\"swiper-slide-inner\" ><div class=\"swiper-slide-contents\"><div class=\"elementor-slide-heading\">Anh\u00e4ngerkupplung<\/div><div class=\"elementor-slide-description\">Mit der Anh\u00e4ngerkupplung auf hochwertigem, rostfreiem Stahl wird der Transport von schweren Lasten zur leichtesten \u00dcbung.<\/div><\/div><\/div><\/div>\t\t\t\t<\/div>\n\t\t\t\t\t\t\t\t\t\t\t\t\t\t\t<div class=\"elementor-swiper-button elementor-swiper-button-prev\" role=\"button\" tabindex=\"0\" aria-label=\"Vorheriger Slide\">\n\t\t\t\t\t\t\t<i aria-hidden=\"true\" class=\"eicon-chevron-left\"><\/i>\t\t\t\t\t\t<\/div>\n\t\t\t\t\t\t<div class=\"elementor-swiper-button elementor-swiper-button-next\" role=\"button\" tabindex=\"0\" aria-label=\"N\u00e4chster Slide\">\n\t\t\t\t\t\t\t<i aria-hidden=\"true\" class=\"eicon-chevron-right\"><\/i>\t\t\t\t\t\t<\/div>\n\t\t\t\t\t\t\t\t\t\t\t\t\t\t\t\t<div class=\"swiper-pagination\"><\/div>\n\t\t\t\t\t\t\t\t\t\t\t\t<\/div>\n\t\t\t\t<\/div>\n\t\t\t\t\t\t\t\t<\/div>\n\t\t\t\t<\/div>\n\t\t\t\t\t<\/div>\n\t\t<\/div>\n\t\t\t\t\t<\/div>\n\t\t<\/section>\n\t\t\t\t<section class=\"elementor-section elementor-top-section elementor-element elementor-element-b2aaa94 elementor-section-boxed elementor-section-height-default elementor-section-height-default\" data-id=\"b2aaa94\" data-element_type=\"section\" data-settings=\"{&quot;background_background&quot;:&quot;gradient&quot;}\">\n\t\t\t\t\t\t<div class=\"elementor-container elementor-column-gap-no\">\n\t\t\t\t\t<div class=\"elementor-column elementor-col-100 elementor-top-column elementor-element elementor-element-7f7b9ab\" data-id=\"7f7b9ab\" data-element_type=\"column\">\n\t\t\t<div class=\"elementor-widget-wrap elementor-element-populated\">\n\t\t\t\t\t\t<div class=\"elementor-element elementor-element-2c203be elementor-widget elementor-widget-heading\" data-id=\"2c203be\" data-element_type=\"widget\" data-widget_type=\"heading.default\">\n\t\t\t\t<div class=\"elementor-widget-container\">\n\t\t\t\t\t<h2 class=\"elementor-heading-title elementor-size-default\">Der Kia Sommer-Check! Gut zu wissen.<\/h2>\t\t\t\t<\/div>\n\t\t\t\t<\/div>\n\t\t\t\t<div class=\"elementor-element elementor-element-d7abf06 elementor-widget-divider--view-line elementor-widget elementor-widget-divider\" data-id=\"d7abf06\" data-element_type=\"widget\" data-widget_type=\"divider.default\">\n\t\t\t\t<div class=\"elementor-widget-container\">\n\t\t\t\t\t\t\t<div class=\"elementor-divider\">\n\t\t\t<span class=\"elementor-divider-separator\">\n\t\t\t\t\t\t<\/span>\n\t\t<\/div>\n\t\t\t\t\t\t<\/div>\n\t\t\t\t<\/div>\n\t\t\t\t<div class=\"elementor-element elementor-element-97b5f64 elementor-widget elementor-widget-eael-adv-accordion\" data-id=\"97b5f64\" data-element_type=\"widget\" data-widget_type=\"eael-adv-accordion.default\">\n\t\t\t\t<div class=\"elementor-widget-container\">\n\t\t\t\t\t            <div class=\"eael-adv-accordion\" id=\"eael-adv-accordion-97b5f64\" data-scroll-on-click=\"no\" data-scroll-speed=\"300\" data-accordion-id=\"97b5f64\" data-accordion-type=\"accordion\" data-toogle-speed=\"300\">\n            <div class=\"eael-accordion-list\">\n\t\t\t\t\t<div id=\"warum-braucht-mein-kia-den-kia-sommer-check\" class=\"elementor-tab-title eael-accordion-header\" tabindex=\"0\" data-tab=\"1\" aria-controls=\"elementor-tab-content-1591\"><span class=\"eael-advanced-accordion-icon-closed\"><\/span><span class=\"eael-advanced-accordion-icon-opened\"><\/span><span class=\"eael-accordion-tab-title\">Warum braucht mein Kia den Kia Sommer-Check?<\/span><\/div><div id=\"elementor-tab-content-1591\" class=\"eael-accordion-content clearfix\" data-tab=\"1\" aria-labelledby=\"warum-braucht-mein-kia-den-kia-sommer-check\"><p>Kalte Temperaturen und erschwerte Fahrbedingungen im Winter k\u00f6nnen dein Auto sehr beanspruchen. Eventuell entstandener Verschlei\u00df oder Sch\u00e4den sollten daher sicherheitshalber rechtzeitig fachm\u00e4nnisch erkannt und behoben werden.<\/p><\/div>\n\t\t\t\t\t<\/div><div class=\"eael-accordion-list\">\n\t\t\t\t\t<div id=\"warum-muss-die-klimaanlage-gecheckt-werden-ich-habe-sie-im-winter-kaum-benutzt\" class=\"elementor-tab-title eael-accordion-header\" tabindex=\"0\" data-tab=\"2\" aria-controls=\"elementor-tab-content-1592\"><span class=\"eael-accordion-tab-title\">Warum muss die Klimaanlage gecheckt werden? Ich habe sie im Winter kaum benutzt.<\/span><\/div><div id=\"elementor-tab-content-1592\" class=\"eael-accordion-content clearfix\" data-tab=\"2\" aria-labelledby=\"warum-muss-die-klimaanlage-gecheckt-werden-ich-habe-sie-im-winter-kaum-benutzt\"><p>Stell dir vor, es ist der erste hei\u00dfe Tag im Sommer. Du schaltest deine Klimaanlage ein &#8211; voller Freude auf eine angenehme, frische Brise &#8211; aber heraus kommt nur hei\u00dfe Luft oder ein \u00fcbler Geruch. Bakterien machen auch vor dem Winter nicht Halt und k\u00f6nnen sich in der Klimaanlage sammeln. Daher sollten die Anlage sowie der Innenraumluftfilter unbedingt \u00fcberpr\u00fcft werden, bevor es drau\u00dfen so richtig hei\u00df wird.<\/p><\/div>\n\t\t\t\t\t<\/div><div class=\"eael-accordion-list\">\n\t\t\t\t\t<div id=\"meine-kia-standorte-wo-kann-ich-den-kia-sommer-check-durchfhren-lassen\" class=\"elementor-tab-title eael-accordion-header\" tabindex=\"0\" data-tab=\"3\" aria-controls=\"elementor-tab-content-1593\"><span class=\"eael-accordion-tab-title\">Meine Kia Standorte - Wo kann ich den Kia Sommer-Check durchf\u00fchren lassen?<\/span><\/div><div id=\"elementor-tab-content-1593\" class=\"eael-accordion-content clearfix\" data-tab=\"3\" aria-labelledby=\"meine-kia-standorte-wo-kann-ich-den-kia-sommer-check-durchfhren-lassen\"><p>Hier kommst du zu den <a href=\"\/kia\/standorte\/\">Kia-Standorten<\/a> der Autohaus G\u00fcnther GmbH<\/p><\/div>\n\t\t\t\t\t<\/div><\/div>\t\t\t\t<\/div>\n\t\t\t\t<\/div>\n\t\t\t\t\t<\/div>\n\t\t<\/div>\n\t\t\t\t\t<\/div>\n\t\t<\/section>\n\t\t\t\t<section class=\"elementor-section elementor-top-section elementor-element elementor-element-3866dbc1 elementor-section-content-middle elementor-section-boxed elementor-section-height-default elementor-section-height-default\" data-id=\"3866dbc1\" data-element_type=\"section\" data-settings=\"{&quot;background_background&quot;:&quot;classic&quot;}\">\n\t\t\t\t\t\t<div class=\"elementor-container elementor-column-gap-no\">\n\t\t\t\t\t<div class=\"elementor-column elementor-col-100 elementor-top-column elementor-element elementor-element-4612a3a0\" data-id=\"4612a3a0\" data-element_type=\"column\">\n\t\t\t<div class=\"elementor-widget-wrap elementor-element-populated\">\n\t\t\t\t\t\t<div class=\"elementor-element elementor-element-cf92db1 elementor-widget elementor-widget-heading\" data-id=\"cf92db1\" data-element_type=\"widget\" data-widget_type=\"heading.default\">\n\t\t\t\t<div class=\"elementor-widget-container\">\n\t\t\t\t\t<h2 class=\"elementor-heading-title elementor-size-default\">Wie k\u00f6nnen wir helfen?<\/h2>\t\t\t\t<\/div>\n\t\t\t\t<\/div>\n\t\t\t\t<div class=\"elementor-element elementor-element-70c8a66 elementor-widget-divider--view-line elementor-widget elementor-widget-divider\" data-id=\"70c8a66\" data-element_type=\"widget\" data-widget_type=\"divider.default\">\n\t\t\t\t<div class=\"elementor-widget-container\">\n\t\t\t\t\t\t\t<div class=\"elementor-divider\">\n\t\t\t<span class=\"elementor-divider-separator\">\n\t\t\t\t\t\t<\/span>\n\t\t<\/div>\n\t\t\t\t\t\t<\/div>\n\t\t\t\t<\/div>\n\t\t\t\t<section class=\"elementor-section elementor-inner-section elementor-element elementor-element-064aff8 elementor-section-boxed elementor-section-height-default elementor-section-height-default\" data-id=\"064aff8\" data-element_type=\"section\">\n\t\t\t\t\t\t<div class=\"elementor-container elementor-column-gap-default\">\n\t\t\t\t\t<div class=\"elementor-column elementor-col-33 elementor-inner-column elementor-element elementor-element-402bf92\" data-id=\"402bf92\" data-element_type=\"column\" data-settings=\"{&quot;background_background&quot;:&quot;classic&quot;}\">\n\t\t\t<div class=\"elementor-widget-wrap elementor-element-populated\">\n\t\t\t\t\t\t<div class=\"elementor-element elementor-element-88f19cd elementor-view-framed elementor-shape-circle elementor-position-top elementor-mobile-position-top elementor-widget elementor-widget-icon-box\" data-id=\"88f19cd\" data-element_type=\"widget\" data-widget_type=\"icon-box.default\">\n\t\t\t\t<div class=\"elementor-widget-container\">\n\t\t\t\t\t\t\t<div class=\"elementor-icon-box-wrapper\">\n\n\t\t\t\t\t\t<div class=\"elementor-icon-box-icon\">\n\t\t\t\t<a href=\"\/kia\/kontakt\/\" class=\"elementor-icon\" tabindex=\"-1\" aria-label=\"Kontakt\">\n\t\t\t\t<i aria-hidden=\"true\" class=\"fas fa-info\"><\/i>\t\t\t\t<\/a>\n\t\t\t<\/div>\n\t\t\t\n\t\t\t\t\t\t<div class=\"elementor-icon-box-content\">\n\n\t\t\t\t\t\t\t\t\t<h3 class=\"elementor-icon-box-title\">\n\t\t\t\t\t\t<a href=\"\/kia\/kontakt\/\" >\n\t\t\t\t\t\t\tKontakt\t\t\t\t\t\t<\/a>\n\t\t\t\t\t<\/h3>\n\t\t\t\t\n\t\t\t\t\n\t\t\t<\/div>\n\t\t\t\n\t\t<\/div>\n\t\t\t\t\t\t<\/div>\n\t\t\t\t<\/div>\n\t\t\t\t<div class=\"elementor-element elementor-element-de0de30 elementor-widget elementor-widget-image\" data-id=\"de0de30\" data-element_type=\"widget\" data-widget_type=\"image.default\">\n\t\t\t\t<div class=\"elementor-widget-container\">\n\t\t\t\t\t\t\t\t\t\t\t\t\t\t\t<img decoding=\"async\" src=\"http:\/\/guenther-gruppe.de\/kia\/wp-content\/uploads\/sites\/9\/2021\/02\/logo-01-free-img.png\" title=\"\" alt=\"\" loading=\"lazy\" \/>\t\t\t\t\t\t\t\t\t\t\t\t\t\t\t<\/div>\n\t\t\t\t<\/div>\n\t\t\t\t\t<\/div>\n\t\t<\/div>\n\t\t\t\t<div class=\"elementor-column elementor-col-33 elementor-inner-column elementor-element elementor-element-2b3825a\" data-id=\"2b3825a\" data-element_type=\"column\" data-settings=\"{&quot;background_background&quot;:&quot;classic&quot;}\">\n\t\t\t<div class=\"elementor-widget-wrap elementor-element-populated\">\n\t\t\t\t\t\t<div class=\"elementor-element elementor-element-e30982f elementor-view-framed elementor-shape-circle elementor-position-top elementor-mobile-position-top elementor-widget elementor-widget-icon-box\" data-id=\"e30982f\" data-element_type=\"widget\" data-widget_type=\"icon-box.default\">\n\t\t\t\t<div class=\"elementor-widget-container\">\n\t\t\t\t\t\t\t<div class=\"elementor-icon-box-wrapper\">\n\n\t\t\t\t\t\t<div class=\"elementor-icon-box-icon\">\n\t\t\t\t<a href=\"\/kia\/probefahrt\/\" class=\"elementor-icon\" tabindex=\"-1\" aria-label=\"Probefahrt vereinbaren\">\n\t\t\t\t<i aria-hidden=\"true\" class=\"fas fa-car\"><\/i>\t\t\t\t<\/a>\n\t\t\t<\/div>\n\t\t\t\n\t\t\t\t\t\t<div class=\"elementor-icon-box-content\">\n\n\t\t\t\t\t\t\t\t\t<h3 class=\"elementor-icon-box-title\">\n\t\t\t\t\t\t<a href=\"\/kia\/probefahrt\/\" >\n\t\t\t\t\t\t\tProbefahrt vereinbaren\t\t\t\t\t\t<\/a>\n\t\t\t\t\t<\/h3>\n\t\t\t\t\n\t\t\t\t\n\t\t\t<\/div>\n\t\t\t\n\t\t<\/div>\n\t\t\t\t\t\t<\/div>\n\t\t\t\t<\/div>\n\t\t\t\t\t<\/div>\n\t\t<\/div>\n\t\t\t\t<div class=\"elementor-column elementor-col-33 elementor-inner-column elementor-element elementor-element-056f0aa\" data-id=\"056f0aa\" data-element_type=\"column\" data-settings=\"{&quot;background_background&quot;:&quot;classic&quot;}\">\n\t\t\t<div class=\"elementor-widget-wrap elementor-element-populated\">\n\t\t\t\t\t\t<div class=\"elementor-element elementor-element-88ae19b elementor-view-framed elementor-shape-circle elementor-position-top elementor-mobile-position-top elementor-widget elementor-widget-icon-box\" data-id=\"88ae19b\" data-element_type=\"widget\" data-widget_type=\"icon-box.default\">\n\t\t\t\t<div class=\"elementor-widget-container\">\n\t\t\t\t\t\t\t<div class=\"elementor-icon-box-wrapper\">\n\n\t\t\t\t\t\t<div class=\"elementor-icon-box-icon\">\n\t\t\t\t<a href=\"\/kia\/standorte\/\" class=\"elementor-icon\" tabindex=\"-1\" aria-label=\"Standorte suchen\">\n\t\t\t\t<i aria-hidden=\"true\" class=\"fas fa-map-marker-alt\"><\/i>\t\t\t\t<\/a>\n\t\t\t<\/div>\n\t\t\t\n\t\t\t\t\t\t<div class=\"elementor-icon-box-content\">\n\n\t\t\t\t\t\t\t\t\t<h3 class=\"elementor-icon-box-title\">\n\t\t\t\t\t\t<a href=\"\/kia\/standorte\/\" >\n\t\t\t\t\t\t\tStandorte suchen\t\t\t\t\t\t<\/a>\n\t\t\t\t\t<\/h3>\n\t\t\t\t\n\t\t\t\t\n\t\t\t<\/div>\n\t\t\t\n\t\t<\/div>\n\t\t\t\t\t\t<\/div>\n\t\t\t\t<\/div>\n\t\t\t\t\t<\/div>\n\t\t<\/div>\n\t\t\t\t\t<\/div>\n\t\t<\/section>\n\t\t\t\t\t<\/div>\n\t\t<\/div>\n\t\t\t\t\t<\/div>\n\t\t<\/section>\n\t\t\t\t<\/div>\n\t\t","protected":false},"excerpt":{"rendered":"<p>Kia Niro Hybrid 1.6 GDI (Benzin\/Doppelkupplungsgetriebe); 104 kW (141 PS): Kraftstoffverbrauch kombiniert 4,2 l\/100 km; CO\u2082-Emission kombiniert 99 g\/km.* Der Kia Sommer-Check. Beim Kia Sommer-Check \u00fcberpr\u00fcft dein Kia Partner sicherheitsrelevante Komponenten deines Fahrzeugs. So k\u00f6nnen du und dein Fahrzeug mit dem Winter abschlie\u00dfen und im Sommer wieder voll durchstarten! Der Kia Sommer-Check umfasst: Scheinwerfer- und <a class=\"fusion-button\" href=\"https:\/\/guenther-gruppe.de\/kia\/kia-sommer-check\/\">Read More \u00bb<\/a><\/p>\n","protected":false},"author":10,"featured_media":0,"parent":0,"menu_order":0,"comment_status":"closed","ping_status":"closed","template":"","meta":{"_acf_changed":false,"site-sidebar-layout":"no-sidebar","site-content-layout":"page-builder","ast-site-content-layout":"default","site-content-style":"default","site-sidebar-style":"default","ast-global-header-display":"","ast-banner-title-visibility":"","ast-main-header-display":"","ast-hfb-above-header-display":"","ast-hfb-below-header-display":"","ast-hfb-mobile-header-display":"","site-post-title":"disabled","ast-breadcrumbs-content":"","ast-featured-img":"disabled","footer-sml-layout":"","theme-transparent-header-meta":"disabled","adv-header-id-meta":"","stick-header-meta":"","header-above-stick-meta":"","header-main-stick-meta":"","header-below-stick-meta":"","astra-migrate-meta-layouts":"default","ast-page-background-enabled":"default","ast-page-background-meta":{"desktop":{"background-color":"","background-image":"","background-repeat":"repeat","background-position":"center center","background-size":"auto","background-attachment":"scroll","background-type":"","background-media":"","overlay-type":"","overlay-color":"","overlay-opacity":"","overlay-gradient":""},"tablet":{"background-color":"","background-image":"","background-repeat":"repeat","background-position":"center center","background-size":"auto","background-attachment":"scroll","background-type":"","background-media":"","overlay-type":"","overlay-color":"","overlay-opacity":"","overlay-gradient":""},"mobile":{"background-color":"","background-image":"","background-repeat":"repeat","background-position":"center center","background-size":"auto","background-attachment":"scroll","background-type":"","background-media":"","overlay-type":"","overlay-color":"","overlay-opacity":"","overlay-gradient":""}},"ast-content-background-meta":{"desktop":{"background-color":"var(--ast-global-color-5)","background-image":"","background-repeat":"repeat","background-position":"center center","background-size":"auto","background-attachment":"scroll","background-type":"","background-media":"","overlay-type":"","overlay-color":"","overlay-opacity":"","overlay-gradient":""},"tablet":{"background-color":"var(--ast-global-color-5)","background-image":"","background-repeat":"repeat","background-position":"center center","background-size":"auto","background-attachment":"scroll","background-type":"","background-media":"","overlay-type":"","overlay-color":"","overlay-opacity":"","overlay-gradient":""},"mobile":{"background-color":"var(--ast-global-color-5)","background-image":"","background-repeat":"repeat","background-position":"center center","background-size":"auto","background-attachment":"scroll","background-type":"","background-media":"","overlay-type":"","overlay-color":"","overlay-opacity":"","overlay-gradient":""}},"footnotes":""},"class_list":["post-10978","page","type-page","status-publish","hentry"],"acf":[],"yoast_head":"<!-- This site is optimized with the Yoast SEO plugin v26.5 - https:\/\/yoast.com\/wordpress\/plugins\/seo\/ -->\n<title>KIA Sommer-Check! Ist dein Kia ideal f\u00fcr den Urlaub vorbereitet?<\/title>\n<meta name=\"description\" content=\"Beim Kia Sommer-Check \u00fcberpr\u00fcfen wir sicherheitsrelevante Komponenten deines Fahrzeugs. So kannst du im Sommer wieder voll durchstarten!\" \/>\n<meta name=\"robots\" content=\"index, follow, max-snippet:-1, max-image-preview:large, max-video-preview:-1\" \/>\n<link rel=\"canonical\" href=\"https:\/\/guenther-gruppe.de\/kia\/kia-sommer-check\/\" \/>\n<meta property=\"og:locale\" content=\"de_DE\" \/>\n<meta property=\"og:type\" content=\"article\" \/>\n<meta property=\"og:title\" content=\"KIA Sommer-Check! Ist dein Kia ideal f\u00fcr den Urlaub vorbereitet?\" \/>\n<meta property=\"og:description\" content=\"Beim Kia Sommer-Check \u00fcberpr\u00fcfen wir sicherheitsrelevante Komponenten deines Fahrzeugs. So kannst du im Sommer wieder voll durchstarten!\" \/>\n<meta property=\"og:url\" content=\"https:\/\/guenther-gruppe.de\/kia\/kia-sommer-check\/\" \/>\n<meta property=\"og:site_name\" content=\"Autohaus G\u00fcnther GmbH - Kia Vertragsh\u00e4ndler Hamburg und Ahrensburg\" \/>\n<meta property=\"article:modified_time\" content=\"2025-02-13T13:20:22+00:00\" \/>\n<meta property=\"og:image\" content=\"https:\/\/guenther-gruppe.de\/kia\/wp-content\/uploads\/sites\/9\/layerslider\/Unser-Hygienekonzept-Mobil\/werkstatt_und_service.png\" \/>\n\t<meta property=\"og:image:width\" content=\"394\" \/>\n\t<meta property=\"og:image:height\" content=\"199\" \/>\n\t<meta property=\"og:image:type\" content=\"image\/png\" \/>\n<meta name=\"twitter:card\" content=\"summary_large_image\" \/>\n<meta name=\"twitter:label1\" content=\"Gesch\u00e4tzte Lesezeit\" \/>\n\t<meta name=\"twitter:data1\" content=\"5\u00a0Minuten\" \/>\n<script type=\"application\/ld+json\" class=\"yoast-schema-graph\">{\"@context\":\"https:\/\/schema.org\",\"@graph\":[{\"@type\":\"WebPage\",\"@id\":\"https:\/\/guenther-gruppe.de\/kia\/kia-sommer-check\/\",\"url\":\"https:\/\/guenther-gruppe.de\/kia\/kia-sommer-check\/\",\"name\":\"KIA Sommer-Check! Ist dein Kia ideal f\u00fcr den Urlaub vorbereitet?\",\"isPartOf\":{\"@id\":\"https:\/\/guenther-gruppe.de\/kia\/#website\"},\"primaryImageOfPage\":{\"@id\":\"https:\/\/guenther-gruppe.de\/kia\/kia-sommer-check\/#primaryimage\"},\"image\":{\"@id\":\"https:\/\/guenther-gruppe.de\/kia\/kia-sommer-check\/#primaryimage\"},\"thumbnailUrl\":\"https:\/\/guenther-gruppe.de\/kia\/wp-content\/uploads\/sites\/9\/layerslider\/Unser-Hygienekonzept-Mobil\/werkstatt_und_service.png\",\"datePublished\":\"2021-06-01T11:29:52+00:00\",\"dateModified\":\"2025-02-13T13:20:22+00:00\",\"description\":\"Beim Kia Sommer-Check \u00fcberpr\u00fcfen wir sicherheitsrelevante Komponenten deines Fahrzeugs. So kannst du im Sommer wieder voll durchstarten!\",\"breadcrumb\":{\"@id\":\"https:\/\/guenther-gruppe.de\/kia\/kia-sommer-check\/#breadcrumb\"},\"inLanguage\":\"de\",\"potentialAction\":[{\"@type\":\"ReadAction\",\"target\":[\"https:\/\/guenther-gruppe.de\/kia\/kia-sommer-check\/\"]}]},{\"@type\":\"ImageObject\",\"inLanguage\":\"de\",\"@id\":\"https:\/\/guenther-gruppe.de\/kia\/kia-sommer-check\/#primaryimage\",\"url\":\"https:\/\/guenther-gruppe.de\/kia\/wp-content\/uploads\/sites\/9\/layerslider\/Unser-Hygienekonzept-Mobil\/werkstatt_und_service.png\",\"contentUrl\":\"https:\/\/guenther-gruppe.de\/kia\/wp-content\/uploads\/sites\/9\/layerslider\/Unser-Hygienekonzept-Mobil\/werkstatt_und_service.png\",\"width\":394,\"height\":199,\"caption\":\"Mechaniker im Blaumann inspiziert Motor mit Notizblock\"},{\"@type\":\"BreadcrumbList\",\"@id\":\"https:\/\/guenther-gruppe.de\/kia\/kia-sommer-check\/#breadcrumb\",\"itemListElement\":[{\"@type\":\"ListItem\",\"position\":1,\"name\":\"Startseite\",\"item\":\"https:\/\/guenther-gruppe.de\/kia\/\"},{\"@type\":\"ListItem\",\"position\":2,\"name\":\"kia-sommer-check\"}]},{\"@type\":\"WebSite\",\"@id\":\"https:\/\/guenther-gruppe.de\/kia\/#website\",\"url\":\"https:\/\/guenther-gruppe.de\/kia\/\",\"name\":\"Autohaus G\u00fcnther GmbH - Kia Vertragsh\u00e4ndler Hamburg und Ahrensburg\",\"description\":\"Offizieller Kia Vertragsh\u00e4ndler\",\"publisher\":{\"@id\":\"https:\/\/guenther-gruppe.de\/kia\/#organization\"},\"potentialAction\":[{\"@type\":\"SearchAction\",\"target\":{\"@type\":\"EntryPoint\",\"urlTemplate\":\"https:\/\/guenther-gruppe.de\/kia\/?s={search_term_string}\"},\"query-input\":{\"@type\":\"PropertyValueSpecification\",\"valueRequired\":true,\"valueName\":\"search_term_string\"}}],\"inLanguage\":\"de\"},{\"@type\":\"Organization\",\"@id\":\"https:\/\/guenther-gruppe.de\/kia\/#organization\",\"name\":\"Autohaus G\u00fcnther GmbH\",\"url\":\"https:\/\/guenther-gruppe.de\/kia\/\",\"logo\":{\"@type\":\"ImageObject\",\"inLanguage\":\"de\",\"@id\":\"https:\/\/guenther-gruppe.de\/kia\/#\/schema\/logo\/image\/\",\"url\":\"https:\/\/guenther-gruppe.de\/kia\/wp-content\/uploads\/sites\/9\/2021\/03\/guenther_logo-kia.png\",\"contentUrl\":\"https:\/\/guenther-gruppe.de\/kia\/wp-content\/uploads\/sites\/9\/2021\/03\/guenther_logo-kia.png\",\"width\":2506,\"height\":400,\"caption\":\"Autohaus G\u00fcnther GmbH\"},\"image\":{\"@id\":\"https:\/\/guenther-gruppe.de\/kia\/#\/schema\/logo\/image\/\"}}]}<\/script>\n<!-- \/ Yoast SEO plugin. -->","yoast_head_json":{"title":"KIA Sommer-Check! Ist dein Kia ideal f\u00fcr den Urlaub vorbereitet?","description":"Beim Kia Sommer-Check \u00fcberpr\u00fcfen wir sicherheitsrelevante Komponenten deines Fahrzeugs. So kannst du im Sommer wieder voll durchstarten!","robots":{"index":"index","follow":"follow","max-snippet":"max-snippet:-1","max-image-preview":"max-image-preview:large","max-video-preview":"max-video-preview:-1"},"canonical":"https:\/\/guenther-gruppe.de\/kia\/kia-sommer-check\/","og_locale":"de_DE","og_type":"article","og_title":"KIA Sommer-Check! Ist dein Kia ideal f\u00fcr den Urlaub vorbereitet?","og_description":"Beim Kia Sommer-Check \u00fcberpr\u00fcfen wir sicherheitsrelevante Komponenten deines Fahrzeugs. So kannst du im Sommer wieder voll durchstarten!","og_url":"https:\/\/guenther-gruppe.de\/kia\/kia-sommer-check\/","og_site_name":"Autohaus G\u00fcnther GmbH - Kia Vertragsh\u00e4ndler Hamburg und Ahrensburg","article_modified_time":"2025-02-13T13:20:22+00:00","og_image":[{"width":394,"height":199,"url":"https:\/\/guenther-gruppe.de\/kia\/wp-content\/uploads\/sites\/9\/layerslider\/Unser-Hygienekonzept-Mobil\/werkstatt_und_service.png","type":"image\/png"}],"twitter_card":"summary_large_image","twitter_misc":{"Gesch\u00e4tzte Lesezeit":"5\u00a0Minuten"},"schema":{"@context":"https:\/\/schema.org","@graph":[{"@type":"WebPage","@id":"https:\/\/guenther-gruppe.de\/kia\/kia-sommer-check\/","url":"https:\/\/guenther-gruppe.de\/kia\/kia-sommer-check\/","name":"KIA Sommer-Check! Ist dein Kia ideal f\u00fcr den Urlaub vorbereitet?","isPartOf":{"@id":"https:\/\/guenther-gruppe.de\/kia\/#website"},"primaryImageOfPage":{"@id":"https:\/\/guenther-gruppe.de\/kia\/kia-sommer-check\/#primaryimage"},"image":{"@id":"https:\/\/guenther-gruppe.de\/kia\/kia-sommer-check\/#primaryimage"},"thumbnailUrl":"https:\/\/guenther-gruppe.de\/kia\/wp-content\/uploads\/sites\/9\/layerslider\/Unser-Hygienekonzept-Mobil\/werkstatt_und_service.png","datePublished":"2021-06-01T11:29:52+00:00","dateModified":"2025-02-13T13:20:22+00:00","description":"Beim Kia Sommer-Check \u00fcberpr\u00fcfen wir sicherheitsrelevante Komponenten deines Fahrzeugs. So kannst du im Sommer wieder voll durchstarten!","breadcrumb":{"@id":"https:\/\/guenther-gruppe.de\/kia\/kia-sommer-check\/#breadcrumb"},"inLanguage":"de","potentialAction":[{"@type":"ReadAction","target":["https:\/\/guenther-gruppe.de\/kia\/kia-sommer-check\/"]}]},{"@type":"ImageObject","inLanguage":"de","@id":"https:\/\/guenther-gruppe.de\/kia\/kia-sommer-check\/#primaryimage","url":"https:\/\/guenther-gruppe.de\/kia\/wp-content\/uploads\/sites\/9\/layerslider\/Unser-Hygienekonzept-Mobil\/werkstatt_und_service.png","contentUrl":"https:\/\/guenther-gruppe.de\/kia\/wp-content\/uploads\/sites\/9\/layerslider\/Unser-Hygienekonzept-Mobil\/werkstatt_und_service.png","width":394,"height":199,"caption":"Mechaniker im Blaumann inspiziert Motor mit Notizblock"},{"@type":"BreadcrumbList","@id":"https:\/\/guenther-gruppe.de\/kia\/kia-sommer-check\/#breadcrumb","itemListElement":[{"@type":"ListItem","position":1,"name":"Startseite","item":"https:\/\/guenther-gruppe.de\/kia\/"},{"@type":"ListItem","position":2,"name":"kia-sommer-check"}]},{"@type":"WebSite","@id":"https:\/\/guenther-gruppe.de\/kia\/#website","url":"https:\/\/guenther-gruppe.de\/kia\/","name":"Autohaus G\u00fcnther GmbH - Kia Vertragsh\u00e4ndler Hamburg und Ahrensburg","description":"Offizieller Kia Vertragsh\u00e4ndler","publisher":{"@id":"https:\/\/guenther-gruppe.de\/kia\/#organization"},"potentialAction":[{"@type":"SearchAction","target":{"@type":"EntryPoint","urlTemplate":"https:\/\/guenther-gruppe.de\/kia\/?s={search_term_string}"},"query-input":{"@type":"PropertyValueSpecification","valueRequired":true,"valueName":"search_term_string"}}],"inLanguage":"de"},{"@type":"Organization","@id":"https:\/\/guenther-gruppe.de\/kia\/#organization","name":"Autohaus G\u00fcnther GmbH","url":"https:\/\/guenther-gruppe.de\/kia\/","logo":{"@type":"ImageObject","inLanguage":"de","@id":"https:\/\/guenther-gruppe.de\/kia\/#\/schema\/logo\/image\/","url":"https:\/\/guenther-gruppe.de\/kia\/wp-content\/uploads\/sites\/9\/2021\/03\/guenther_logo-kia.png","contentUrl":"https:\/\/guenther-gruppe.de\/kia\/wp-content\/uploads\/sites\/9\/2021\/03\/guenther_logo-kia.png","width":2506,"height":400,"caption":"Autohaus G\u00fcnther GmbH"},"image":{"@id":"https:\/\/guenther-gruppe.de\/kia\/#\/schema\/logo\/image\/"}}]}},"_links":{"self":[{"href":"https:\/\/guenther-gruppe.de\/kia\/wp-json\/wp\/v2\/pages\/10978","targetHints":{"allow":["GET"]}}],"collection":[{"href":"https:\/\/guenther-gruppe.de\/kia\/wp-json\/wp\/v2\/pages"}],"about":[{"href":"https:\/\/guenther-gruppe.de\/kia\/wp-json\/wp\/v2\/types\/page"}],"author":[{"embeddable":true,"href":"https:\/\/guenther-gruppe.de\/kia\/wp-json\/wp\/v2\/users\/10"}],"replies":[{"embeddable":true,"href":"https:\/\/guenther-gruppe.de\/kia\/wp-json\/wp\/v2\/comments?post=10978"}],"version-history":[{"count":4,"href":"https:\/\/guenther-gruppe.de\/kia\/wp-json\/wp\/v2\/pages\/10978\/revisions"}],"predecessor-version":[{"id":102244,"href":"https:\/\/guenther-gruppe.de\/kia\/wp-json\/wp\/v2\/pages\/10978\/revisions\/102244"}],"wp:attachment":[{"href":"https:\/\/guenther-gruppe.de\/kia\/wp-json\/wp\/v2\/media?parent=10978"}],"curies":[{"name":"wp","href":"https:\/\/api.w.org\/{rel}","templated":true}]}}