{"id":364,"date":"2022-07-12T10:47:00","date_gmt":"2022-07-12T08:47:00","guid":{"rendered":"https:\/\/guenther-gruppe.de\/isuzu\/?page_id=364"},"modified":"2022-08-12T17:11:57","modified_gmt":"2022-08-12T15:11:57","slug":"ausstattung","status":"publish","type":"page","link":"https:\/\/guenther-gruppe.de\/isuzu\/d-max\/ausstattung\/","title":{"rendered":"Ausstattung"},"content":{"rendered":"\t\t<div data-elementor-type=\"wp-page\" data-elementor-id=\"364\" class=\"elementor elementor-364\" data-elementor-post-type=\"page\">\n\t\t\t\t\t\t<section class=\"elementor-section elementor-top-section elementor-element elementor-element-0402b83 elementor-section-full_width elementor-section-height-min-height elementor-section-content-space-evenly elementor-section-stretched elementor-hidden-mobile elementor-section-height-default elementor-section-items-middle\" data-id=\"0402b83\" data-element_type=\"section\" data-settings=\"{&quot;stretch_section&quot;:&quot;section-stretched&quot;,&quot;background_background&quot;:&quot;classic&quot;}\">\n\t\t\t\t\t\t<div class=\"elementor-container elementor-column-gap-no\">\n\t\t\t\t\t<div class=\"elementor-column elementor-col-100 elementor-top-column elementor-element elementor-element-6b2a412\" data-id=\"6b2a412\" data-element_type=\"column\">\n\t\t\t<div class=\"elementor-widget-wrap elementor-element-populated\">\n\t\t\t\t\t\t<div class=\"elementor-element elementor-element-444ef24 elementor-widget elementor-widget-image\" data-id=\"444ef24\" data-element_type=\"widget\" data-widget_type=\"image.default\">\n\t\t\t\t<div class=\"elementor-widget-container\">\n\t\t\t\t\t\t\t\t\t\t\t\t\t\t\t<img fetchpriority=\"high\" decoding=\"async\" width=\"1536\" height=\"477\" src=\"https:\/\/guenther-gruppe.de\/isuzu\/wp-content\/uploads\/sites\/11\/2022\/07\/d-max-ausstattung-header.jpg\" class=\"attachment-full size-full wp-image-2538\" alt=\"Isuzu f\u00e4hrt im Gel\u00e4nde\" srcset=\"https:\/\/guenther-gruppe.de\/isuzu\/wp-content\/uploads\/sites\/11\/2022\/07\/d-max-ausstattung-header.jpg 1536w, https:\/\/guenther-gruppe.de\/isuzu\/wp-content\/uploads\/sites\/11\/2022\/07\/d-max-ausstattung-header-300x93.jpg 300w, https:\/\/guenther-gruppe.de\/isuzu\/wp-content\/uploads\/sites\/11\/2022\/07\/d-max-ausstattung-header-1024x318.jpg 1024w, https:\/\/guenther-gruppe.de\/isuzu\/wp-content\/uploads\/sites\/11\/2022\/07\/d-max-ausstattung-header-768x239.jpg 768w\" sizes=\"(max-width: 1536px) 100vw, 1536px\" \/>\t\t\t\t\t\t\t\t\t\t\t\t\t\t\t<\/div>\n\t\t\t\t<\/div>\n\t\t\t\t\t<\/div>\n\t\t<\/div>\n\t\t\t\t\t<\/div>\n\t\t<\/section>\n\t\t\t\t<section class=\"elementor-section elementor-top-section elementor-element elementor-element-3f37377 elementor-hidden-desktop elementor-hidden-tablet elementor-section-boxed elementor-section-height-default elementor-section-height-default\" data-id=\"3f37377\" data-element_type=\"section\">\n\t\t\t\t\t\t<div class=\"elementor-container elementor-column-gap-default\">\n\t\t\t\t\t<div class=\"elementor-column elementor-col-100 elementor-top-column elementor-element elementor-element-221ab46\" data-id=\"221ab46\" data-element_type=\"column\">\n\t\t\t<div class=\"elementor-widget-wrap elementor-element-populated\">\n\t\t\t\t\t\t<div class=\"elementor-element elementor-element-1396090 elementor-widget elementor-widget-image\" data-id=\"1396090\" data-element_type=\"widget\" data-widget_type=\"image.default\">\n\t\t\t\t<div class=\"elementor-widget-container\">\n\t\t\t\t\t\t\t\t\t\t\t\t\t\t\t<img decoding=\"async\" width=\"400\" height=\"459\" src=\"https:\/\/guenther-gruppe.de\/isuzu\/wp-content\/uploads\/sites\/11\/2022\/08\/2284-ausstattung-header-mobil1.jpg\" class=\"attachment-full size-full wp-image-3763\" alt=\"Isuzu Auto in rot\" srcset=\"https:\/\/guenther-gruppe.de\/isuzu\/wp-content\/uploads\/sites\/11\/2022\/08\/2284-ausstattung-header-mobil1.jpg 400w, https:\/\/guenther-gruppe.de\/isuzu\/wp-content\/uploads\/sites\/11\/2022\/08\/2284-ausstattung-header-mobil1-261x300.jpg 261w\" sizes=\"(max-width: 400px) 100vw, 400px\" \/>\t\t\t\t\t\t\t\t\t\t\t\t\t\t\t<\/div>\n\t\t\t\t<\/div>\n\t\t\t\t\t<\/div>\n\t\t<\/div>\n\t\t\t\t\t<\/div>\n\t\t<\/section>\n\t\t\t\t<section class=\"elementor-section elementor-top-section elementor-element elementor-element-a2f3bec elementor-section-boxed elementor-section-height-default elementor-section-height-default\" data-id=\"a2f3bec\" data-element_type=\"section\">\n\t\t\t\t\t\t<div class=\"elementor-container elementor-column-gap-no\">\n\t\t\t\t\t<div class=\"elementor-column elementor-col-100 elementor-top-column elementor-element elementor-element-75456d9\" data-id=\"75456d9\" data-element_type=\"column\">\n\t\t\t<div class=\"elementor-widget-wrap elementor-element-populated\">\n\t\t\t\t\t\t<div class=\"elementor-element elementor-element-6fc0d06 elementor-widget elementor-widget-heading\" data-id=\"6fc0d06\" data-element_type=\"widget\" data-widget_type=\"heading.default\">\n\t\t\t\t<div class=\"elementor-widget-container\">\n\t\t\t\t\t<h1 class=\"elementor-heading-title elementor-size-default\">D-MAX AUSTATTUNG<\/h1>\t\t\t\t<\/div>\n\t\t\t\t<\/div>\n\t\t\t\t<div class=\"elementor-element elementor-element-0c31943 elementor-widget elementor-widget-heading\" data-id=\"0c31943\" data-element_type=\"widget\" data-widget_type=\"heading.default\">\n\t\t\t\t<div class=\"elementor-widget-container\">\n\t\t\t\t\t<h2 class=\"elementor-heading-title elementor-size-default\">DURCHDACHT BIS INS DETAIL<\/h2>\t\t\t\t<\/div>\n\t\t\t\t<\/div>\n\t\t\t\t<div class=\"elementor-element elementor-element-e9ff2e6 elementor-widget elementor-widget-text-editor\" data-id=\"e9ff2e6\" data-element_type=\"widget\" data-widget_type=\"text-editor.default\">\n\t\t\t\t<div class=\"elementor-widget-container\">\n\t\t\t\t\t\t\t\t\t<p>Vom Regen- und Lichtsensor \u00fcber das Parkhilfesystem mit R\u00fcckfahrkamera bis hin zum h\u00f6hen- und weitenverstellbaren Lenkrad: Die umfangreiche D-MAX Ausstattung bietet Dir dank neuester Technologie mehr Nutzerfreundlichkeit, mehr Komfort und zus\u00e4tzliche Sicherheit.<\/p>\t\t\t\t\t\t\t\t<\/div>\n\t\t\t\t<\/div>\n\t\t\t\t\t<\/div>\n\t\t<\/div>\n\t\t\t\t\t<\/div>\n\t\t<\/section>\n\t\t\t\t<section class=\"elementor-section elementor-top-section elementor-element elementor-element-3a3a117 elementor-hidden-mobile elementor-section-boxed elementor-section-height-default elementor-section-height-default\" data-id=\"3a3a117\" data-element_type=\"section\" data-settings=\"{&quot;background_background&quot;:&quot;classic&quot;}\">\n\t\t\t\t\t\t\t<div class=\"elementor-background-overlay\"><\/div>\n\t\t\t\t\t\t\t<div class=\"elementor-container elementor-column-gap-default\">\n\t\t\t\t\t<div class=\"elementor-column elementor-col-50 elementor-top-column elementor-element elementor-element-4be1638\" data-id=\"4be1638\" data-element_type=\"column\">\n\t\t\t<div class=\"elementor-widget-wrap elementor-element-populated\">\n\t\t\t\t\t\t<div class=\"elementor-element elementor-element-47aa3c9 elementor-widget elementor-widget-heading\" data-id=\"47aa3c9\" data-element_type=\"widget\" data-widget_type=\"heading.default\">\n\t\t\t\t<div class=\"elementor-widget-container\">\n\t\t\t\t\t<h4 class=\"elementor-heading-title elementor-size-default\">KOnnektivit\u00e4t &amp; Infotainment<\/h4>\t\t\t\t<\/div>\n\t\t\t\t<\/div>\n\t\t\t\t<div class=\"elementor-element elementor-element-861b1e9 elementor-widget elementor-widget-heading\" data-id=\"861b1e9\" data-element_type=\"widget\" data-widget_type=\"heading.default\">\n\t\t\t\t<div class=\"elementor-widget-container\">\n\t\t\t\t\t<h2 class=\"elementor-heading-title elementor-size-default\">bleibe in verbindung<\/h2>\t\t\t\t<\/div>\n\t\t\t\t<\/div>\n\t\t\t\t<div class=\"elementor-element elementor-element-ff4b991 elementor-widget elementor-widget-text-editor\" data-id=\"ff4b991\" data-element_type=\"widget\" data-widget_type=\"text-editor.default\">\n\t\t\t\t<div class=\"elementor-widget-container\">\n\t\t\t\t\t\t\t\t\t<p>Die intelligente Technologie von D-MAX verwandelt Ihren Innenraum in eine Schaltzentrale. Ein beeindruckender 9-Zoll-Touchscreen l\u00e4sst Sie alles sehen. Gleichzeitig bleiben Sie dank intelligenter Sprachsteuerung und der Integration von Apple CarPlay\u00ae und Android Auto\u2122 \u00fcberall auf dem Laufenden. *<\/p>\t\t\t\t\t\t\t\t<\/div>\n\t\t\t\t<\/div>\n\t\t\t\t\t<\/div>\n\t\t<\/div>\n\t\t\t\t<div class=\"elementor-column elementor-col-50 elementor-top-column elementor-element elementor-element-cfdbdcf\" data-id=\"cfdbdcf\" data-element_type=\"column\">\n\t\t\t<div class=\"elementor-widget-wrap\">\n\t\t\t\t\t\t\t<\/div>\n\t\t<\/div>\n\t\t\t\t\t<\/div>\n\t\t<\/section>\n\t\t\t\t<section class=\"elementor-section elementor-top-section elementor-element elementor-element-25c1a83 elementor-hidden-desktop elementor-hidden-tablet elementor-section-boxed elementor-section-height-default elementor-section-height-default\" data-id=\"25c1a83\" data-element_type=\"section\" data-settings=\"{&quot;background_background&quot;:&quot;classic&quot;}\">\n\t\t\t\t\t\t\t<div class=\"elementor-background-overlay\"><\/div>\n\t\t\t\t\t\t\t<div class=\"elementor-container elementor-column-gap-default\">\n\t\t\t\t\t<div class=\"elementor-column elementor-col-50 elementor-top-column elementor-element elementor-element-57fe035\" data-id=\"57fe035\" data-element_type=\"column\">\n\t\t\t<div class=\"elementor-widget-wrap elementor-element-populated\">\n\t\t\t\t\t\t<div class=\"elementor-element elementor-element-c71d0da elementor-widget elementor-widget-heading\" data-id=\"c71d0da\" data-element_type=\"widget\" data-widget_type=\"heading.default\">\n\t\t\t\t<div class=\"elementor-widget-container\">\n\t\t\t\t\t<h4 class=\"elementor-heading-title elementor-size-default\">KOnnektivit\u00e4t &amp; Infotainment<\/h4>\t\t\t\t<\/div>\n\t\t\t\t<\/div>\n\t\t\t\t<div class=\"elementor-element elementor-element-983854e elementor-widget elementor-widget-heading\" data-id=\"983854e\" data-element_type=\"widget\" data-widget_type=\"heading.default\">\n\t\t\t\t<div class=\"elementor-widget-container\">\n\t\t\t\t\t<h2 class=\"elementor-heading-title elementor-size-default\">bleibeN SIE in verbindung<\/h2>\t\t\t\t<\/div>\n\t\t\t\t<\/div>\n\t\t\t\t<div class=\"elementor-element elementor-element-af17f91 elementor-widget elementor-widget-text-editor\" data-id=\"af17f91\" data-element_type=\"widget\" data-widget_type=\"text-editor.default\">\n\t\t\t\t<div class=\"elementor-widget-container\">\n\t\t\t\t\t\t\t\t\t<p>Die intelligente Technologie des D-MAX macht den Innenraum zur Steuerzentrale. Mit einem beeindruckenden 9-Zoll-Touchscreen haben Sie alles im Blick. Zugleich bleiben Sie durch die intelligente Sprachsteuerung und die Einbindung von Apple CarPlay\u00ae und Android Auto\u2122 immer und \u00fcberall up-to-date.*<\/p>\t\t\t\t\t\t\t\t<\/div>\n\t\t\t\t<\/div>\n\t\t\t\t\t<\/div>\n\t\t<\/div>\n\t\t\t\t<div class=\"elementor-column elementor-col-50 elementor-top-column elementor-element elementor-element-8960074\" data-id=\"8960074\" data-element_type=\"column\">\n\t\t\t<div class=\"elementor-widget-wrap\">\n\t\t\t\t\t\t\t<\/div>\n\t\t<\/div>\n\t\t\t\t\t<\/div>\n\t\t<\/section>\n\t\t\t\t<section class=\"elementor-section elementor-top-section elementor-element elementor-element-733bfc4 elementor-hidden-mobile elementor-section-boxed elementor-section-height-default elementor-section-height-default\" data-id=\"733bfc4\" data-element_type=\"section\" data-settings=\"{&quot;background_background&quot;:&quot;classic&quot;}\">\n\t\t\t\t\t\t<div class=\"elementor-container elementor-column-gap-default\">\n\t\t\t\t\t<div class=\"elementor-column elementor-col-50 elementor-top-column elementor-element elementor-element-39b4d60\" data-id=\"39b4d60\" data-element_type=\"column\">\n\t\t\t<div class=\"elementor-widget-wrap\">\n\t\t\t\t\t\t\t<\/div>\n\t\t<\/div>\n\t\t\t\t<div class=\"elementor-column elementor-col-50 elementor-top-column elementor-element elementor-element-ffd8631\" data-id=\"ffd8631\" data-element_type=\"column\">\n\t\t\t<div class=\"elementor-widget-wrap elementor-element-populated\">\n\t\t\t\t\t\t<div class=\"elementor-element elementor-element-6200661 elementor-widget elementor-widget-heading\" data-id=\"6200661\" data-element_type=\"widget\" data-widget_type=\"heading.default\">\n\t\t\t\t<div class=\"elementor-widget-container\">\n\t\t\t\t\t<h4 class=\"elementor-heading-title elementor-size-default\">Multifunktionslenkrad\n<\/h4>\t\t\t\t<\/div>\n\t\t\t\t<\/div>\n\t\t\t\t<div class=\"elementor-element elementor-element-dc23eed elementor-widget elementor-widget-heading\" data-id=\"dc23eed\" data-element_type=\"widget\" data-widget_type=\"heading.default\">\n\t\t\t\t<div class=\"elementor-widget-container\">\n\t\t\t\t\t<h2 class=\"elementor-heading-title elementor-size-default\">H\u00f6hen- und weitenverstellbar\n<\/h2>\t\t\t\t<\/div>\n\t\t\t\t<\/div>\n\t\t\t\t<div class=\"elementor-element elementor-element-80a1064 elementor-widget elementor-widget-text-editor\" data-id=\"80a1064\" data-element_type=\"widget\" data-widget_type=\"text-editor.default\">\n\t\t\t\t<div class=\"elementor-widget-container\">\n\t\t\t\t\t\t\t\t\t<p>Das sportliche Multifunktionslenkrad mit einstellbarer H\u00f6he und Breite bietet optimalen Komfort und erleichtert das Finden der idealen Fahrposition.<\/p>\t\t\t\t\t\t\t\t<\/div>\n\t\t\t\t<\/div>\n\t\t\t\t\t<\/div>\n\t\t<\/div>\n\t\t\t\t\t<\/div>\n\t\t<\/section>\n\t\t\t\t<section class=\"elementor-section elementor-top-section elementor-element elementor-element-d6a73bd elementor-hidden-desktop elementor-hidden-tablet elementor-section-boxed elementor-section-height-default elementor-section-height-default\" data-id=\"d6a73bd\" data-element_type=\"section\" data-settings=\"{&quot;background_background&quot;:&quot;classic&quot;}\">\n\t\t\t\t\t\t<div class=\"elementor-container elementor-column-gap-default\">\n\t\t\t\t\t<div class=\"elementor-column elementor-col-50 elementor-top-column elementor-element elementor-element-0120ad8\" data-id=\"0120ad8\" data-element_type=\"column\">\n\t\t\t<div class=\"elementor-widget-wrap\">\n\t\t\t\t\t\t\t<\/div>\n\t\t<\/div>\n\t\t\t\t<div class=\"elementor-column elementor-col-50 elementor-top-column elementor-element elementor-element-36a2a3a\" data-id=\"36a2a3a\" data-element_type=\"column\">\n\t\t\t<div class=\"elementor-widget-wrap elementor-element-populated\">\n\t\t\t\t\t\t<div class=\"elementor-element elementor-element-fea66ae elementor-widget elementor-widget-heading\" data-id=\"fea66ae\" data-element_type=\"widget\" data-widget_type=\"heading.default\">\n\t\t\t\t<div class=\"elementor-widget-container\">\n\t\t\t\t\t<h4 class=\"elementor-heading-title elementor-size-default\">Multifunktionslenkrad\n<\/h4>\t\t\t\t<\/div>\n\t\t\t\t<\/div>\n\t\t\t\t<div class=\"elementor-element elementor-element-f1e4de1 elementor-widget elementor-widget-heading\" data-id=\"f1e4de1\" data-element_type=\"widget\" data-widget_type=\"heading.default\">\n\t\t\t\t<div class=\"elementor-widget-container\">\n\t\t\t\t\t<h2 class=\"elementor-heading-title elementor-size-default\">H\u00f6hen- und weitenverstellbar\n<\/h2>\t\t\t\t<\/div>\n\t\t\t\t<\/div>\n\t\t\t\t<div class=\"elementor-element elementor-element-64483a0 elementor-widget elementor-widget-text-editor\" data-id=\"64483a0\" data-element_type=\"widget\" data-widget_type=\"text-editor.default\">\n\t\t\t\t<div class=\"elementor-widget-container\">\n\t\t\t\t\t\t\t\t\t<p>Das sportliche Multifunktionslenkrad mit H\u00f6hen- und Weitenverstellung bietet optimalen Komfort, sodass Sie einfach die ideale Fahrposition finden k\u00f6nnen.<\/p>\t\t\t\t\t\t\t\t<\/div>\n\t\t\t\t<\/div>\n\t\t\t\t\t<\/div>\n\t\t<\/div>\n\t\t\t\t\t<\/div>\n\t\t<\/section>\n\t\t\t\t<section class=\"elementor-section elementor-top-section elementor-element elementor-element-2a0599f elementor-hidden-mobile elementor-section-boxed elementor-section-height-default elementor-section-height-default\" data-id=\"2a0599f\" data-element_type=\"section\" data-settings=\"{&quot;background_background&quot;:&quot;classic&quot;}\">\n\t\t\t\t\t\t\t<div class=\"elementor-background-overlay\"><\/div>\n\t\t\t\t\t\t\t<div class=\"elementor-container elementor-column-gap-default\">\n\t\t\t\t\t<div class=\"elementor-column elementor-col-50 elementor-top-column elementor-element elementor-element-9ae4484\" data-id=\"9ae4484\" data-element_type=\"column\">\n\t\t\t<div class=\"elementor-widget-wrap elementor-element-populated\">\n\t\t\t\t\t\t<div class=\"elementor-element elementor-element-76849f0 elementor-widget elementor-widget-heading\" data-id=\"76849f0\" data-element_type=\"widget\" data-widget_type=\"heading.default\">\n\t\t\t\t<div class=\"elementor-widget-container\">\n\t\t\t\t\t<h4 class=\"elementor-heading-title elementor-size-default\">R\u00dcCKFAHRKAMERA UND EINPARKHILFE<\/h4>\t\t\t\t<\/div>\n\t\t\t\t<\/div>\n\t\t\t\t<div class=\"elementor-element elementor-element-fda31c1 elementor-widget elementor-widget-heading\" data-id=\"fda31c1\" data-element_type=\"widget\" data-widget_type=\"heading.default\">\n\t\t\t\t<div class=\"elementor-widget-container\">\n\t\t\t\t\t<h2 class=\"elementor-heading-title elementor-size-default\">ALLES IM BLICK<\/h2>\t\t\t\t<\/div>\n\t\t\t\t<\/div>\n\t\t\t\t<div class=\"elementor-element elementor-element-0aa5120 elementor-widget elementor-widget-text-editor\" data-id=\"0aa5120\" data-element_type=\"widget\" data-widget_type=\"text-editor.default\">\n\t\t\t\t<div class=\"elementor-widget-container\">\n\t\t\t\t\t\t\t\t\t<div id=\"output-content\"><div id=\"output-content\">Ein Parkassistent unterst\u00fctzt beim Rangieren und Einparken des D-MAX. Ultraschallsensoren erkennen schnell Hindernisse rund um das Fahrzeug und benachrichtigen Sie umgehend. Und dank der Informationen und akustischen Signale auf dem Multi-Info-Display entgeht Ihnen nichts.<\/div><\/div>\t\t\t\t\t\t\t\t<\/div>\n\t\t\t\t<\/div>\n\t\t\t\t<div class=\"elementor-element elementor-element-423559c elementor-widget elementor-widget-button\" data-id=\"423559c\" data-element_type=\"widget\" data-widget_type=\"button.default\">\n\t\t\t\t<div class=\"elementor-widget-container\">\n\t\t\t\t\t\t\t\t\t<div class=\"elementor-button-wrapper\">\n\t\t\t\t\t<a class=\"elementor-button elementor-button-link elementor-size-sm elementor-animation-grow\" href=\"https:\/\/www.isuzu-sales.de\/pdfs\/d-max_flyer.pdf\" target=\"_blank\">\n\t\t\t\t\t\t<span class=\"elementor-button-content-wrapper\">\n\t\t\t\t\t\t\t\t\t<span class=\"elementor-button-text\">Alle Ausstattungsmerkmale im Katalog<\/span>\n\t\t\t\t\t<\/span>\n\t\t\t\t\t<\/a>\n\t\t\t\t<\/div>\n\t\t\t\t\t\t\t\t<\/div>\n\t\t\t\t<\/div>\n\t\t\t\t\t<\/div>\n\t\t<\/div>\n\t\t\t\t<div class=\"elementor-column elementor-col-50 elementor-top-column elementor-element elementor-element-21693cf\" data-id=\"21693cf\" data-element_type=\"column\">\n\t\t\t<div class=\"elementor-widget-wrap\">\n\t\t\t\t\t\t\t<\/div>\n\t\t<\/div>\n\t\t\t\t\t<\/div>\n\t\t<\/section>\n\t\t\t\t<section class=\"elementor-section elementor-top-section elementor-element elementor-element-b17e870 elementor-hidden-desktop elementor-hidden-tablet elementor-section-boxed elementor-section-height-default elementor-section-height-default\" data-id=\"b17e870\" data-element_type=\"section\" data-settings=\"{&quot;background_background&quot;:&quot;classic&quot;}\">\n\t\t\t\t\t\t\t<div class=\"elementor-background-overlay\"><\/div>\n\t\t\t\t\t\t\t<div class=\"elementor-container elementor-column-gap-default\">\n\t\t\t\t\t<div class=\"elementor-column elementor-col-50 elementor-top-column elementor-element elementor-element-9a88eff\" data-id=\"9a88eff\" data-element_type=\"column\">\n\t\t\t<div class=\"elementor-widget-wrap elementor-element-populated\">\n\t\t\t\t\t\t<div class=\"elementor-element elementor-element-6625f9f elementor-widget elementor-widget-heading\" data-id=\"6625f9f\" data-element_type=\"widget\" data-widget_type=\"heading.default\">\n\t\t\t\t<div class=\"elementor-widget-container\">\n\t\t\t\t\t<h4 class=\"elementor-heading-title elementor-size-default\">R\u00dcCKFAHRKAMERA UND EINPARKHILFE<\/h4>\t\t\t\t<\/div>\n\t\t\t\t<\/div>\n\t\t\t\t<div class=\"elementor-element elementor-element-c6af5d9 elementor-widget elementor-widget-heading\" data-id=\"c6af5d9\" data-element_type=\"widget\" data-widget_type=\"heading.default\">\n\t\t\t\t<div class=\"elementor-widget-container\">\n\t\t\t\t\t<h2 class=\"elementor-heading-title elementor-size-default\">ALLES IM BLICK<\/h2>\t\t\t\t<\/div>\n\t\t\t\t<\/div>\n\t\t\t\t<div class=\"elementor-element elementor-element-5b92665 elementor-widget elementor-widget-text-editor\" data-id=\"5b92665\" data-element_type=\"widget\" data-widget_type=\"text-editor.default\">\n\t\t\t\t<div class=\"elementor-widget-container\">\n\t\t\t\t\t\t\t\t\t<p>Das Parkhilfesystem unterst\u00fctzt Dich beim Rangieren und Einparken des D-MAX. Ultraschallsensoren sorgen daf\u00fcr, dass Hindernisse im Umfeld des Fahrzeugs schnell erkannt werden und Du umgehend informiert wirst. Die Anzeige am Multi-Informations-Display und akustische Signale stellen zus\u00e4tzlich sicher, dass Dir nichts entgeht.<\/p>\t\t\t\t\t\t\t\t<\/div>\n\t\t\t\t<\/div>\n\t\t\t\t<div class=\"elementor-element elementor-element-3d2aedd elementor-widget elementor-widget-button\" data-id=\"3d2aedd\" data-element_type=\"widget\" data-widget_type=\"button.default\">\n\t\t\t\t<div class=\"elementor-widget-container\">\n\t\t\t\t\t\t\t\t\t<div class=\"elementor-button-wrapper\">\n\t\t\t\t\t<a class=\"elementor-button elementor-button-link elementor-size-sm elementor-animation-grow\" href=\"https:\/\/www.isuzu-sales.de\/pdfs\/d-max_flyer.pdf\" target=\"_blank\">\n\t\t\t\t\t\t<span class=\"elementor-button-content-wrapper\">\n\t\t\t\t\t\t\t\t\t<span class=\"elementor-button-text\">Alle Ausstattungsmerkmale im Katalog<\/span>\n\t\t\t\t\t<\/span>\n\t\t\t\t\t<\/a>\n\t\t\t\t<\/div>\n\t\t\t\t\t\t\t\t<\/div>\n\t\t\t\t<\/div>\n\t\t\t\t\t<\/div>\n\t\t<\/div>\n\t\t\t\t<div class=\"elementor-column elementor-col-50 elementor-top-column elementor-element elementor-element-29d9113\" data-id=\"29d9113\" data-element_type=\"column\">\n\t\t\t<div class=\"elementor-widget-wrap\">\n\t\t\t\t\t\t\t<\/div>\n\t\t<\/div>\n\t\t\t\t\t<\/div>\n\t\t<\/section>\n\t\t\t\t<section class=\"elementor-section elementor-top-section elementor-element elementor-element-677d652 elementor-section-boxed elementor-section-height-default elementor-section-height-default\" data-id=\"677d652\" data-element_type=\"section\">\n\t\t\t\t\t\t<div class=\"elementor-container elementor-column-gap-no\">\n\t\t\t\t\t<div class=\"elementor-column elementor-col-100 elementor-top-column elementor-element elementor-element-2dfacf8\" data-id=\"2dfacf8\" data-element_type=\"column\">\n\t\t\t<div class=\"elementor-widget-wrap elementor-element-populated\">\n\t\t\t\t\t\t<div class=\"elementor-element elementor-element-524a962 elementor-widget elementor-widget-heading\" data-id=\"524a962\" data-element_type=\"widget\" data-widget_type=\"heading.default\">\n\t\t\t\t<div class=\"elementor-widget-container\">\n\t\t\t\t\t<h4 class=\"elementor-heading-title elementor-size-default\">H\u00d6REN, SEHEN, F\u00dcHLEN<\/h4>\t\t\t\t<\/div>\n\t\t\t\t<\/div>\n\t\t\t\t<div class=\"elementor-element elementor-element-e883096 elementor-widget elementor-widget-heading\" data-id=\"e883096\" data-element_type=\"widget\" data-widget_type=\"heading.default\">\n\t\t\t\t<div class=\"elementor-widget-container\">\n\t\t\t\t\t<h2 class=\"elementor-heading-title elementor-size-default\">DER D-MAX F\u00dcR ALLE SINNE<\/h2>\t\t\t\t<\/div>\n\t\t\t\t<\/div>\n\t\t\t\t\t<\/div>\n\t\t<\/div>\n\t\t\t\t\t<\/div>\n\t\t<\/section>\n\t\t\t\t<section class=\"elementor-section elementor-top-section elementor-element elementor-element-03d7202 elementor-section-boxed elementor-section-height-default elementor-section-height-default\" data-id=\"03d7202\" data-element_type=\"section\">\n\t\t\t\t\t\t<div class=\"elementor-container elementor-column-gap-default\">\n\t\t\t\t\t<div class=\"elementor-column elementor-col-33 elementor-top-column elementor-element elementor-element-8f69d5a\" data-id=\"8f69d5a\" data-element_type=\"column\">\n\t\t\t<div class=\"elementor-widget-wrap elementor-element-populated\">\n\t\t\t\t\t\t<div class=\"elementor-element elementor-element-a82dee0 elementor-widget elementor-widget-image\" data-id=\"a82dee0\" data-element_type=\"widget\" data-widget_type=\"image.default\">\n\t\t\t\t<div class=\"elementor-widget-container\">\n\t\t\t\t\t\t\t\t\t\t\t\t\t\t\t<img decoding=\"async\" width=\"552\" height=\"319\" src=\"https:\/\/guenther-gruppe.de\/isuzu\/wp-content\/uploads\/sites\/11\/2022\/07\/01-isuzu-Dmax-card-Interior-Dash_LHD_RBE_Leather.jpg\" class=\"attachment-full size-full wp-image-2544\" alt=\"Isuzu D-Max Ausstattung\" srcset=\"https:\/\/guenther-gruppe.de\/isuzu\/wp-content\/uploads\/sites\/11\/2022\/07\/01-isuzu-Dmax-card-Interior-Dash_LHD_RBE_Leather.jpg 552w, https:\/\/guenther-gruppe.de\/isuzu\/wp-content\/uploads\/sites\/11\/2022\/07\/01-isuzu-Dmax-card-Interior-Dash_LHD_RBE_Leather-300x173.jpg 300w\" sizes=\"(max-width: 552px) 100vw, 552px\" \/>\t\t\t\t\t\t\t\t\t\t\t\t\t\t\t<\/div>\n\t\t\t\t<\/div>\n\t\t\t\t<div class=\"elementor-element elementor-element-f5a8181 elementor-widget elementor-widget-heading\" data-id=\"f5a8181\" data-element_type=\"widget\" data-widget_type=\"heading.default\">\n\t\t\t\t<div class=\"elementor-widget-container\">\n\t\t\t\t\t<h5 class=\"elementor-heading-title elementor-size-default\">MUSIK<\/h5>\t\t\t\t<\/div>\n\t\t\t\t<\/div>\n\t\t\t\t<div class=\"elementor-element elementor-element-743c982 elementor-widget elementor-widget-text-editor\" data-id=\"743c982\" data-element_type=\"widget\" data-widget_type=\"text-editor.default\">\n\t\t\t\t<div class=\"elementor-widget-container\">\n\t\t\t\t\t\t\t\t\t<p>Sie k\u00f6nnen es h\u00f6ren, auch wenn Sie es nicht sehen k\u00f6nnen. Acht Innenraumlautsprecher liefern erstklassigen Sound auf jeder Fahrt. Spielen Sie den Soundtrack des Tages individuell ab \u2013 mit leisen oder lauten T\u00f6nen.<\/p>\t\t\t\t\t\t\t\t<\/div>\n\t\t\t\t<\/div>\n\t\t\t\t\t<\/div>\n\t\t<\/div>\n\t\t\t\t<div class=\"elementor-column elementor-col-33 elementor-top-column elementor-element elementor-element-5bca819\" data-id=\"5bca819\" data-element_type=\"column\">\n\t\t\t<div class=\"elementor-widget-wrap elementor-element-populated\">\n\t\t\t\t\t\t<div class=\"elementor-element elementor-element-3de3839 elementor-widget elementor-widget-image\" data-id=\"3de3839\" data-element_type=\"widget\" data-widget_type=\"image.default\">\n\t\t\t\t<div class=\"elementor-widget-container\">\n\t\t\t\t\t\t\t\t\t\t\t\t\t\t\t<img loading=\"lazy\" decoding=\"async\" width=\"552\" height=\"389\" src=\"https:\/\/guenther-gruppe.de\/isuzu\/wp-content\/uploads\/sites\/11\/2022\/07\/01-isuzu-Dmax-card-Bi-LED-Headlamp.jpg\" class=\"attachment-large size-large wp-image-2543\" alt=\"Isuzu D-Max Ausstattung\" srcset=\"https:\/\/guenther-gruppe.de\/isuzu\/wp-content\/uploads\/sites\/11\/2022\/07\/01-isuzu-Dmax-card-Bi-LED-Headlamp.jpg 552w, https:\/\/guenther-gruppe.de\/isuzu\/wp-content\/uploads\/sites\/11\/2022\/07\/01-isuzu-Dmax-card-Bi-LED-Headlamp-300x211.jpg 300w\" sizes=\"(max-width: 552px) 100vw, 552px\" \/>\t\t\t\t\t\t\t\t\t\t\t\t\t\t\t<\/div>\n\t\t\t\t<\/div>\n\t\t\t\t<div class=\"elementor-element elementor-element-c972b43 elementor-widget elementor-widget-heading\" data-id=\"c972b43\" data-element_type=\"widget\" data-widget_type=\"heading.default\">\n\t\t\t\t<div class=\"elementor-widget-container\">\n\t\t\t\t\t<h5 class=\"elementor-heading-title elementor-size-default\">BELEUCHTUNG<\/h5>\t\t\t\t<\/div>\n\t\t\t\t<\/div>\n\t\t\t\t<div class=\"elementor-element elementor-element-beb9f3a elementor-widget elementor-widget-text-editor\" data-id=\"beb9f3a\" data-element_type=\"widget\" data-widget_type=\"text-editor.default\">\n\t\t\t\t<div class=\"elementor-widget-container\">\n\t\t\t\t\t\t\t\t\t<p>Selbstverst\u00e4ndlich sind auch die Bi-LED-Scheinwerfer mit integriertem Tagfahrlicht fester Bestandteil der D-MAX-Ausstattung. Jetzt ist es noch heller f\u00fcr maximale Sichtbarkeit. Zus\u00e4tzlich sorgen Einschaltautomatik und Fernlichtfunktion f\u00fcr noch mehr Komfort.<\/p>\t\t\t\t\t\t\t\t<\/div>\n\t\t\t\t<\/div>\n\t\t\t\t\t<\/div>\n\t\t<\/div>\n\t\t\t\t<div class=\"elementor-column elementor-col-33 elementor-top-column elementor-element elementor-element-c371e82\" data-id=\"c371e82\" data-element_type=\"column\">\n\t\t\t<div class=\"elementor-widget-wrap elementor-element-populated\">\n\t\t\t\t\t\t<div class=\"elementor-element elementor-element-728484e elementor-widget elementor-widget-image\" data-id=\"728484e\" data-element_type=\"widget\" data-widget_type=\"image.default\">\n\t\t\t\t<div class=\"elementor-widget-container\">\n\t\t\t\t\t\t\t\t\t\t\t\t\t\t\t<img loading=\"lazy\" decoding=\"async\" width=\"552\" height=\"430\" src=\"https:\/\/guenther-gruppe.de\/isuzu\/wp-content\/uploads\/sites\/11\/2022\/07\/01-isuzu-Dmax-card-Front-Seat.jpg\" class=\"attachment-large size-large wp-image-2542\" alt=\"Isuzu D-Max Ausstattung\" srcset=\"https:\/\/guenther-gruppe.de\/isuzu\/wp-content\/uploads\/sites\/11\/2022\/07\/01-isuzu-Dmax-card-Front-Seat.jpg 552w, https:\/\/guenther-gruppe.de\/isuzu\/wp-content\/uploads\/sites\/11\/2022\/07\/01-isuzu-Dmax-card-Front-Seat-300x234.jpg 300w\" sizes=\"(max-width: 552px) 100vw, 552px\" \/>\t\t\t\t\t\t\t\t\t\t\t\t\t\t\t<\/div>\n\t\t\t\t<\/div>\n\t\t\t\t<div class=\"elementor-element elementor-element-e6d0dde elementor-widget elementor-widget-heading\" data-id=\"e6d0dde\" data-element_type=\"widget\" data-widget_type=\"heading.default\">\n\t\t\t\t<div class=\"elementor-widget-container\">\n\t\t\t\t\t<h5 class=\"elementor-heading-title elementor-size-default\">FAHRERSITZ<\/h5>\t\t\t\t<\/div>\n\t\t\t\t<\/div>\n\t\t\t\t<div class=\"elementor-element elementor-element-7cdf3c5 elementor-widget elementor-widget-text-editor\" data-id=\"7cdf3c5\" data-element_type=\"widget\" data-widget_type=\"text-editor.default\">\n\t\t\t\t<div class=\"elementor-widget-container\">\n\t\t\t\t\t\t\t\t\t<p>Die H\u00f6he des D-MAX-Sitzes ist verstellbar, sodass Sie den Sitzstil nach Ihren W\u00fcnschen \u00e4ndern k\u00f6nnen. Lendenwirbelst\u00fctze und Sitzheizungen sorgen zudem f\u00fcr Komfort. Mit ISUZU-Pickups genie\u00dfen Sie auch \u00fcber lange Strecken eine erm\u00fcdungsfreie Fahrt.<\/p>\t\t\t\t\t\t\t\t<\/div>\n\t\t\t\t<\/div>\n\t\t\t\t\t<\/div>\n\t\t<\/div>\n\t\t\t\t\t<\/div>\n\t\t<\/section>\n\t\t\t\t<section class=\"elementor-section elementor-top-section elementor-element elementor-element-0ba2e4f elementor-section-boxed elementor-section-height-default elementor-section-height-default\" data-id=\"0ba2e4f\" data-element_type=\"section\">\n\t\t\t\t\t\t<div class=\"elementor-container elementor-column-gap-default\">\n\t\t\t\t\t<div class=\"elementor-column elementor-col-33 elementor-top-column elementor-element elementor-element-23e908a\" data-id=\"23e908a\" data-element_type=\"column\">\n\t\t\t<div class=\"elementor-widget-wrap elementor-element-populated\">\n\t\t\t\t\t\t<div class=\"elementor-element elementor-element-a42b085 elementor-widget elementor-widget-image\" data-id=\"a42b085\" data-element_type=\"widget\" data-widget_type=\"image.default\">\n\t\t\t\t<div class=\"elementor-widget-container\">\n\t\t\t\t\t\t\t\t\t\t\t\t\t\t\t<img loading=\"lazy\" decoding=\"async\" width=\"552\" height=\"271\" src=\"https:\/\/guenther-gruppe.de\/isuzu\/wp-content\/uploads\/sites\/11\/2022\/07\/01-isuzu-Dmax-card-20MY-ISUZU-D-MAX.jpg\" class=\"attachment-full size-full wp-image-2547\" alt=\"Isuzu D-Max Ausstattung\" srcset=\"https:\/\/guenther-gruppe.de\/isuzu\/wp-content\/uploads\/sites\/11\/2022\/07\/01-isuzu-Dmax-card-20MY-ISUZU-D-MAX.jpg 552w, https:\/\/guenther-gruppe.de\/isuzu\/wp-content\/uploads\/sites\/11\/2022\/07\/01-isuzu-Dmax-card-20MY-ISUZU-D-MAX-300x147.jpg 300w\" sizes=\"(max-width: 552px) 100vw, 552px\" \/>\t\t\t\t\t\t\t\t\t\t\t\t\t\t\t<\/div>\n\t\t\t\t<\/div>\n\t\t\t\t<div class=\"elementor-element elementor-element-3388a35 elementor-widget elementor-widget-heading\" data-id=\"3388a35\" data-element_type=\"widget\" data-widget_type=\"heading.default\">\n\t\t\t\t<div class=\"elementor-widget-container\">\n\t\t\t\t\t<h5 class=\"elementor-heading-title elementor-size-default\">REGEN- UND LICHTSENSOR<\/h5>\t\t\t\t<\/div>\n\t\t\t\t<\/div>\n\t\t\t\t<div class=\"elementor-element elementor-element-eb86d4b elementor-widget elementor-widget-text-editor\" data-id=\"eb86d4b\" data-element_type=\"widget\" data-widget_type=\"text-editor.default\">\n\t\t\t\t<div class=\"elementor-widget-container\">\n\t\t\t\t\t\t\t\t\t<p>Mit D-MAX sind Sie jedem Wetter gewachsen. Regen- und Lichtsensoren mit automatischer Fernlichtsteuerung erkennen Wetterbedingungen und sorgen daf\u00fcr, dass Sie Ihr Ziel immer mit bester Sicht erreichen.<\/p>\t\t\t\t\t\t\t\t<\/div>\n\t\t\t\t<\/div>\n\t\t\t\t\t<\/div>\n\t\t<\/div>\n\t\t\t\t<div class=\"elementor-column elementor-col-33 elementor-top-column elementor-element elementor-element-20c7678\" data-id=\"20c7678\" data-element_type=\"column\">\n\t\t\t<div class=\"elementor-widget-wrap elementor-element-populated\">\n\t\t\t\t\t\t<div class=\"elementor-element elementor-element-96a1a57 elementor-widget elementor-widget-image\" data-id=\"96a1a57\" data-element_type=\"widget\" data-widget_type=\"image.default\">\n\t\t\t\t<div class=\"elementor-widget-container\">\n\t\t\t\t\t\t\t\t\t\t\t\t\t\t\t<img loading=\"lazy\" decoding=\"async\" width=\"552\" height=\"405\" src=\"https:\/\/guenther-gruppe.de\/isuzu\/wp-content\/uploads\/sites\/11\/2022\/07\/01-isuzu-Dmax-card-Outside-Rear-View-Mirror_Chrome.jpg\" class=\"attachment-large size-large wp-image-2546\" alt=\"Isuzu D-Max Ausstattung\" srcset=\"https:\/\/guenther-gruppe.de\/isuzu\/wp-content\/uploads\/sites\/11\/2022\/07\/01-isuzu-Dmax-card-Outside-Rear-View-Mirror_Chrome.jpg 552w, https:\/\/guenther-gruppe.de\/isuzu\/wp-content\/uploads\/sites\/11\/2022\/07\/01-isuzu-Dmax-card-Outside-Rear-View-Mirror_Chrome-300x220.jpg 300w\" sizes=\"(max-width: 552px) 100vw, 552px\" \/>\t\t\t\t\t\t\t\t\t\t\t\t\t\t\t<\/div>\n\t\t\t\t<\/div>\n\t\t\t\t<div class=\"elementor-element elementor-element-b733bc9 elementor-widget elementor-widget-heading\" data-id=\"b733bc9\" data-element_type=\"widget\" data-widget_type=\"heading.default\">\n\t\t\t\t<div class=\"elementor-widget-container\">\n\t\t\t\t\t<h5 class=\"elementor-heading-title elementor-size-default\">ANKLAPPBARE SPIEGEL<\/h5>\t\t\t\t<\/div>\n\t\t\t\t<\/div>\n\t\t\t\t<div class=\"elementor-element elementor-element-d40ff2a elementor-widget elementor-widget-text-editor\" data-id=\"d40ff2a\" data-element_type=\"widget\" data-widget_type=\"text-editor.default\">\n\t\t\t\t<div class=\"elementor-widget-container\">\n\t\t\t\t\t\t\t\t\t<p>Elektrisch anklappbare Spiegel machen den D-MAX auch auf engen Stra\u00dfen sehr schmal und sch\u00fctzen ihn vor Besch\u00e4digungen. Eine Zusatzheizung sorgt auch an frostigen Tagen f\u00fcr optimale Sicht nach hinten.<\/p>\t\t\t\t\t\t\t\t<\/div>\n\t\t\t\t<\/div>\n\t\t\t\t\t<\/div>\n\t\t<\/div>\n\t\t\t\t<div class=\"elementor-column elementor-col-33 elementor-top-column elementor-element elementor-element-62f4116\" data-id=\"62f4116\" data-element_type=\"column\">\n\t\t\t<div class=\"elementor-widget-wrap elementor-element-populated\">\n\t\t\t\t\t\t<div class=\"elementor-element elementor-element-0048c4b elementor-widget elementor-widget-image\" data-id=\"0048c4b\" data-element_type=\"widget\" data-widget_type=\"image.default\">\n\t\t\t\t<div class=\"elementor-widget-container\">\n\t\t\t\t\t\t\t\t\t\t\t\t\t\t\t<img loading=\"lazy\" decoding=\"async\" width=\"552\" height=\"370\" src=\"https:\/\/guenther-gruppe.de\/isuzu\/wp-content\/uploads\/sites\/11\/2022\/07\/01-isuzu-Dmax-card-Climate-Control-AC_LHD_Display-Audio.jpg\" class=\"attachment-large size-large wp-image-2545\" alt=\"Isuzu D-Max Ausstattung\" srcset=\"https:\/\/guenther-gruppe.de\/isuzu\/wp-content\/uploads\/sites\/11\/2022\/07\/01-isuzu-Dmax-card-Climate-Control-AC_LHD_Display-Audio.jpg 552w, https:\/\/guenther-gruppe.de\/isuzu\/wp-content\/uploads\/sites\/11\/2022\/07\/01-isuzu-Dmax-card-Climate-Control-AC_LHD_Display-Audio-300x201.jpg 300w\" sizes=\"(max-width: 552px) 100vw, 552px\" \/>\t\t\t\t\t\t\t\t\t\t\t\t\t\t\t<\/div>\n\t\t\t\t<\/div>\n\t\t\t\t<div class=\"elementor-element elementor-element-e86b505 elementor-widget elementor-widget-heading\" data-id=\"e86b505\" data-element_type=\"widget\" data-widget_type=\"heading.default\">\n\t\t\t\t<div class=\"elementor-widget-container\">\n\t\t\t\t\t<h5 class=\"elementor-heading-title elementor-size-default\">2-ZONEN-KLIMAAUTOMATIK<\/h5>\t\t\t\t<\/div>\n\t\t\t\t<\/div>\n\t\t\t\t<div class=\"elementor-element elementor-element-ca90c05 elementor-widget elementor-widget-text-editor\" data-id=\"ca90c05\" data-element_type=\"widget\" data-widget_type=\"text-editor.default\">\n\t\t\t\t<div class=\"elementor-widget-container\">\n\t\t\t\t\t\t\t\t\t<div id=\"output-content\">Wohlf\u00fchlen bei allen Temperaturen. F\u00fcr einen k\u00fchlen Kopf bei hei\u00dfen Themen sorgt die f\u00fcr Fahrer und Beifahrer getrennt regelbare Zweizonen-Klimaautomatik.<\/div>\t\t\t\t\t\t\t\t<\/div>\n\t\t\t\t<\/div>\n\t\t\t\t\t<\/div>\n\t\t<\/div>\n\t\t\t\t\t<\/div>\n\t\t<\/section>\n\t\t\t\t<section class=\"elementor-section elementor-top-section elementor-element elementor-element-a5ccf02 elementor-section-boxed elementor-section-height-default elementor-section-height-default\" data-id=\"a5ccf02\" data-element_type=\"section\">\n\t\t\t\t\t\t\t<div class=\"elementor-background-overlay\"><\/div>\n\t\t\t\t\t\t\t<div class=\"elementor-container elementor-column-gap-no\">\n\t\t\t\t\t<div class=\"elementor-column elementor-col-100 elementor-top-column elementor-element elementor-element-17da4f5\" data-id=\"17da4f5\" data-element_type=\"column\">\n\t\t\t<div class=\"elementor-widget-wrap elementor-element-populated\">\n\t\t\t\t\t\t<div class=\"elementor-element elementor-element-bdea942 elementor-widget elementor-widget-heading\" data-id=\"bdea942\" data-element_type=\"widget\" data-widget_type=\"heading.default\">\n\t\t\t\t<div class=\"elementor-widget-container\">\n\t\t\t\t\t<h2 class=\"elementor-heading-title elementor-size-default\">Weitere Ausstattungs-Highlights<\/h2>\t\t\t\t<\/div>\n\t\t\t\t<\/div>\n\t\t\t\t\t<\/div>\n\t\t<\/div>\n\t\t\t\t\t<\/div>\n\t\t<\/section>\n\t\t\t\t<section class=\"elementor-section elementor-top-section elementor-element elementor-element-d24e537 elementor-section-boxed elementor-section-height-default elementor-section-height-default\" data-id=\"d24e537\" data-element_type=\"section\">\n\t\t\t\t\t\t\t<div class=\"elementor-background-overlay\"><\/div>\n\t\t\t\t\t\t\t<div class=\"elementor-container elementor-column-gap-default\">\n\t\t\t\t\t<div class=\"elementor-column elementor-col-33 elementor-top-column elementor-element elementor-element-12f7362\" data-id=\"12f7362\" data-element_type=\"column\">\n\t\t\t<div class=\"elementor-widget-wrap elementor-element-populated\">\n\t\t\t\t\t\t<div class=\"elementor-element elementor-element-febfa7d elementor-widget elementor-widget-image\" data-id=\"febfa7d\" data-element_type=\"widget\" data-widget_type=\"image.default\">\n\t\t\t\t<div class=\"elementor-widget-container\">\n\t\t\t\t\t\t\t\t\t\t\t\t\t\t\t<img loading=\"lazy\" decoding=\"async\" width=\"1104\" height=\"885\" src=\"https:\/\/guenther-gruppe.de\/isuzu\/wp-content\/uploads\/sites\/11\/2022\/08\/01-isuzu-Dmax-card-PESS-media-d98c6261-query@2x.jpg\" class=\"attachment-full size-full wp-image-3053\" alt=\"Start Knopf\" srcset=\"https:\/\/guenther-gruppe.de\/isuzu\/wp-content\/uploads\/sites\/11\/2022\/08\/01-isuzu-Dmax-card-PESS-media-d98c6261-query@2x.jpg 1104w, https:\/\/guenther-gruppe.de\/isuzu\/wp-content\/uploads\/sites\/11\/2022\/08\/01-isuzu-Dmax-card-PESS-media-d98c6261-query@2x-300x240.jpg 300w, https:\/\/guenther-gruppe.de\/isuzu\/wp-content\/uploads\/sites\/11\/2022\/08\/01-isuzu-Dmax-card-PESS-media-d98c6261-query@2x-1024x821.jpg 1024w, https:\/\/guenther-gruppe.de\/isuzu\/wp-content\/uploads\/sites\/11\/2022\/08\/01-isuzu-Dmax-card-PESS-media-d98c6261-query@2x-768x616.jpg 768w\" sizes=\"(max-width: 1104px) 100vw, 1104px\" \/>\t\t\t\t\t\t\t\t\t\t\t\t\t\t\t<\/div>\n\t\t\t\t<\/div>\n\t\t\t\t<div class=\"elementor-element elementor-element-d397f10 elementor-widget elementor-widget-heading\" data-id=\"d397f10\" data-element_type=\"widget\" data-widget_type=\"heading.default\">\n\t\t\t\t<div class=\"elementor-widget-container\">\n\t\t\t\t\t<h5 class=\"elementor-heading-title elementor-size-default\">SCHL\u00dcSSELLOS STARTEN UND STOPPEN<\/h5>\t\t\t\t<\/div>\n\t\t\t\t<\/div>\n\t\t\t\t<div class=\"elementor-element elementor-element-a4b9d6a elementor-widget elementor-widget-text-editor\" data-id=\"a4b9d6a\" data-element_type=\"widget\" data-widget_type=\"text-editor.default\">\n\t\t\t\t<div class=\"elementor-widget-container\">\n\t\t\t\t\t\t\t\t\t<div id=\"output-content\">Ein Start-Stopp-Knopf erm\u00f6glicht das Starten und Stoppen des Motors ohne Schl\u00fcssel.<\/div>\t\t\t\t\t\t\t\t<\/div>\n\t\t\t\t<\/div>\n\t\t\t\t\t<\/div>\n\t\t<\/div>\n\t\t\t\t<div class=\"elementor-column elementor-col-33 elementor-top-column elementor-element elementor-element-4ea5724\" data-id=\"4ea5724\" data-element_type=\"column\">\n\t\t\t<div class=\"elementor-widget-wrap elementor-element-populated\">\n\t\t\t\t\t\t<div class=\"elementor-element elementor-element-72a2034 elementor-widget elementor-widget-image\" data-id=\"72a2034\" data-element_type=\"widget\" data-widget_type=\"image.default\">\n\t\t\t\t<div class=\"elementor-widget-container\">\n\t\t\t\t\t\t\t\t\t\t\t\t\t\t\t<img loading=\"lazy\" decoding=\"async\" width=\"1104\" height=\"621\" src=\"https:\/\/guenther-gruppe.de\/isuzu\/wp-content\/uploads\/sites\/11\/2022\/08\/01-isuzu-Dmax-card-WALK-AWAY-AUTO-LOCK-media-d98c6261-query@2x.jpg\" class=\"attachment-full size-full wp-image-3054\" alt=\"Isuzu orange\" srcset=\"https:\/\/guenther-gruppe.de\/isuzu\/wp-content\/uploads\/sites\/11\/2022\/08\/01-isuzu-Dmax-card-WALK-AWAY-AUTO-LOCK-media-d98c6261-query@2x.jpg 1104w, https:\/\/guenther-gruppe.de\/isuzu\/wp-content\/uploads\/sites\/11\/2022\/08\/01-isuzu-Dmax-card-WALK-AWAY-AUTO-LOCK-media-d98c6261-query@2x-300x169.jpg 300w, https:\/\/guenther-gruppe.de\/isuzu\/wp-content\/uploads\/sites\/11\/2022\/08\/01-isuzu-Dmax-card-WALK-AWAY-AUTO-LOCK-media-d98c6261-query@2x-1024x576.jpg 1024w, https:\/\/guenther-gruppe.de\/isuzu\/wp-content\/uploads\/sites\/11\/2022\/08\/01-isuzu-Dmax-card-WALK-AWAY-AUTO-LOCK-media-d98c6261-query@2x-768x432.jpg 768w\" sizes=\"(max-width: 1104px) 100vw, 1104px\" \/>\t\t\t\t\t\t\t\t\t\t\t\t\t\t\t<\/div>\n\t\t\t\t<\/div>\n\t\t\t\t<div class=\"elementor-element elementor-element-f7aea74 elementor-widget elementor-widget-heading\" data-id=\"f7aea74\" data-element_type=\"widget\" data-widget_type=\"heading.default\">\n\t\t\t\t<div class=\"elementor-widget-container\">\n\t\t\t\t\t<h5 class=\"elementor-heading-title elementor-size-default\">AUTOMATISCHE T\u00dcRVERRIEGELUNG<\/h5>\t\t\t\t<\/div>\n\t\t\t\t<\/div>\n\t\t\t\t<div class=\"elementor-element elementor-element-f1c7847 elementor-widget elementor-widget-text-editor\" data-id=\"f1c7847\" data-element_type=\"widget\" data-widget_type=\"text-editor.default\">\n\t\t\t\t<div class=\"elementor-widget-container\">\n\t\t\t\t\t\t\t\t\t<div id=\"output-content\">Die T\u00fcr wird automatisch verriegelt, wenn Sie 3 Meter vom D-MAX entfernt sind.<\/div>\t\t\t\t\t\t\t\t<\/div>\n\t\t\t\t<\/div>\n\t\t\t\t\t<\/div>\n\t\t<\/div>\n\t\t\t\t<div class=\"elementor-column elementor-col-33 elementor-top-column elementor-element elementor-element-96fc146\" data-id=\"96fc146\" data-element_type=\"column\">\n\t\t\t<div class=\"elementor-widget-wrap elementor-element-populated\">\n\t\t\t\t\t\t<div class=\"elementor-element elementor-element-8ed9cd9 elementor-widget elementor-widget-image\" data-id=\"8ed9cd9\" data-element_type=\"widget\" data-widget_type=\"image.default\">\n\t\t\t\t<div class=\"elementor-widget-container\">\n\t\t\t\t\t\t\t\t\t\t\t\t\t\t\t<img loading=\"lazy\" decoding=\"async\" width=\"1104\" height=\"603\" src=\"https:\/\/guenther-gruppe.de\/isuzu\/wp-content\/uploads\/sites\/11\/2022\/08\/01-isuzu-Dmax-card-FOLLOW-ME-HOME-media-d98c6261-query@2x.jpg\" class=\"attachment-full size-full wp-image-3052\" alt=\"Isuzu orange in der Nacht\" srcset=\"https:\/\/guenther-gruppe.de\/isuzu\/wp-content\/uploads\/sites\/11\/2022\/08\/01-isuzu-Dmax-card-FOLLOW-ME-HOME-media-d98c6261-query@2x.jpg 1104w, https:\/\/guenther-gruppe.de\/isuzu\/wp-content\/uploads\/sites\/11\/2022\/08\/01-isuzu-Dmax-card-FOLLOW-ME-HOME-media-d98c6261-query@2x-300x164.jpg 300w, https:\/\/guenther-gruppe.de\/isuzu\/wp-content\/uploads\/sites\/11\/2022\/08\/01-isuzu-Dmax-card-FOLLOW-ME-HOME-media-d98c6261-query@2x-1024x559.jpg 1024w, https:\/\/guenther-gruppe.de\/isuzu\/wp-content\/uploads\/sites\/11\/2022\/08\/01-isuzu-Dmax-card-FOLLOW-ME-HOME-media-d98c6261-query@2x-768x419.jpg 768w\" sizes=\"(max-width: 1104px) 100vw, 1104px\" \/>\t\t\t\t\t\t\t\t\t\t\t\t\t\t\t<\/div>\n\t\t\t\t<\/div>\n\t\t\t\t<div class=\"elementor-element elementor-element-f01e8eb elementor-widget elementor-widget-heading\" data-id=\"f01e8eb\" data-element_type=\"widget\" data-widget_type=\"heading.default\">\n\t\t\t\t<div class=\"elementor-widget-container\">\n\t\t\t\t\t<h5 class=\"elementor-heading-title elementor-size-default\">FOLLOW-ME-HOME-LIGHT<\/h5>\t\t\t\t<\/div>\n\t\t\t\t<\/div>\n\t\t\t\t<div class=\"elementor-element elementor-element-99eb889 elementor-widget elementor-widget-text-editor\" data-id=\"99eb889\" data-element_type=\"widget\" data-widget_type=\"text-editor.default\">\n\t\t\t\t<div class=\"elementor-widget-container\">\n\t\t\t\t\t\t\t\t\t<div id=\"output-content\">Selbst wenn Sie die T\u00fcr schlie\u00dfen, bleiben die Scheinwerfer eingeschaltet, sodass Sie die Haust\u00fcr sicher erreichen k\u00f6nnen.<\/div>\t\t\t\t\t\t\t\t<\/div>\n\t\t\t\t<\/div>\n\t\t\t\t\t<\/div>\n\t\t<\/div>\n\t\t\t\t\t<\/div>\n\t\t<\/section>\n\t\t\t\t<section class=\"elementor-section elementor-top-section elementor-element elementor-element-rwls6fo elementor-section-boxed elementor-section-height-default elementor-section-height-default\" data-id=\"rwls6fo\" data-element_type=\"section\">\n\t\t\t\t\t\t\t<div class=\"elementor-background-overlay\"><\/div>\n\t\t\t\t\t\t\t<div class=\"elementor-container elementor-column-gap-default\">\n\t\t\t\t\t<div class=\"elementor-column elementor-col-100 elementor-top-column elementor-element elementor-element-486fe4a\" data-id=\"486fe4a\" data-element_type=\"column\">\n\t\t\t<div class=\"elementor-widget-wrap elementor-element-populated\">\n\t\t\t\t\t\t<div class=\"elementor-element elementor-element-9c3ee38 elementor-widget elementor-widget-heading\" data-id=\"9c3ee38\" data-element_type=\"widget\" data-widget_type=\"heading.default\">\n\t\t\t\t<div class=\"elementor-widget-container\">\n\t\t\t\t\t<h6 class=\"elementor-heading-title elementor-size-default\">*Apple, iPhone, Apple CarPlay und Siri sind eingetragene Marken der Apple Inc. Android, Android Auto und Google sind eingetragene Marken der Google LLC.<\/h6>\t\t\t\t<\/div>\n\t\t\t\t<\/div>\n\t\t\t\t\t<\/div>\n\t\t<\/div>\n\t\t\t\t\t<\/div>\n\t\t<\/section>\n\t\t\t\t<section class=\"elementor-section elementor-top-section elementor-element elementor-element-f1f6a65 elementor-section-boxed elementor-section-height-default elementor-section-height-default\" data-id=\"f1f6a65\" data-element_type=\"section\">\n\t\t\t\t\t\t<div class=\"elementor-container elementor-column-gap-default\">\n\t\t\t\t\t<div class=\"elementor-column elementor-col-100 elementor-top-column elementor-element elementor-element-69d5644\" data-id=\"69d5644\" data-element_type=\"column\">\n\t\t\t<div class=\"elementor-widget-wrap elementor-element-populated\">\n\t\t\t\t\t\t<div class=\"elementor-element elementor-element-8907297 elementor-align-center elementor-widget elementor-widget-button\" data-id=\"8907297\" data-element_type=\"widget\" data-widget_type=\"button.default\">\n\t\t\t\t<div class=\"elementor-widget-container\">\n\t\t\t\t\t\t\t\t\t<div class=\"elementor-button-wrapper\">\n\t\t\t\t\t<a class=\"elementor-button elementor-button-link elementor-size-sm elementor-animation-grow\" href=\"\/isuzu\/probefahrt\/\" target=\"_blank\">\n\t\t\t\t\t\t<span class=\"elementor-button-content-wrapper\">\n\t\t\t\t\t\t\t\t\t<span class=\"elementor-button-text\">Jetzt Probefahrt vereinbaren<\/span>\n\t\t\t\t\t<\/span>\n\t\t\t\t\t<\/a>\n\t\t\t\t<\/div>\n\t\t\t\t\t\t\t\t<\/div>\n\t\t\t\t<\/div>\n\t\t\t\t\t<\/div>\n\t\t<\/div>\n\t\t\t\t\t<\/div>\n\t\t<\/section>\n\t\t\t\t<\/div>\n\t\t","protected":false},"excerpt":{"rendered":"<p>D-MAX AUSTATTUNG DURCHDACHT BIS INS DETAIL Vom Regen- und Lichtsensor \u00fcber das Parkhilfesystem mit R\u00fcckfahrkamera bis hin zum h\u00f6hen- und weitenverstellbaren Lenkrad: Die umfangreiche D-MAX Ausstattung bietet Dir dank neuester Technologie mehr Nutzerfreundlichkeit, mehr Komfort und zus\u00e4tzliche Sicherheit. KOnnektivit\u00e4t &#038; Infotainment bleibe in verbindung Die intelligente Technologie von D-MAX verwandelt Ihren Innenraum in eine Schaltzentrale. [&hellip;]<\/p>\n","protected":false},"author":9,"featured_media":0,"parent":180,"menu_order":0,"comment_status":"closed","ping_status":"closed","template":"","meta":{"_acf_changed":false,"site-sidebar-layout":"no-sidebar","site-content-layout":"page-builder","ast-site-content-layout":"default","site-content-style":"default","site-sidebar-style":"default","ast-global-header-display":"","ast-banner-title-visibility":"","ast-main-header-display":"","ast-hfb-above-header-display":"","ast-hfb-below-header-display":"","ast-hfb-mobile-header-display":"","site-post-title":"disabled","ast-breadcrumbs-content":"","ast-featured-img":"disabled","footer-sml-layout":"","theme-transparent-header-meta":"default","adv-header-id-meta":"","stick-header-meta":"","header-above-stick-meta":"","header-main-stick-meta":"","header-below-stick-meta":"","astra-migrate-meta-layouts":"default","ast-page-background-enabled":"default","ast-page-background-meta":{"desktop":{"background-color":"","background-image":"","background-repeat":"repeat","background-position":"center center","background-size":"auto","background-attachment":"scroll","background-type":"","background-media":"","overlay-type":"","overlay-color":"","overlay-opacity":"","overlay-gradient":""},"tablet":{"background-color":"","background-image":"","background-repeat":"repeat","background-position":"center center","background-size":"auto","background-attachment":"scroll","background-type":"","background-media":"","overlay-type":"","overlay-color":"","overlay-opacity":"","overlay-gradient":""},"mobile":{"background-color":"","background-image":"","background-repeat":"repeat","background-position":"center center","background-size":"auto","background-attachment":"scroll","background-type":"","background-media":"","overlay-type":"","overlay-color":"","overlay-opacity":"","overlay-gradient":""}},"ast-content-background-meta":{"desktop":{"background-color":"var(--ast-global-color-5)","background-image":"","background-repeat":"repeat","background-position":"center center","background-size":"auto","background-attachment":"scroll","background-type":"","background-media":"","overlay-type":"","overlay-color":"","overlay-opacity":"","overlay-gradient":""},"tablet":{"background-color":"var(--ast-global-color-5)","background-image":"","background-repeat":"repeat","background-position":"center center","background-size":"auto","background-attachment":"scroll","background-type":"","background-media":"","overlay-type":"","overlay-color":"","overlay-opacity":"","overlay-gradient":""},"mobile":{"background-color":"var(--ast-global-color-5)","background-image":"","background-repeat":"repeat","background-position":"center center","background-size":"auto","background-attachment":"scroll","background-type":"","background-media":"","overlay-type":"","overlay-color":"","overlay-opacity":"","overlay-gradient":""}},"footnotes":""},"class_list":["post-364","page","type-page","status-publish","hentry"],"acf":[],"yoast_head":"<!-- This site is optimized with the Yoast SEO plugin v26.5 - https:\/\/yoast.com\/wordpress\/plugins\/seo\/ -->\n<title>ISUZU D-MAX Ausstattung | Autohaus G\u00fcnther GmbH<\/title>\n<meta name=\"description\" content=\"Alles rund um die Ausstattungsm\u00f6glichkeiten und Variationen finden Sie auf unser Produktseite zum ISUZU D-MAX.\" \/>\n<meta name=\"robots\" content=\"index, follow, max-snippet:-1, max-image-preview:large, max-video-preview:-1\" \/>\n<link rel=\"canonical\" href=\"https:\/\/guenther-gruppe.de\/isuzu\/d-max\/ausstattung\/\" \/>\n<meta property=\"og:locale\" content=\"de_DE\" \/>\n<meta property=\"og:type\" content=\"article\" \/>\n<meta property=\"og:title\" content=\"ISUZU D-MAX Ausstattung | Autohaus G\u00fcnther GmbH\" \/>\n<meta property=\"og:description\" content=\"Alles rund um die Ausstattungsm\u00f6glichkeiten und Variationen finden Sie auf unser Produktseite zum ISUZU D-MAX.\" \/>\n<meta property=\"og:url\" content=\"https:\/\/guenther-gruppe.de\/isuzu\/d-max\/ausstattung\/\" \/>\n<meta property=\"og:site_name\" content=\"Autohaus G\u00fcnther GmbH - ISUZU f\u00fcr Hamburg und Ahrensburg\" \/>\n<meta property=\"article:modified_time\" content=\"2022-08-12T15:11:57+00:00\" \/>\n<meta property=\"og:image\" content=\"https:\/\/guenther-gruppe.de\/isuzu\/wp-content\/uploads\/sites\/11\/2022\/07\/d-max-ausstattung-header.jpg\" \/>\n<meta name=\"twitter:card\" content=\"summary_large_image\" \/>\n<meta name=\"twitter:label1\" content=\"Gesch\u00e4tzte Lesezeit\" \/>\n\t<meta name=\"twitter:data1\" content=\"6\u00a0Minuten\" \/>\n<script type=\"application\/ld+json\" class=\"yoast-schema-graph\">{\"@context\":\"https:\/\/schema.org\",\"@graph\":[{\"@type\":\"WebPage\",\"@id\":\"https:\/\/guenther-gruppe.de\/isuzu\/d-max\/ausstattung\/\",\"url\":\"https:\/\/guenther-gruppe.de\/isuzu\/d-max\/ausstattung\/\",\"name\":\"ISUZU D-MAX Ausstattung | Autohaus G\u00fcnther GmbH\",\"isPartOf\":{\"@id\":\"https:\/\/guenther-gruppe.de\/isuzu\/#website\"},\"primaryImageOfPage\":{\"@id\":\"https:\/\/guenther-gruppe.de\/isuzu\/d-max\/ausstattung\/#primaryimage\"},\"image\":{\"@id\":\"https:\/\/guenther-gruppe.de\/isuzu\/d-max\/ausstattung\/#primaryimage\"},\"thumbnailUrl\":\"https:\/\/guenther-gruppe.de\/isuzu\/wp-content\/uploads\/sites\/11\/2022\/07\/d-max-ausstattung-header.jpg\",\"datePublished\":\"2022-07-12T08:47:00+00:00\",\"dateModified\":\"2022-08-12T15:11:57+00:00\",\"description\":\"Alles rund um die Ausstattungsm\u00f6glichkeiten und Variationen finden Sie auf unser Produktseite zum ISUZU D-MAX.\",\"breadcrumb\":{\"@id\":\"https:\/\/guenther-gruppe.de\/isuzu\/d-max\/ausstattung\/#breadcrumb\"},\"inLanguage\":\"de\",\"potentialAction\":[{\"@type\":\"ReadAction\",\"target\":[\"https:\/\/guenther-gruppe.de\/isuzu\/d-max\/ausstattung\/\"]}]},{\"@type\":\"ImageObject\",\"inLanguage\":\"de\",\"@id\":\"https:\/\/guenther-gruppe.de\/isuzu\/d-max\/ausstattung\/#primaryimage\",\"url\":\"https:\/\/guenther-gruppe.de\/isuzu\/wp-content\/uploads\/sites\/11\/2022\/07\/d-max-ausstattung-header.jpg\",\"contentUrl\":\"https:\/\/guenther-gruppe.de\/isuzu\/wp-content\/uploads\/sites\/11\/2022\/07\/d-max-ausstattung-header.jpg\",\"width\":1536,\"height\":477,\"caption\":\"Isuzu f\u00e4hrt im Gel\u00e4nde\"},{\"@type\":\"BreadcrumbList\",\"@id\":\"https:\/\/guenther-gruppe.de\/isuzu\/d-max\/ausstattung\/#breadcrumb\",\"itemListElement\":[{\"@type\":\"ListItem\",\"position\":1,\"name\":\"Startseite\",\"item\":\"https:\/\/guenther-gruppe.de\/isuzu\/\"},{\"@type\":\"ListItem\",\"position\":2,\"name\":\"D-MAX\",\"item\":\"https:\/\/guenther-gruppe.de\/isuzu\/d-max\/\"},{\"@type\":\"ListItem\",\"position\":3,\"name\":\"Ausstattung\"}]},{\"@type\":\"WebSite\",\"@id\":\"https:\/\/guenther-gruppe.de\/isuzu\/#website\",\"url\":\"https:\/\/guenther-gruppe.de\/isuzu\/\",\"name\":\"Autohaus G\u00fcnther GmbH - ISUZU f\u00fcr Hamburg und Ahrensburg\",\"description\":\"Wir sind Ihr ISUZU Vertrags- und Servicepartner f\u00fcr Hamburg und Ahrensburg\",\"publisher\":{\"@id\":\"https:\/\/guenther-gruppe.de\/isuzu\/#organization\"},\"potentialAction\":[{\"@type\":\"SearchAction\",\"target\":{\"@type\":\"EntryPoint\",\"urlTemplate\":\"https:\/\/guenther-gruppe.de\/isuzu\/?s={search_term_string}\"},\"query-input\":{\"@type\":\"PropertyValueSpecification\",\"valueRequired\":true,\"valueName\":\"search_term_string\"}}],\"inLanguage\":\"de\"},{\"@type\":\"Organization\",\"@id\":\"https:\/\/guenther-gruppe.de\/isuzu\/#organization\",\"name\":\"Autohaus G\u00fcnther GmbH - ISUZU f\u00fcr Hamburg und Ahrensburg\",\"url\":\"https:\/\/guenther-gruppe.de\/isuzu\/\",\"logo\":{\"@type\":\"ImageObject\",\"inLanguage\":\"de\",\"@id\":\"https:\/\/guenther-gruppe.de\/isuzu\/#\/schema\/logo\/image\/\",\"url\":\"https:\/\/guenther-gruppe.de\/isuzu\/wp-content\/uploads\/sites\/11\/2022\/06\/cropped-guenther_logo-isuzu.png\",\"contentUrl\":\"https:\/\/guenther-gruppe.de\/isuzu\/wp-content\/uploads\/sites\/11\/2022\/06\/cropped-guenther_logo-isuzu.png\",\"width\":1898,\"height\":400,\"caption\":\"Autohaus G\u00fcnther GmbH - ISUZU f\u00fcr Hamburg und Ahrensburg\"},\"image\":{\"@id\":\"https:\/\/guenther-gruppe.de\/isuzu\/#\/schema\/logo\/image\/\"}}]}<\/script>\n<!-- \/ Yoast SEO plugin. -->","yoast_head_json":{"title":"ISUZU D-MAX Ausstattung | Autohaus G\u00fcnther GmbH","description":"Alles rund um die Ausstattungsm\u00f6glichkeiten und Variationen finden Sie auf unser Produktseite zum ISUZU D-MAX.","robots":{"index":"index","follow":"follow","max-snippet":"max-snippet:-1","max-image-preview":"max-image-preview:large","max-video-preview":"max-video-preview:-1"},"canonical":"https:\/\/guenther-gruppe.de\/isuzu\/d-max\/ausstattung\/","og_locale":"de_DE","og_type":"article","og_title":"ISUZU D-MAX Ausstattung | Autohaus G\u00fcnther GmbH","og_description":"Alles rund um die Ausstattungsm\u00f6glichkeiten und Variationen finden Sie auf unser Produktseite zum ISUZU D-MAX.","og_url":"https:\/\/guenther-gruppe.de\/isuzu\/d-max\/ausstattung\/","og_site_name":"Autohaus G\u00fcnther GmbH - ISUZU f\u00fcr Hamburg und Ahrensburg","article_modified_time":"2022-08-12T15:11:57+00:00","og_image":[{"url":"https:\/\/guenther-gruppe.de\/isuzu\/wp-content\/uploads\/sites\/11\/2022\/07\/d-max-ausstattung-header.jpg","type":"","width":"","height":""}],"twitter_card":"summary_large_image","twitter_misc":{"Gesch\u00e4tzte Lesezeit":"6\u00a0Minuten"},"schema":{"@context":"https:\/\/schema.org","@graph":[{"@type":"WebPage","@id":"https:\/\/guenther-gruppe.de\/isuzu\/d-max\/ausstattung\/","url":"https:\/\/guenther-gruppe.de\/isuzu\/d-max\/ausstattung\/","name":"ISUZU D-MAX Ausstattung | Autohaus G\u00fcnther GmbH","isPartOf":{"@id":"https:\/\/guenther-gruppe.de\/isuzu\/#website"},"primaryImageOfPage":{"@id":"https:\/\/guenther-gruppe.de\/isuzu\/d-max\/ausstattung\/#primaryimage"},"image":{"@id":"https:\/\/guenther-gruppe.de\/isuzu\/d-max\/ausstattung\/#primaryimage"},"thumbnailUrl":"https:\/\/guenther-gruppe.de\/isuzu\/wp-content\/uploads\/sites\/11\/2022\/07\/d-max-ausstattung-header.jpg","datePublished":"2022-07-12T08:47:00+00:00","dateModified":"2022-08-12T15:11:57+00:00","description":"Alles rund um die Ausstattungsm\u00f6glichkeiten und Variationen finden Sie auf unser Produktseite zum ISUZU D-MAX.","breadcrumb":{"@id":"https:\/\/guenther-gruppe.de\/isuzu\/d-max\/ausstattung\/#breadcrumb"},"inLanguage":"de","potentialAction":[{"@type":"ReadAction","target":["https:\/\/guenther-gruppe.de\/isuzu\/d-max\/ausstattung\/"]}]},{"@type":"ImageObject","inLanguage":"de","@id":"https:\/\/guenther-gruppe.de\/isuzu\/d-max\/ausstattung\/#primaryimage","url":"https:\/\/guenther-gruppe.de\/isuzu\/wp-content\/uploads\/sites\/11\/2022\/07\/d-max-ausstattung-header.jpg","contentUrl":"https:\/\/guenther-gruppe.de\/isuzu\/wp-content\/uploads\/sites\/11\/2022\/07\/d-max-ausstattung-header.jpg","width":1536,"height":477,"caption":"Isuzu f\u00e4hrt im Gel\u00e4nde"},{"@type":"BreadcrumbList","@id":"https:\/\/guenther-gruppe.de\/isuzu\/d-max\/ausstattung\/#breadcrumb","itemListElement":[{"@type":"ListItem","position":1,"name":"Startseite","item":"https:\/\/guenther-gruppe.de\/isuzu\/"},{"@type":"ListItem","position":2,"name":"D-MAX","item":"https:\/\/guenther-gruppe.de\/isuzu\/d-max\/"},{"@type":"ListItem","position":3,"name":"Ausstattung"}]},{"@type":"WebSite","@id":"https:\/\/guenther-gruppe.de\/isuzu\/#website","url":"https:\/\/guenther-gruppe.de\/isuzu\/","name":"Autohaus G\u00fcnther GmbH - ISUZU f\u00fcr Hamburg und Ahrensburg","description":"Wir sind Ihr ISUZU Vertrags- und Servicepartner f\u00fcr Hamburg und Ahrensburg","publisher":{"@id":"https:\/\/guenther-gruppe.de\/isuzu\/#organization"},"potentialAction":[{"@type":"SearchAction","target":{"@type":"EntryPoint","urlTemplate":"https:\/\/guenther-gruppe.de\/isuzu\/?s={search_term_string}"},"query-input":{"@type":"PropertyValueSpecification","valueRequired":true,"valueName":"search_term_string"}}],"inLanguage":"de"},{"@type":"Organization","@id":"https:\/\/guenther-gruppe.de\/isuzu\/#organization","name":"Autohaus G\u00fcnther GmbH - ISUZU f\u00fcr Hamburg und Ahrensburg","url":"https:\/\/guenther-gruppe.de\/isuzu\/","logo":{"@type":"ImageObject","inLanguage":"de","@id":"https:\/\/guenther-gruppe.de\/isuzu\/#\/schema\/logo\/image\/","url":"https:\/\/guenther-gruppe.de\/isuzu\/wp-content\/uploads\/sites\/11\/2022\/06\/cropped-guenther_logo-isuzu.png","contentUrl":"https:\/\/guenther-gruppe.de\/isuzu\/wp-content\/uploads\/sites\/11\/2022\/06\/cropped-guenther_logo-isuzu.png","width":1898,"height":400,"caption":"Autohaus G\u00fcnther GmbH - ISUZU f\u00fcr Hamburg und Ahrensburg"},"image":{"@id":"https:\/\/guenther-gruppe.de\/isuzu\/#\/schema\/logo\/image\/"}}]}},"_links":{"self":[{"href":"https:\/\/guenther-gruppe.de\/isuzu\/wp-json\/wp\/v2\/pages\/364","targetHints":{"allow":["GET"]}}],"collection":[{"href":"https:\/\/guenther-gruppe.de\/isuzu\/wp-json\/wp\/v2\/pages"}],"about":[{"href":"https:\/\/guenther-gruppe.de\/isuzu\/wp-json\/wp\/v2\/types\/page"}],"author":[{"embeddable":true,"href":"https:\/\/guenther-gruppe.de\/isuzu\/wp-json\/wp\/v2\/users\/9"}],"replies":[{"embeddable":true,"href":"https:\/\/guenther-gruppe.de\/isuzu\/wp-json\/wp\/v2\/comments?post=364"}],"version-history":[{"count":4,"href":"https:\/\/guenther-gruppe.de\/isuzu\/wp-json\/wp\/v2\/pages\/364\/revisions"}],"predecessor-version":[{"id":4945,"href":"https:\/\/guenther-gruppe.de\/isuzu\/wp-json\/wp\/v2\/pages\/364\/revisions\/4945"}],"up":[{"embeddable":true,"href":"https:\/\/guenther-gruppe.de\/isuzu\/wp-json\/wp\/v2\/pages\/180"}],"wp:attachment":[{"href":"https:\/\/guenther-gruppe.de\/isuzu\/wp-json\/wp\/v2\/media?parent=364"}],"curies":[{"name":"wp","href":"https:\/\/api.w.org\/{rel}","templated":true}]}}